{"id":23261,"date":"2024-06-13T13:03:10","date_gmt":"2024-06-13T16:03:10","guid":{"rendered":"https:\/\/agenciacarcara.com.br\/marketingagronegocio\/?post_type=cpt_portfolio&#038;p=23261"},"modified":"2024-06-19T09:17:52","modified_gmt":"2024-06-19T12:17:52","slug":"criacao-logo-nutrypan-fabrica-de-paes-artesanais","status":"publish","type":"cpt_portfolio","link":"https:\/\/agenciacarcara.com.br\/marketingagronegocio\/portfolio\/criacao-logo-nutrypan-fabrica-de-paes-artesanais\/","title":{"rendered":"Cria\u00e7\u00e3o logo Nutrypan F\u00e1brica de P\u00e3es Artesanais"},"content":{"rendered":"\n<h2 class=\"wp-block-heading\">Apresentamos aqui o conceito da cria\u00e7\u00e3o da marca da f\u00e1brica de p\u00e3es integrais NutryPan, papelaria, comunica\u00e7\u00e3o organizacional e fotografia publicit\u00e1ria em Bras\u00edlia.<\/h2>\n\n\n\n<p>Mais do que uma nova\u00a0<a href=\"https:\/\/agenciacarcara.com.br\/marketingagronegocio\/services\/growth-marketing-para-o-agronegocio\/\"><strong><em>identidade visual<\/em><\/strong><\/a>\u00a0a nova logo da f\u00e1brica de p\u00e3es integrais\u00a0<strong>NUTRY PAN<\/strong>\u00a0representa um novo momento no qual a empresa est\u00e1 passando. Esta necessidade surge a partir do crescimento e ascens\u00e3o dentro de um mercado altamente concorrido de p\u00e3es integrais do Distrito Federal, por isso \u00e9 um momento de otimizar, simplificar e potencializar todas as a\u00e7\u00f5es da empresa, momento ideal para fazer o\u00a0<a href=\"https:\/\/agenciacarcara.com.br\/marketingagronegocio\/services\/branding-no-agromarketing\/\"><em>branding<\/em><\/a>. Entre elas est\u00e1 a maneira como ela \u00e9 apresentada para os seus clientes e representantes.<\/p>\n\n\n\n<p>O termo&nbsp;<strong>NUTRY<\/strong>&nbsp;representa o que \u00e9 nutritivo, o que faz bem nos garantindo bem estar, a fonte de energia e vitalidade para uma vida saud\u00e1vel.<\/p>\n\n\n\n<figure class=\"wp-block-image size-full\"><img fetchpriority=\"high\" decoding=\"async\" width=\"853\" height=\"501\" src=\"http:\/\/agenciacarcara.com.br\/marketingagronegocio\/wp-content\/uploads\/2024\/06\/A-importancia-da-embalagem-para-um-produto-ou-marca-nutrypan-branding-7.jpg\" alt=\"\" class=\"wp-image-23269\" srcset=\"https:\/\/agenciacarcara.com.br\/marketingagronegocio\/wp-content\/uploads\/2024\/06\/A-importancia-da-embalagem-para-um-produto-ou-marca-nutrypan-branding-7.jpg 853w, https:\/\/agenciacarcara.com.br\/marketingagronegocio\/wp-content\/uploads\/2024\/06\/A-importancia-da-embalagem-para-um-produto-ou-marca-nutrypan-branding-7-300x176.jpg 300w, https:\/\/agenciacarcara.com.br\/marketingagronegocio\/wp-content\/uploads\/2024\/06\/A-importancia-da-embalagem-para-um-produto-ou-marca-nutrypan-branding-7-768x451.jpg 768w, https:\/\/agenciacarcara.com.br\/marketingagronegocio\/wp-content\/uploads\/2024\/06\/A-importancia-da-embalagem-para-um-produto-ou-marca-nutrypan-branding-7-370x217.jpg 370w, https:\/\/agenciacarcara.com.br\/marketingagronegocio\/wp-content\/uploads\/2024\/06\/A-importancia-da-embalagem-para-um-produto-ou-marca-nutrypan-branding-7-840x493.jpg 840w, https:\/\/agenciacarcara.com.br\/marketingagronegocio\/wp-content\/uploads\/2024\/06\/A-importancia-da-embalagem-para-um-produto-ou-marca-nutrypan-branding-7-410x241.jpg 410w\" sizes=\"(max-width: 853px) 100vw, 853px\" \/><\/figure>\n\n\n\n<p>J\u00e1 o termo&nbsp;<strong>PAN<\/strong>&nbsp;traz o forte significado do p\u00e3o, alimento sagrado desde dos prim\u00f3rdios das civiliza\u00e7\u00f5es, lembra ceia, partilha, se alimentar em fam\u00edlia, o alimento b\u00e1sico de todas os povos.<\/p>\n\n\n\n<p>Com base nas informa\u00e7\u00f5es acima, e tendo como foco esse novo momento da empresa, com a finalidade de sintetizar e simplificar a antiga logo, foi criada uma nova marca onde ela \u00e9 composta por duas elipses, uma dentro da outra. A maior, em vermelho, representa o conjunto de toda a sociedade e segunda elipse, que possui o contorno amarelo, \u00e9 o subconjunto da sociedade que prioriza a sa\u00fade, o bem estar e qualidade de vida, os cuidados com a alimenta\u00e7\u00e3o entre outros atributos e valores no qual a empresa&nbsp;<strong>NUTRY PAN&nbsp;<\/strong>defende e est\u00e1 inserida.<\/p>\n\n\n\n<p>A nova marca est\u00e1 assim diretamente ligada a Miss\u00e3o e Vis\u00e3o da empresa:<\/p>\n\n\n\n<blockquote class=\"wp-block-quote is-layout-flow wp-block-quote-is-layout-flow\">\n<p><strong><em>\u201cA miss\u00e3o da NUTRY PAN \u00e9 \u201csurpreender e conquistar consumidores e clientes que buscam o consumo de alimentos saud\u00e1veis e est\u00e3o preocupados com a qualidade de vida e bem estar. E para que isso seja real, a NUTRY PAN ouve e busca proximidade com seus clientes, fazendo-os sentirem se parte da fam\u00edlia NUTRY PAN.\u201d<\/em><\/strong><\/p>\n<cite>Ag\u00eancia Carcar\u00e1<\/cite><\/blockquote>\n\n\n\n<h3 class=\"wp-block-heading\">Abaixo temos a apresenta\u00e7\u00e3o da logo e tamb\u00e9m o Manual de Identidade Visual da nova marca<\/h3>\n","protected":false},"excerpt":{"rendered":"<p>Apresentamos aqui o conceito da cria\u00e7\u00e3o da marca da f\u00e1brica de p\u00e3es integrais NutryPan, papelaria, comunica\u00e7\u00e3o organizacional e fotografia publicit\u00e1ria em Bras\u00edlia. Mais do que uma nova\u00a0identidade visual\u00a0a nova logo&hellip;<\/p>\n","protected":false},"author":1,"featured_media":23268,"template":"","cpt_portfolio_group":[224,231],"class_list":["post-23261","cpt_portfolio","type-cpt_portfolio","status-publish","has-post-thumbnail","hentry","cpt_portfolio_group-criacao-de-logotipo","cpt_portfolio_group-nutrypan"],"yoast_head":"<!-- This site is optimized with the Yoast SEO plugin v27.4 - https:\/\/yoast.com\/product\/yoast-seo-wordpress\/ -->\n<title>Cria\u00e7\u00e3o logo Nutrypan F\u00e1brica de P\u00e3es Artesanais - Ag\u00eancia Carcar\u00e1 Marketing Agroneg\u00f3cio<\/title>\n<meta name=\"robots\" content=\"index, follow, max-snippet:-1, max-image-preview:large, max-video-preview:-1\" \/>\n<link rel=\"canonical\" href=\"https:\/\/agenciacarcara.com.br\/marketingagronegocio\/portfolio\/criacao-logo-nutrypan-fabrica-de-paes-artesanais\/\" \/>\n<meta property=\"og:locale\" content=\"en_US\" \/>\n<meta property=\"og:type\" content=\"article\" \/>\n<meta property=\"og:title\" content=\"Cria\u00e7\u00e3o logo Nutrypan F\u00e1brica de P\u00e3es Artesanais - Ag\u00eancia Carcar\u00e1 Marketing Agroneg\u00f3cio\" \/>\n<meta property=\"og:description\" content=\"Apresentamos aqui o conceito da cria\u00e7\u00e3o da marca da f\u00e1brica de p\u00e3es integrais NutryPan, papelaria, comunica\u00e7\u00e3o organizacional e fotografia publicit\u00e1ria em Bras\u00edlia. Mais do que uma nova\u00a0identidade visual\u00a0a nova logo&hellip;\" \/>\n<meta property=\"og:url\" content=\"https:\/\/agenciacarcara.com.br\/marketingagronegocio\/portfolio\/criacao-logo-nutrypan-fabrica-de-paes-artesanais\/\" \/>\n<meta property=\"og:site_name\" content=\"Ag\u00eancia Carcar\u00e1 Marketing Agroneg\u00f3cio\" \/>\n<meta property=\"article:publisher\" content=\"https:\/\/www.facebook.com\/agenciacarcarabr\" \/>\n<meta property=\"article:modified_time\" content=\"2024-06-19T12:17:52+00:00\" \/>\n<meta property=\"og:image\" content=\"http:\/\/agenciacarcara.com.br\/marketingagronegocio\/wp-content\/uploads\/2024\/06\/modernizacao-logo-nutrypan-paes-artesanais.jpg\" \/>\n\t<meta property=\"og:image:width\" content=\"1684\" \/>\n\t<meta property=\"og:image:height\" content=\"1191\" \/>\n\t<meta property=\"og:image:type\" content=\"image\/jpeg\" \/>\n<meta name=\"twitter:card\" content=\"summary_large_image\" \/>\n<meta name=\"twitter:site\" content=\"@agenciacarcara\" \/>\n<meta name=\"twitter:label1\" content=\"Est. reading time\" \/>\n\t<meta name=\"twitter:data1\" content=\"2 minutes\" \/>\n<script type=\"application\/ld+json\" class=\"yoast-schema-graph\">{\"@context\":\"https:\\\/\\\/schema.org\",\"@graph\":[{\"@type\":\"WebPage\",\"@id\":\"https:\\\/\\\/agenciacarcara.com.br\\\/marketingagronegocio\\\/portfolio\\\/criacao-logo-nutrypan-fabrica-de-paes-artesanais\\\/\",\"url\":\"https:\\\/\\\/agenciacarcara.com.br\\\/marketingagronegocio\\\/portfolio\\\/criacao-logo-nutrypan-fabrica-de-paes-artesanais\\\/\",\"name\":\"Cria\u00e7\u00e3o logo Nutrypan F\u00e1brica de P\u00e3es Artesanais - Ag\u00eancia Carcar\u00e1 Marketing Agroneg\u00f3cio\",\"isPartOf\":{\"@id\":\"https:\\\/\\\/agenciacarcara.com.br\\\/marketingagronegocio\\\/#website\"},\"primaryImageOfPage\":{\"@id\":\"https:\\\/\\\/agenciacarcara.com.br\\\/marketingagronegocio\\\/portfolio\\\/criacao-logo-nutrypan-fabrica-de-paes-artesanais\\\/#primaryimage\"},\"image\":{\"@id\":\"https:\\\/\\\/agenciacarcara.com.br\\\/marketingagronegocio\\\/portfolio\\\/criacao-logo-nutrypan-fabrica-de-paes-artesanais\\\/#primaryimage\"},\"thumbnailUrl\":\"https:\\\/\\\/agenciacarcara.com.br\\\/marketingagronegocio\\\/wp-content\\\/uploads\\\/2024\\\/06\\\/modernizacao-logo-nutrypan-paes-artesanais.jpg\",\"datePublished\":\"2024-06-13T16:03:10+00:00\",\"dateModified\":\"2024-06-19T12:17:52+00:00\",\"breadcrumb\":{\"@id\":\"https:\\\/\\\/agenciacarcara.com.br\\\/marketingagronegocio\\\/portfolio\\\/criacao-logo-nutrypan-fabrica-de-paes-artesanais\\\/#breadcrumb\"},\"inLanguage\":\"en-US\",\"potentialAction\":[{\"@type\":\"ReadAction\",\"target\":[\"https:\\\/\\\/agenciacarcara.com.br\\\/marketingagronegocio\\\/portfolio\\\/criacao-logo-nutrypan-fabrica-de-paes-artesanais\\\/\"]}]},{\"@type\":\"ImageObject\",\"inLanguage\":\"en-US\",\"@id\":\"https:\\\/\\\/agenciacarcara.com.br\\\/marketingagronegocio\\\/portfolio\\\/criacao-logo-nutrypan-fabrica-de-paes-artesanais\\\/#primaryimage\",\"url\":\"https:\\\/\\\/agenciacarcara.com.br\\\/marketingagronegocio\\\/wp-content\\\/uploads\\\/2024\\\/06\\\/modernizacao-logo-nutrypan-paes-artesanais.jpg\",\"contentUrl\":\"https:\\\/\\\/agenciacarcara.com.br\\\/marketingagronegocio\\\/wp-content\\\/uploads\\\/2024\\\/06\\\/modernizacao-logo-nutrypan-paes-artesanais.jpg\",\"width\":1684,\"height\":1191},{\"@type\":\"BreadcrumbList\",\"@id\":\"https:\\\/\\\/agenciacarcara.com.br\\\/marketingagronegocio\\\/portfolio\\\/criacao-logo-nutrypan-fabrica-de-paes-artesanais\\\/#breadcrumb\",\"itemListElement\":[{\"@type\":\"ListItem\",\"position\":1,\"name\":\"In\u00edcio\",\"item\":\"https:\\\/\\\/agenciacarcara.com.br\\\/marketingagronegocio\\\/\"},{\"@type\":\"ListItem\",\"position\":2,\"name\":\"Portfolio\",\"item\":\"https:\\\/\\\/agenciacarcara.com.br\\\/marketingagronegocio\\\/portfolio\\\/\"},{\"@type\":\"ListItem\",\"position\":3,\"name\":\"Cria\u00e7\u00e3o logo Nutrypan F\u00e1brica de P\u00e3es Artesanais\"}]},{\"@type\":\"WebSite\",\"@id\":\"https:\\\/\\\/agenciacarcara.com.br\\\/marketingagronegocio\\\/#website\",\"url\":\"https:\\\/\\\/agenciacarcara.com.br\\\/marketingagronegocio\\\/\",\"name\":\"Ag\u00eancia Carcar\u00e1 Marketing Agroneg\u00f3cio\",\"description\":\"\u00c9 a parceira estrat\u00e9gica no agromarketing e no digital que impulsiona o seu neg\u00f3cio no agroneg\u00f3cio e agroind\u00fastria.\",\"publisher\":{\"@id\":\"https:\\\/\\\/agenciacarcara.com.br\\\/marketingagronegocio\\\/#organization\"},\"potentialAction\":[{\"@type\":\"SearchAction\",\"target\":{\"@type\":\"EntryPoint\",\"urlTemplate\":\"https:\\\/\\\/agenciacarcara.com.br\\\/marketingagronegocio\\\/?s={search_term_string}\"},\"query-input\":{\"@type\":\"PropertyValueSpecification\",\"valueRequired\":true,\"valueName\":\"search_term_string\"}}],\"inLanguage\":\"en-US\"},{\"@type\":\"Organization\",\"@id\":\"https:\\\/\\\/agenciacarcara.com.br\\\/marketingagronegocio\\\/#organization\",\"name\":\"Ag\u00eancia Carcar\u00e1 Marketing Agroneg\u00f3cio\",\"url\":\"https:\\\/\\\/agenciacarcara.com.br\\\/marketingagronegocio\\\/\",\"logo\":{\"@type\":\"ImageObject\",\"inLanguage\":\"en-US\",\"@id\":\"https:\\\/\\\/agenciacarcara.com.br\\\/marketingagronegocio\\\/#\\\/schema\\\/logo\\\/image\\\/\",\"url\":\"https:\\\/\\\/agenciacarcara.com.br\\\/marketingagronegocio\\\/wp-content\\\/uploads\\\/2024\\\/05\\\/logo-3-retina-1.png\",\"contentUrl\":\"https:\\\/\\\/agenciacarcara.com.br\\\/marketingagronegocio\\\/wp-content\\\/uploads\\\/2024\\\/05\\\/logo-3-retina-1.png\",\"width\":346,\"height\":106,\"caption\":\"Ag\u00eancia Carcar\u00e1 Marketing Agroneg\u00f3cio\"},\"image\":{\"@id\":\"https:\\\/\\\/agenciacarcara.com.br\\\/marketingagronegocio\\\/#\\\/schema\\\/logo\\\/image\\\/\"},\"sameAs\":[\"https:\\\/\\\/www.facebook.com\\\/agenciacarcarabr\",\"https:\\\/\\\/x.com\\\/agenciacarcara\",\"https:\\\/\\\/www.youtube.com\\\/channel\\\/UCTre6VaKYncncM52UEA3eEw?sub_confirmation=1\",\"https:\\\/\\\/www.linkedin.com\\\/company-beta\\\/3599884\",\"https:\\\/\\\/instagram.com\\\/agenciacarcara\"]}]}<\/script>\n<!-- \/ Yoast SEO plugin. -->","yoast_head_json":{"title":"Cria\u00e7\u00e3o logo Nutrypan F\u00e1brica de P\u00e3es Artesanais - Ag\u00eancia Carcar\u00e1 Marketing Agroneg\u00f3cio","robots":{"index":"index","follow":"follow","max-snippet":"max-snippet:-1","max-image-preview":"max-image-preview:large","max-video-preview":"max-video-preview:-1"},"canonical":"https:\/\/agenciacarcara.com.br\/marketingagronegocio\/portfolio\/criacao-logo-nutrypan-fabrica-de-paes-artesanais\/","og_locale":"en_US","og_type":"article","og_title":"Cria\u00e7\u00e3o logo Nutrypan F\u00e1brica de P\u00e3es Artesanais - Ag\u00eancia Carcar\u00e1 Marketing Agroneg\u00f3cio","og_description":"Apresentamos aqui o conceito da cria\u00e7\u00e3o da marca da f\u00e1brica de p\u00e3es integrais NutryPan, papelaria, comunica\u00e7\u00e3o organizacional e fotografia publicit\u00e1ria em Bras\u00edlia. Mais do que uma nova\u00a0identidade visual\u00a0a nova logo&hellip;","og_url":"https:\/\/agenciacarcara.com.br\/marketingagronegocio\/portfolio\/criacao-logo-nutrypan-fabrica-de-paes-artesanais\/","og_site_name":"Ag\u00eancia Carcar\u00e1 Marketing Agroneg\u00f3cio","article_publisher":"https:\/\/www.facebook.com\/agenciacarcarabr","article_modified_time":"2024-06-19T12:17:52+00:00","og_image":[{"width":1684,"height":1191,"url":"http:\/\/agenciacarcara.com.br\/marketingagronegocio\/wp-content\/uploads\/2024\/06\/modernizacao-logo-nutrypan-paes-artesanais.jpg","type":"image\/jpeg"}],"twitter_card":"summary_large_image","twitter_site":"@agenciacarcara","twitter_misc":{"Est. reading time":"2 minutes"},"schema":{"@context":"https:\/\/schema.org","@graph":[{"@type":"WebPage","@id":"https:\/\/agenciacarcara.com.br\/marketingagronegocio\/portfolio\/criacao-logo-nutrypan-fabrica-de-paes-artesanais\/","url":"https:\/\/agenciacarcara.com.br\/marketingagronegocio\/portfolio\/criacao-logo-nutrypan-fabrica-de-paes-artesanais\/","name":"Cria\u00e7\u00e3o logo Nutrypan F\u00e1brica de P\u00e3es Artesanais - Ag\u00eancia Carcar\u00e1 Marketing Agroneg\u00f3cio","isPartOf":{"@id":"https:\/\/agenciacarcara.com.br\/marketingagronegocio\/#website"},"primaryImageOfPage":{"@id":"https:\/\/agenciacarcara.com.br\/marketingagronegocio\/portfolio\/criacao-logo-nutrypan-fabrica-de-paes-artesanais\/#primaryimage"},"image":{"@id":"https:\/\/agenciacarcara.com.br\/marketingagronegocio\/portfolio\/criacao-logo-nutrypan-fabrica-de-paes-artesanais\/#primaryimage"},"thumbnailUrl":"https:\/\/agenciacarcara.com.br\/marketingagronegocio\/wp-content\/uploads\/2024\/06\/modernizacao-logo-nutrypan-paes-artesanais.jpg","datePublished":"2024-06-13T16:03:10+00:00","dateModified":"2024-06-19T12:17:52+00:00","breadcrumb":{"@id":"https:\/\/agenciacarcara.com.br\/marketingagronegocio\/portfolio\/criacao-logo-nutrypan-fabrica-de-paes-artesanais\/#breadcrumb"},"inLanguage":"en-US","potentialAction":[{"@type":"ReadAction","target":["https:\/\/agenciacarcara.com.br\/marketingagronegocio\/portfolio\/criacao-logo-nutrypan-fabrica-de-paes-artesanais\/"]}]},{"@type":"ImageObject","inLanguage":"en-US","@id":"https:\/\/agenciacarcara.com.br\/marketingagronegocio\/portfolio\/criacao-logo-nutrypan-fabrica-de-paes-artesanais\/#primaryimage","url":"https:\/\/agenciacarcara.com.br\/marketingagronegocio\/wp-content\/uploads\/2024\/06\/modernizacao-logo-nutrypan-paes-artesanais.jpg","contentUrl":"https:\/\/agenciacarcara.com.br\/marketingagronegocio\/wp-content\/uploads\/2024\/06\/modernizacao-logo-nutrypan-paes-artesanais.jpg","width":1684,"height":1191},{"@type":"BreadcrumbList","@id":"https:\/\/agenciacarcara.com.br\/marketingagronegocio\/portfolio\/criacao-logo-nutrypan-fabrica-de-paes-artesanais\/#breadcrumb","itemListElement":[{"@type":"ListItem","position":1,"name":"In\u00edcio","item":"https:\/\/agenciacarcara.com.br\/marketingagronegocio\/"},{"@type":"ListItem","position":2,"name":"Portfolio","item":"https:\/\/agenciacarcara.com.br\/marketingagronegocio\/portfolio\/"},{"@type":"ListItem","position":3,"name":"Cria\u00e7\u00e3o logo Nutrypan F\u00e1brica de P\u00e3es Artesanais"}]},{"@type":"WebSite","@id":"https:\/\/agenciacarcara.com.br\/marketingagronegocio\/#website","url":"https:\/\/agenciacarcara.com.br\/marketingagronegocio\/","name":"Ag\u00eancia Carcar\u00e1 Marketing Agroneg\u00f3cio","description":"\u00c9 a parceira estrat\u00e9gica no agromarketing e no digital que impulsiona o seu neg\u00f3cio no agroneg\u00f3cio e agroind\u00fastria.","publisher":{"@id":"https:\/\/agenciacarcara.com.br\/marketingagronegocio\/#organization"},"potentialAction":[{"@type":"SearchAction","target":{"@type":"EntryPoint","urlTemplate":"https:\/\/agenciacarcara.com.br\/marketingagronegocio\/?s={search_term_string}"},"query-input":{"@type":"PropertyValueSpecification","valueRequired":true,"valueName":"search_term_string"}}],"inLanguage":"en-US"},{"@type":"Organization","@id":"https:\/\/agenciacarcara.com.br\/marketingagronegocio\/#organization","name":"Ag\u00eancia Carcar\u00e1 Marketing Agroneg\u00f3cio","url":"https:\/\/agenciacarcara.com.br\/marketingagronegocio\/","logo":{"@type":"ImageObject","inLanguage":"en-US","@id":"https:\/\/agenciacarcara.com.br\/marketingagronegocio\/#\/schema\/logo\/image\/","url":"https:\/\/agenciacarcara.com.br\/marketingagronegocio\/wp-content\/uploads\/2024\/05\/logo-3-retina-1.png","contentUrl":"https:\/\/agenciacarcara.com.br\/marketingagronegocio\/wp-content\/uploads\/2024\/05\/logo-3-retina-1.png","width":346,"height":106,"caption":"Ag\u00eancia Carcar\u00e1 Marketing Agroneg\u00f3cio"},"image":{"@id":"https:\/\/agenciacarcara.com.br\/marketingagronegocio\/#\/schema\/logo\/image\/"},"sameAs":["https:\/\/www.facebook.com\/agenciacarcarabr","https:\/\/x.com\/agenciacarcara","https:\/\/www.youtube.com\/channel\/UCTre6VaKYncncM52UEA3eEw?sub_confirmation=1","https:\/\/www.linkedin.com\/company-beta\/3599884","https:\/\/instagram.com\/agenciacarcara"]}]}},"_links":{"self":[{"href":"https:\/\/agenciacarcara.com.br\/marketingagronegocio\/wp-json\/wp\/v2\/cpt_portfolio\/23261","targetHints":{"allow":["GET"]}}],"collection":[{"href":"https:\/\/agenciacarcara.com.br\/marketingagronegocio\/wp-json\/wp\/v2\/cpt_portfolio"}],"about":[{"href":"https:\/\/agenciacarcara.com.br\/marketingagronegocio\/wp-json\/wp\/v2\/types\/cpt_portfolio"}],"author":[{"embeddable":true,"href":"https:\/\/agenciacarcara.com.br\/marketingagronegocio\/wp-json\/wp\/v2\/users\/1"}],"wp:featuredmedia":[{"embeddable":true,"href":"https:\/\/agenciacarcara.com.br\/marketingagronegocio\/wp-json\/wp\/v2\/media\/23268"}],"wp:attachment":[{"href":"https:\/\/agenciacarcara.com.br\/marketingagronegocio\/wp-json\/wp\/v2\/media?parent=23261"}],"wp:term":[{"taxonomy":"cpt_portfolio_group","embeddable":true,"href":"https:\/\/agenciacarcara.com.br\/marketingagronegocio\/wp-json\/wp\/v2\/cpt_portfolio_group?post=23261"}],"curies":[{"name":"wp","href":"https:\/\/api.w.org\/{rel}","templated":true}]}}