{"id":23302,"date":"2024-06-13T14:49:57","date_gmt":"2024-06-13T17:49:57","guid":{"rendered":"https:\/\/agenciacarcara.com.br\/marketingagronegocio\/?post_type=cpt_portfolio&#038;p=23302"},"modified":"2024-06-19T09:20:41","modified_gmt":"2024-06-19T12:20:41","slug":"ensaio-fotografico-publicitario-nutrypan-fabrica-de-paes-artesanais","status":"publish","type":"cpt_portfolio","link":"https:\/\/agenciacarcara.com.br\/marketingagronegocio\/portfolio\/ensaio-fotografico-publicitario-nutrypan-fabrica-de-paes-artesanais\/","title":{"rendered":"Ensaio Fotogr\u00e1fico Publicit\u00e1rio Nutrypan F\u00e1brica de P\u00e3es Artesanais"},"content":{"rendered":"\n<h2 class=\"wp-block-heading\"><strong>Ensaio Fotogr\u00e1fico Publicit\u00e1rio e Humanizado para NutryPan<\/strong> <\/h2>\n\n\n\n<p>A fotografia publicit\u00e1ria \u00e9 uma arte meticulosa, <a href=\"https:\/\/agenciacarcara.com.br\/marketingagronegocio\/services\/fotografia-publicitaria-para-o-agronegocio\/\">especialmente produzida para a promo\u00e7\u00e3o de produtos<\/a>. Ela transcende os limites do suporte escolhido pelo anunciante, abrangendo desde a m\u00eddia impressa \u2013 jornais, revistas, cartazes, outdoors e folhetos \u2013 at\u00e9 o audiovisual, com multivis\u00f5es e an\u00fancios exibidos na televis\u00e3o ou no cinema. A concep\u00e7\u00e3o inicial da imagem \u00e9 cuidadosamente delineada pelo diretor de arte Raul Evaristo da Ag\u00eancia Carcar\u00e1, respons\u00e1vel pela conta do cliente. A execu\u00e7\u00e3o fotogr\u00e1fica \u00e9 efetuada com o apoio de um produtor, Alexandre Augusto, que se encarrega de reunir todos os materiais necess\u00e1rios e, quando necess\u00e1rio, organiza pessoalmente os elementos que comp\u00f5em a cena.<\/p>\n\n\n\n<p>Espero que essa vers\u00e3o atenda \u00e0s suas expectativas! Se precisar de mais alguma coisa, estou \u00e0 disposi\u00e7\u00e3o. \ud83d\ude0a<\/p>\n\n\n\n<blockquote class=\"wp-block-quote is-layout-flow wp-block-quote-is-layout-flow\">\n<p><strong><em>\u201cA miss\u00e3o da NUTRY PAN \u00e9 \u201csurpreender e conquistar consumidores e clientes que buscam o consumo de alimentos saud\u00e1veis e est\u00e3o preocupados com a qualidade de vida e bem estar. E para que isso seja real, a NUTRY PAN ouve e busca proximidade com seus clientes, fazendo-os sentirem se parte da fam\u00edlia NUTRY PAN.\u201d<\/em><\/strong><\/p>\n<cite>Ag\u00eancia Carcar\u00e1<\/cite><\/blockquote>\n\n\n\n<h3 class=\"wp-block-heading\">Abaixo temos algumas imagens que foram captadas durante esse ensaio!<\/h3>\n","protected":false},"excerpt":{"rendered":"<p>Ensaio Fotogr\u00e1fico Publicit\u00e1rio e Humanizado para NutryPan A fotografia publicit\u00e1ria \u00e9 uma arte meticulosa, especialmente produzida para a promo\u00e7\u00e3o de produtos. Ela transcende os limites do suporte escolhido pelo anunciante,&hellip;<\/p>\n","protected":false},"author":1,"featured_media":23304,"template":"","cpt_portfolio_group":[226,231],"class_list":["post-23302","cpt_portfolio","type-cpt_portfolio","status-publish","has-post-thumbnail","hentry","cpt_portfolio_group-fotografia-publicitaria","cpt_portfolio_group-nutrypan"],"yoast_head":"<!-- This site is optimized with the Yoast SEO plugin v27.4 - https:\/\/yoast.com\/product\/yoast-seo-wordpress\/ -->\n<title>Ensaio Fotogr\u00e1fico Publicit\u00e1rio Nutrypan F\u00e1brica de P\u00e3es Artesanais - Ag\u00eancia Carcar\u00e1 Marketing Agroneg\u00f3cio<\/title>\n<meta name=\"robots\" content=\"index, follow, max-snippet:-1, max-image-preview:large, max-video-preview:-1\" \/>\n<link rel=\"canonical\" href=\"https:\/\/agenciacarcara.com.br\/marketingagronegocio\/portfolio\/ensaio-fotografico-publicitario-nutrypan-fabrica-de-paes-artesanais\/\" \/>\n<meta property=\"og:locale\" content=\"en_US\" \/>\n<meta property=\"og:type\" content=\"article\" \/>\n<meta property=\"og:title\" content=\"Ensaio Fotogr\u00e1fico Publicit\u00e1rio Nutrypan F\u00e1brica de P\u00e3es Artesanais - Ag\u00eancia Carcar\u00e1 Marketing Agroneg\u00f3cio\" \/>\n<meta property=\"og:description\" content=\"Ensaio Fotogr\u00e1fico Publicit\u00e1rio e Humanizado para NutryPan A fotografia publicit\u00e1ria \u00e9 uma arte meticulosa, especialmente produzida para a promo\u00e7\u00e3o de produtos. Ela transcende os limites do suporte escolhido pelo anunciante,&hellip;\" \/>\n<meta property=\"og:url\" content=\"https:\/\/agenciacarcara.com.br\/marketingagronegocio\/portfolio\/ensaio-fotografico-publicitario-nutrypan-fabrica-de-paes-artesanais\/\" \/>\n<meta property=\"og:site_name\" content=\"Ag\u00eancia Carcar\u00e1 Marketing Agroneg\u00f3cio\" \/>\n<meta property=\"article:publisher\" content=\"https:\/\/www.facebook.com\/agenciacarcarabr\" \/>\n<meta property=\"article:modified_time\" content=\"2024-06-19T12:20:41+00:00\" \/>\n<meta property=\"og:image\" content=\"http:\/\/agenciacarcara.com.br\/marketingagronegocio\/wp-content\/uploads\/2024\/06\/ensaio-fotografico-publicitario-agro-industria-nutrypan-paes-artesanais.jpg\" \/>\n\t<meta property=\"og:image:width\" content=\"1684\" \/>\n\t<meta property=\"og:image:height\" content=\"933\" \/>\n\t<meta property=\"og:image:type\" content=\"image\/jpeg\" \/>\n<meta name=\"twitter:card\" content=\"summary_large_image\" \/>\n<meta name=\"twitter:site\" content=\"@agenciacarcara\" \/>\n<meta name=\"twitter:label1\" content=\"Est. reading time\" \/>\n\t<meta name=\"twitter:data1\" content=\"1 minute\" \/>\n<script type=\"application\/ld+json\" class=\"yoast-schema-graph\">{\"@context\":\"https:\\\/\\\/schema.org\",\"@graph\":[{\"@type\":\"WebPage\",\"@id\":\"https:\\\/\\\/agenciacarcara.com.br\\\/marketingagronegocio\\\/portfolio\\\/ensaio-fotografico-publicitario-nutrypan-fabrica-de-paes-artesanais\\\/\",\"url\":\"https:\\\/\\\/agenciacarcara.com.br\\\/marketingagronegocio\\\/portfolio\\\/ensaio-fotografico-publicitario-nutrypan-fabrica-de-paes-artesanais\\\/\",\"name\":\"Ensaio Fotogr\u00e1fico Publicit\u00e1rio Nutrypan F\u00e1brica de P\u00e3es Artesanais - Ag\u00eancia Carcar\u00e1 Marketing Agroneg\u00f3cio\",\"isPartOf\":{\"@id\":\"https:\\\/\\\/agenciacarcara.com.br\\\/marketingagronegocio\\\/#website\"},\"primaryImageOfPage\":{\"@id\":\"https:\\\/\\\/agenciacarcara.com.br\\\/marketingagronegocio\\\/portfolio\\\/ensaio-fotografico-publicitario-nutrypan-fabrica-de-paes-artesanais\\\/#primaryimage\"},\"image\":{\"@id\":\"https:\\\/\\\/agenciacarcara.com.br\\\/marketingagronegocio\\\/portfolio\\\/ensaio-fotografico-publicitario-nutrypan-fabrica-de-paes-artesanais\\\/#primaryimage\"},\"thumbnailUrl\":\"https:\\\/\\\/agenciacarcara.com.br\\\/marketingagronegocio\\\/wp-content\\\/uploads\\\/2024\\\/06\\\/ensaio-fotografico-publicitario-agro-industria-nutrypan-paes-artesanais.jpg\",\"datePublished\":\"2024-06-13T17:49:57+00:00\",\"dateModified\":\"2024-06-19T12:20:41+00:00\",\"breadcrumb\":{\"@id\":\"https:\\\/\\\/agenciacarcara.com.br\\\/marketingagronegocio\\\/portfolio\\\/ensaio-fotografico-publicitario-nutrypan-fabrica-de-paes-artesanais\\\/#breadcrumb\"},\"inLanguage\":\"en-US\",\"potentialAction\":[{\"@type\":\"ReadAction\",\"target\":[\"https:\\\/\\\/agenciacarcara.com.br\\\/marketingagronegocio\\\/portfolio\\\/ensaio-fotografico-publicitario-nutrypan-fabrica-de-paes-artesanais\\\/\"]}]},{\"@type\":\"ImageObject\",\"inLanguage\":\"en-US\",\"@id\":\"https:\\\/\\\/agenciacarcara.com.br\\\/marketingagronegocio\\\/portfolio\\\/ensaio-fotografico-publicitario-nutrypan-fabrica-de-paes-artesanais\\\/#primaryimage\",\"url\":\"https:\\\/\\\/agenciacarcara.com.br\\\/marketingagronegocio\\\/wp-content\\\/uploads\\\/2024\\\/06\\\/ensaio-fotografico-publicitario-agro-industria-nutrypan-paes-artesanais.jpg\",\"contentUrl\":\"https:\\\/\\\/agenciacarcara.com.br\\\/marketingagronegocio\\\/wp-content\\\/uploads\\\/2024\\\/06\\\/ensaio-fotografico-publicitario-agro-industria-nutrypan-paes-artesanais.jpg\",\"width\":1684,\"height\":933},{\"@type\":\"BreadcrumbList\",\"@id\":\"https:\\\/\\\/agenciacarcara.com.br\\\/marketingagronegocio\\\/portfolio\\\/ensaio-fotografico-publicitario-nutrypan-fabrica-de-paes-artesanais\\\/#breadcrumb\",\"itemListElement\":[{\"@type\":\"ListItem\",\"position\":1,\"name\":\"In\u00edcio\",\"item\":\"https:\\\/\\\/agenciacarcara.com.br\\\/marketingagronegocio\\\/\"},{\"@type\":\"ListItem\",\"position\":2,\"name\":\"Portfolio\",\"item\":\"https:\\\/\\\/agenciacarcara.com.br\\\/marketingagronegocio\\\/portfolio\\\/\"},{\"@type\":\"ListItem\",\"position\":3,\"name\":\"Ensaio Fotogr\u00e1fico Publicit\u00e1rio Nutrypan F\u00e1brica de P\u00e3es Artesanais\"}]},{\"@type\":\"WebSite\",\"@id\":\"https:\\\/\\\/agenciacarcara.com.br\\\/marketingagronegocio\\\/#website\",\"url\":\"https:\\\/\\\/agenciacarcara.com.br\\\/marketingagronegocio\\\/\",\"name\":\"Ag\u00eancia Carcar\u00e1 Marketing Agroneg\u00f3cio\",\"description\":\"\u00c9 a parceira estrat\u00e9gica no agromarketing e no digital que impulsiona o seu neg\u00f3cio no agroneg\u00f3cio e agroind\u00fastria.\",\"publisher\":{\"@id\":\"https:\\\/\\\/agenciacarcara.com.br\\\/marketingagronegocio\\\/#organization\"},\"potentialAction\":[{\"@type\":\"SearchAction\",\"target\":{\"@type\":\"EntryPoint\",\"urlTemplate\":\"https:\\\/\\\/agenciacarcara.com.br\\\/marketingagronegocio\\\/?s={search_term_string}\"},\"query-input\":{\"@type\":\"PropertyValueSpecification\",\"valueRequired\":true,\"valueName\":\"search_term_string\"}}],\"inLanguage\":\"en-US\"},{\"@type\":\"Organization\",\"@id\":\"https:\\\/\\\/agenciacarcara.com.br\\\/marketingagronegocio\\\/#organization\",\"name\":\"Ag\u00eancia Carcar\u00e1 Marketing Agroneg\u00f3cio\",\"url\":\"https:\\\/\\\/agenciacarcara.com.br\\\/marketingagronegocio\\\/\",\"logo\":{\"@type\":\"ImageObject\",\"inLanguage\":\"en-US\",\"@id\":\"https:\\\/\\\/agenciacarcara.com.br\\\/marketingagronegocio\\\/#\\\/schema\\\/logo\\\/image\\\/\",\"url\":\"https:\\\/\\\/agenciacarcara.com.br\\\/marketingagronegocio\\\/wp-content\\\/uploads\\\/2024\\\/05\\\/logo-3-retina-1.png\",\"contentUrl\":\"https:\\\/\\\/agenciacarcara.com.br\\\/marketingagronegocio\\\/wp-content\\\/uploads\\\/2024\\\/05\\\/logo-3-retina-1.png\",\"width\":346,\"height\":106,\"caption\":\"Ag\u00eancia Carcar\u00e1 Marketing Agroneg\u00f3cio\"},\"image\":{\"@id\":\"https:\\\/\\\/agenciacarcara.com.br\\\/marketingagronegocio\\\/#\\\/schema\\\/logo\\\/image\\\/\"},\"sameAs\":[\"https:\\\/\\\/www.facebook.com\\\/agenciacarcarabr\",\"https:\\\/\\\/x.com\\\/agenciacarcara\",\"https:\\\/\\\/www.youtube.com\\\/channel\\\/UCTre6VaKYncncM52UEA3eEw?sub_confirmation=1\",\"https:\\\/\\\/www.linkedin.com\\\/company-beta\\\/3599884\",\"https:\\\/\\\/instagram.com\\\/agenciacarcara\"]}]}<\/script>\n<!-- \/ Yoast SEO plugin. -->","yoast_head_json":{"title":"Ensaio Fotogr\u00e1fico Publicit\u00e1rio Nutrypan F\u00e1brica de P\u00e3es Artesanais - Ag\u00eancia Carcar\u00e1 Marketing Agroneg\u00f3cio","robots":{"index":"index","follow":"follow","max-snippet":"max-snippet:-1","max-image-preview":"max-image-preview:large","max-video-preview":"max-video-preview:-1"},"canonical":"https:\/\/agenciacarcara.com.br\/marketingagronegocio\/portfolio\/ensaio-fotografico-publicitario-nutrypan-fabrica-de-paes-artesanais\/","og_locale":"en_US","og_type":"article","og_title":"Ensaio Fotogr\u00e1fico Publicit\u00e1rio Nutrypan F\u00e1brica de P\u00e3es Artesanais - Ag\u00eancia Carcar\u00e1 Marketing Agroneg\u00f3cio","og_description":"Ensaio Fotogr\u00e1fico Publicit\u00e1rio e Humanizado para NutryPan A fotografia publicit\u00e1ria \u00e9 uma arte meticulosa, especialmente produzida para a promo\u00e7\u00e3o de produtos. Ela transcende os limites do suporte escolhido pelo anunciante,&hellip;","og_url":"https:\/\/agenciacarcara.com.br\/marketingagronegocio\/portfolio\/ensaio-fotografico-publicitario-nutrypan-fabrica-de-paes-artesanais\/","og_site_name":"Ag\u00eancia Carcar\u00e1 Marketing Agroneg\u00f3cio","article_publisher":"https:\/\/www.facebook.com\/agenciacarcarabr","article_modified_time":"2024-06-19T12:20:41+00:00","og_image":[{"width":1684,"height":933,"url":"http:\/\/agenciacarcara.com.br\/marketingagronegocio\/wp-content\/uploads\/2024\/06\/ensaio-fotografico-publicitario-agro-industria-nutrypan-paes-artesanais.jpg","type":"image\/jpeg"}],"twitter_card":"summary_large_image","twitter_site":"@agenciacarcara","twitter_misc":{"Est. reading time":"1 minute"},"schema":{"@context":"https:\/\/schema.org","@graph":[{"@type":"WebPage","@id":"https:\/\/agenciacarcara.com.br\/marketingagronegocio\/portfolio\/ensaio-fotografico-publicitario-nutrypan-fabrica-de-paes-artesanais\/","url":"https:\/\/agenciacarcara.com.br\/marketingagronegocio\/portfolio\/ensaio-fotografico-publicitario-nutrypan-fabrica-de-paes-artesanais\/","name":"Ensaio Fotogr\u00e1fico Publicit\u00e1rio Nutrypan F\u00e1brica de P\u00e3es Artesanais - Ag\u00eancia Carcar\u00e1 Marketing Agroneg\u00f3cio","isPartOf":{"@id":"https:\/\/agenciacarcara.com.br\/marketingagronegocio\/#website"},"primaryImageOfPage":{"@id":"https:\/\/agenciacarcara.com.br\/marketingagronegocio\/portfolio\/ensaio-fotografico-publicitario-nutrypan-fabrica-de-paes-artesanais\/#primaryimage"},"image":{"@id":"https:\/\/agenciacarcara.com.br\/marketingagronegocio\/portfolio\/ensaio-fotografico-publicitario-nutrypan-fabrica-de-paes-artesanais\/#primaryimage"},"thumbnailUrl":"https:\/\/agenciacarcara.com.br\/marketingagronegocio\/wp-content\/uploads\/2024\/06\/ensaio-fotografico-publicitario-agro-industria-nutrypan-paes-artesanais.jpg","datePublished":"2024-06-13T17:49:57+00:00","dateModified":"2024-06-19T12:20:41+00:00","breadcrumb":{"@id":"https:\/\/agenciacarcara.com.br\/marketingagronegocio\/portfolio\/ensaio-fotografico-publicitario-nutrypan-fabrica-de-paes-artesanais\/#breadcrumb"},"inLanguage":"en-US","potentialAction":[{"@type":"ReadAction","target":["https:\/\/agenciacarcara.com.br\/marketingagronegocio\/portfolio\/ensaio-fotografico-publicitario-nutrypan-fabrica-de-paes-artesanais\/"]}]},{"@type":"ImageObject","inLanguage":"en-US","@id":"https:\/\/agenciacarcara.com.br\/marketingagronegocio\/portfolio\/ensaio-fotografico-publicitario-nutrypan-fabrica-de-paes-artesanais\/#primaryimage","url":"https:\/\/agenciacarcara.com.br\/marketingagronegocio\/wp-content\/uploads\/2024\/06\/ensaio-fotografico-publicitario-agro-industria-nutrypan-paes-artesanais.jpg","contentUrl":"https:\/\/agenciacarcara.com.br\/marketingagronegocio\/wp-content\/uploads\/2024\/06\/ensaio-fotografico-publicitario-agro-industria-nutrypan-paes-artesanais.jpg","width":1684,"height":933},{"@type":"BreadcrumbList","@id":"https:\/\/agenciacarcara.com.br\/marketingagronegocio\/portfolio\/ensaio-fotografico-publicitario-nutrypan-fabrica-de-paes-artesanais\/#breadcrumb","itemListElement":[{"@type":"ListItem","position":1,"name":"In\u00edcio","item":"https:\/\/agenciacarcara.com.br\/marketingagronegocio\/"},{"@type":"ListItem","position":2,"name":"Portfolio","item":"https:\/\/agenciacarcara.com.br\/marketingagronegocio\/portfolio\/"},{"@type":"ListItem","position":3,"name":"Ensaio Fotogr\u00e1fico Publicit\u00e1rio Nutrypan F\u00e1brica de P\u00e3es Artesanais"}]},{"@type":"WebSite","@id":"https:\/\/agenciacarcara.com.br\/marketingagronegocio\/#website","url":"https:\/\/agenciacarcara.com.br\/marketingagronegocio\/","name":"Ag\u00eancia Carcar\u00e1 Marketing Agroneg\u00f3cio","description":"\u00c9 a parceira estrat\u00e9gica no agromarketing e no digital que impulsiona o seu neg\u00f3cio no agroneg\u00f3cio e agroind\u00fastria.","publisher":{"@id":"https:\/\/agenciacarcara.com.br\/marketingagronegocio\/#organization"},"potentialAction":[{"@type":"SearchAction","target":{"@type":"EntryPoint","urlTemplate":"https:\/\/agenciacarcara.com.br\/marketingagronegocio\/?s={search_term_string}"},"query-input":{"@type":"PropertyValueSpecification","valueRequired":true,"valueName":"search_term_string"}}],"inLanguage":"en-US"},{"@type":"Organization","@id":"https:\/\/agenciacarcara.com.br\/marketingagronegocio\/#organization","name":"Ag\u00eancia Carcar\u00e1 Marketing Agroneg\u00f3cio","url":"https:\/\/agenciacarcara.com.br\/marketingagronegocio\/","logo":{"@type":"ImageObject","inLanguage":"en-US","@id":"https:\/\/agenciacarcara.com.br\/marketingagronegocio\/#\/schema\/logo\/image\/","url":"https:\/\/agenciacarcara.com.br\/marketingagronegocio\/wp-content\/uploads\/2024\/05\/logo-3-retina-1.png","contentUrl":"https:\/\/agenciacarcara.com.br\/marketingagronegocio\/wp-content\/uploads\/2024\/05\/logo-3-retina-1.png","width":346,"height":106,"caption":"Ag\u00eancia Carcar\u00e1 Marketing Agroneg\u00f3cio"},"image":{"@id":"https:\/\/agenciacarcara.com.br\/marketingagronegocio\/#\/schema\/logo\/image\/"},"sameAs":["https:\/\/www.facebook.com\/agenciacarcarabr","https:\/\/x.com\/agenciacarcara","https:\/\/www.youtube.com\/channel\/UCTre6VaKYncncM52UEA3eEw?sub_confirmation=1","https:\/\/www.linkedin.com\/company-beta\/3599884","https:\/\/instagram.com\/agenciacarcara"]}]}},"_links":{"self":[{"href":"https:\/\/agenciacarcara.com.br\/marketingagronegocio\/wp-json\/wp\/v2\/cpt_portfolio\/23302","targetHints":{"allow":["GET"]}}],"collection":[{"href":"https:\/\/agenciacarcara.com.br\/marketingagronegocio\/wp-json\/wp\/v2\/cpt_portfolio"}],"about":[{"href":"https:\/\/agenciacarcara.com.br\/marketingagronegocio\/wp-json\/wp\/v2\/types\/cpt_portfolio"}],"author":[{"embeddable":true,"href":"https:\/\/agenciacarcara.com.br\/marketingagronegocio\/wp-json\/wp\/v2\/users\/1"}],"wp:featuredmedia":[{"embeddable":true,"href":"https:\/\/agenciacarcara.com.br\/marketingagronegocio\/wp-json\/wp\/v2\/media\/23304"}],"wp:attachment":[{"href":"https:\/\/agenciacarcara.com.br\/marketingagronegocio\/wp-json\/wp\/v2\/media?parent=23302"}],"wp:term":[{"taxonomy":"cpt_portfolio_group","embeddable":true,"href":"https:\/\/agenciacarcara.com.br\/marketingagronegocio\/wp-json\/wp\/v2\/cpt_portfolio_group?post=23302"}],"curies":[{"name":"wp","href":"https:\/\/api.w.org\/{rel}","templated":true}]}}