{"id":23328,"date":"2024-06-13T15:21:05","date_gmt":"2024-06-13T18:21:05","guid":{"rendered":"https:\/\/agenciacarcara.com.br\/marketingagronegocio\/?post_type=cpt_portfolio&#038;p=23328"},"modified":"2024-06-19T09:17:41","modified_gmt":"2024-06-19T12:17:41","slug":"diagramacao-institucional-nutrypan-fabrica-de-paes-artesanais","status":"publish","type":"cpt_portfolio","link":"https:\/\/agenciacarcara.com.br\/marketingagronegocio\/portfolio\/diagramacao-institucional-nutrypan-fabrica-de-paes-artesanais\/","title":{"rendered":"Diagrama\u00e7\u00e3o Institucional Nutrypan F\u00e1brica de P\u00e3es Artesanais"},"content":{"rendered":"\n<h2 class=\"wp-block-heading\"><strong>Diagrama\u00e7\u00e3o de pe\u00e7as institucionais para NutryPan<\/strong><\/h2>\n\n\n\n<p><strong>Cria\u00e7\u00e3o da Papelaria e Identifica\u00e7\u00e3o Institucional Visual da NutryPan<\/strong><\/p>\n\n\n\n<p>A Ag\u00eancia Carcar\u00e1, com sua expertise em design e branding, foi escolhida para desenvolver a identidade visual da NutryPan. A cria\u00e7\u00e3o da papelaria \u00e9 um componente fundamental dessa identidade, pois serve como o primeiro ponto de contato com o cliente. A papelaria foi projetada com um estilo moderno e funcional, refletindo a qualidade e a inova\u00e7\u00e3o dos produtos da NutryPan.<\/p>\n\n\n\n<p><strong>Identifica\u00e7\u00e3o Institucional Visual<\/strong><\/p>\n\n\n\n<p>A identifica\u00e7\u00e3o institucional visual \u00e9 a representa\u00e7\u00e3o gr\u00e1fica que distingue a NutryPan de outras marcas. Ela inclui o logotipo, a paleta de cores, os tipografias e os <a href=\"https:\/\/agenciacarcara.com.br\/marketingagronegocio\/services\/branding-no-agromarketing\/\">elementos visuais que s\u00e3o consistentemente<\/a> aplicados em todos os materiais promocionais. A Ag\u00eancia Carcar\u00e1 garantiu que cada aspecto visual transmitisse a ess\u00eancia da marca: sustentabilidade, sa\u00fade e sabor aut\u00eantico.<\/p>\n\n\n\n<p><strong>Frota<\/strong><\/p>\n\n\n\n<p>A frota da NutryPan foi cuidadosamente selecionada para complementar a identidade visual da marca. Os ve\u00edculos s\u00e3o pintados com as cores oficiais da NutryPan e exibem o logotipo em destaque. Isso n\u00e3o apenas promove a marca em todo o pa\u00eds, mas tamb\u00e9m demonstra o compromisso da NutryPan com a presen\u00e7a ativa no mercado.<\/p>\n\n\n\n<p><strong>Branding<\/strong><\/p>\n\n\n\n<p>O branding \u00e9 o processo de construir uma imagem forte e reconhec\u00edvel para a NutryPan. A Ag\u00eancia Carcar\u00e1 trabalhou para criar uma narrativa que ressoasse com os valores da empresa e com os consumidores. O branding abrange desde a comunica\u00e7\u00e3o corporativa at\u00e9 o design dos produtos, garantindo que cada intera\u00e7\u00e3o com a marca seja positiva e memor\u00e1vel.<\/p>\n\n\n\n<p>Com essas iniciativas, a Ag\u00eancia Carcar\u00e1 ajudou a solidificar a posi\u00e7\u00e3o da NutryPan no mercado agroalimentar, tornando-a uma marca l\u00edder em qualidade e inova\u00e7\u00e3o.<\/p>\n\n\n\n<blockquote class=\"wp-block-quote is-layout-flow wp-block-quote-is-layout-flow\">\n<p><strong><em>\u201cA miss\u00e3o da NUTRY PAN \u00e9 \u201csurpreender e conquistar consumidores e clientes que buscam o consumo de alimentos saud\u00e1veis e est\u00e3o preocupados com a qualidade de vida e bem estar. E para que isso seja real, a NUTRY PAN ouve e busca proximidade com seus clientes, fazendo-os sentirem se parte da fam\u00edlia NUTRY PAN.\u201d<\/em><\/strong><\/p>\n<cite>Ag\u00eancia Carcar\u00e1<\/cite><\/blockquote>\n\n\n\n<h3 class=\"wp-block-heading\">Abaixo temos algumas imagens da sinaliza\u00e7\u00e3o institucional da Nutrypan!<\/h3>\n","protected":false},"excerpt":{"rendered":"<p>Diagrama\u00e7\u00e3o de pe\u00e7as institucionais para NutryPan Cria\u00e7\u00e3o da Papelaria e Identifica\u00e7\u00e3o Institucional Visual da NutryPan A Ag\u00eancia Carcar\u00e1, com sua expertise em design e branding, foi escolhida para desenvolver a&hellip;<\/p>\n","protected":false},"author":1,"featured_media":23329,"template":"","cpt_portfolio_group":[228,231],"class_list":["post-23328","cpt_portfolio","type-cpt_portfolio","status-publish","has-post-thumbnail","hentry","cpt_portfolio_group-diagramacao-institucional","cpt_portfolio_group-nutrypan"],"yoast_head":"<!-- This site is optimized with the Yoast SEO plugin v27.4 - https:\/\/yoast.com\/product\/yoast-seo-wordpress\/ -->\n<title>Diagrama\u00e7\u00e3o Institucional Nutrypan F\u00e1brica de P\u00e3es Artesanais - Ag\u00eancia Carcar\u00e1 Marketing Agroneg\u00f3cio<\/title>\n<meta name=\"robots\" content=\"index, follow, max-snippet:-1, max-image-preview:large, max-video-preview:-1\" \/>\n<link rel=\"canonical\" href=\"https:\/\/agenciacarcara.com.br\/marketingagronegocio\/portfolio\/diagramacao-institucional-nutrypan-fabrica-de-paes-artesanais\/\" \/>\n<meta property=\"og:locale\" content=\"en_US\" \/>\n<meta property=\"og:type\" content=\"article\" \/>\n<meta property=\"og:title\" content=\"Diagrama\u00e7\u00e3o Institucional Nutrypan F\u00e1brica de P\u00e3es Artesanais - Ag\u00eancia Carcar\u00e1 Marketing Agroneg\u00f3cio\" \/>\n<meta property=\"og:description\" content=\"Diagrama\u00e7\u00e3o de pe\u00e7as institucionais para NutryPan Cria\u00e7\u00e3o da Papelaria e Identifica\u00e7\u00e3o Institucional Visual da NutryPan A Ag\u00eancia Carcar\u00e1, com sua expertise em design e branding, foi escolhida para desenvolver a&hellip;\" \/>\n<meta property=\"og:url\" content=\"https:\/\/agenciacarcara.com.br\/marketingagronegocio\/portfolio\/diagramacao-institucional-nutrypan-fabrica-de-paes-artesanais\/\" \/>\n<meta property=\"og:site_name\" content=\"Ag\u00eancia Carcar\u00e1 Marketing Agroneg\u00f3cio\" \/>\n<meta property=\"article:publisher\" content=\"https:\/\/www.facebook.com\/agenciacarcarabr\" \/>\n<meta property=\"article:modified_time\" content=\"2024-06-19T12:17:41+00:00\" \/>\n<meta property=\"og:image\" content=\"http:\/\/agenciacarcara.com.br\/marketingagronegocio\/wp-content\/uploads\/2024\/06\/Criacao-da-Papelaria-e-Identificacao-Institucional-Visual-da-NutryPan.jpg\" \/>\n\t<meta property=\"og:image:width\" content=\"1684\" \/>\n\t<meta property=\"og:image:height\" content=\"933\" \/>\n\t<meta property=\"og:image:type\" content=\"image\/jpeg\" \/>\n<meta name=\"twitter:card\" content=\"summary_large_image\" \/>\n<meta name=\"twitter:site\" content=\"@agenciacarcara\" \/>\n<meta name=\"twitter:label1\" content=\"Est. reading time\" \/>\n\t<meta name=\"twitter:data1\" content=\"2 minutes\" \/>\n<script type=\"application\/ld+json\" class=\"yoast-schema-graph\">{\"@context\":\"https:\\\/\\\/schema.org\",\"@graph\":[{\"@type\":\"WebPage\",\"@id\":\"https:\\\/\\\/agenciacarcara.com.br\\\/marketingagronegocio\\\/portfolio\\\/diagramacao-institucional-nutrypan-fabrica-de-paes-artesanais\\\/\",\"url\":\"https:\\\/\\\/agenciacarcara.com.br\\\/marketingagronegocio\\\/portfolio\\\/diagramacao-institucional-nutrypan-fabrica-de-paes-artesanais\\\/\",\"name\":\"Diagrama\u00e7\u00e3o Institucional Nutrypan F\u00e1brica de P\u00e3es Artesanais - Ag\u00eancia Carcar\u00e1 Marketing Agroneg\u00f3cio\",\"isPartOf\":{\"@id\":\"https:\\\/\\\/agenciacarcara.com.br\\\/marketingagronegocio\\\/#website\"},\"primaryImageOfPage\":{\"@id\":\"https:\\\/\\\/agenciacarcara.com.br\\\/marketingagronegocio\\\/portfolio\\\/diagramacao-institucional-nutrypan-fabrica-de-paes-artesanais\\\/#primaryimage\"},\"image\":{\"@id\":\"https:\\\/\\\/agenciacarcara.com.br\\\/marketingagronegocio\\\/portfolio\\\/diagramacao-institucional-nutrypan-fabrica-de-paes-artesanais\\\/#primaryimage\"},\"thumbnailUrl\":\"https:\\\/\\\/agenciacarcara.com.br\\\/marketingagronegocio\\\/wp-content\\\/uploads\\\/2024\\\/06\\\/Criacao-da-Papelaria-e-Identificacao-Institucional-Visual-da-NutryPan.jpg\",\"datePublished\":\"2024-06-13T18:21:05+00:00\",\"dateModified\":\"2024-06-19T12:17:41+00:00\",\"breadcrumb\":{\"@id\":\"https:\\\/\\\/agenciacarcara.com.br\\\/marketingagronegocio\\\/portfolio\\\/diagramacao-institucional-nutrypan-fabrica-de-paes-artesanais\\\/#breadcrumb\"},\"inLanguage\":\"en-US\",\"potentialAction\":[{\"@type\":\"ReadAction\",\"target\":[\"https:\\\/\\\/agenciacarcara.com.br\\\/marketingagronegocio\\\/portfolio\\\/diagramacao-institucional-nutrypan-fabrica-de-paes-artesanais\\\/\"]}]},{\"@type\":\"ImageObject\",\"inLanguage\":\"en-US\",\"@id\":\"https:\\\/\\\/agenciacarcara.com.br\\\/marketingagronegocio\\\/portfolio\\\/diagramacao-institucional-nutrypan-fabrica-de-paes-artesanais\\\/#primaryimage\",\"url\":\"https:\\\/\\\/agenciacarcara.com.br\\\/marketingagronegocio\\\/wp-content\\\/uploads\\\/2024\\\/06\\\/Criacao-da-Papelaria-e-Identificacao-Institucional-Visual-da-NutryPan.jpg\",\"contentUrl\":\"https:\\\/\\\/agenciacarcara.com.br\\\/marketingagronegocio\\\/wp-content\\\/uploads\\\/2024\\\/06\\\/Criacao-da-Papelaria-e-Identificacao-Institucional-Visual-da-NutryPan.jpg\",\"width\":1684,\"height\":933},{\"@type\":\"BreadcrumbList\",\"@id\":\"https:\\\/\\\/agenciacarcara.com.br\\\/marketingagronegocio\\\/portfolio\\\/diagramacao-institucional-nutrypan-fabrica-de-paes-artesanais\\\/#breadcrumb\",\"itemListElement\":[{\"@type\":\"ListItem\",\"position\":1,\"name\":\"In\u00edcio\",\"item\":\"https:\\\/\\\/agenciacarcara.com.br\\\/marketingagronegocio\\\/\"},{\"@type\":\"ListItem\",\"position\":2,\"name\":\"Portfolio\",\"item\":\"https:\\\/\\\/agenciacarcara.com.br\\\/marketingagronegocio\\\/portfolio\\\/\"},{\"@type\":\"ListItem\",\"position\":3,\"name\":\"Diagrama\u00e7\u00e3o Institucional Nutrypan F\u00e1brica de P\u00e3es Artesanais\"}]},{\"@type\":\"WebSite\",\"@id\":\"https:\\\/\\\/agenciacarcara.com.br\\\/marketingagronegocio\\\/#website\",\"url\":\"https:\\\/\\\/agenciacarcara.com.br\\\/marketingagronegocio\\\/\",\"name\":\"Ag\u00eancia Carcar\u00e1 Marketing Agroneg\u00f3cio\",\"description\":\"\u00c9 a parceira estrat\u00e9gica no agromarketing e no digital que impulsiona o seu neg\u00f3cio no agroneg\u00f3cio e agroind\u00fastria.\",\"publisher\":{\"@id\":\"https:\\\/\\\/agenciacarcara.com.br\\\/marketingagronegocio\\\/#organization\"},\"potentialAction\":[{\"@type\":\"SearchAction\",\"target\":{\"@type\":\"EntryPoint\",\"urlTemplate\":\"https:\\\/\\\/agenciacarcara.com.br\\\/marketingagronegocio\\\/?s={search_term_string}\"},\"query-input\":{\"@type\":\"PropertyValueSpecification\",\"valueRequired\":true,\"valueName\":\"search_term_string\"}}],\"inLanguage\":\"en-US\"},{\"@type\":\"Organization\",\"@id\":\"https:\\\/\\\/agenciacarcara.com.br\\\/marketingagronegocio\\\/#organization\",\"name\":\"Ag\u00eancia Carcar\u00e1 Marketing Agroneg\u00f3cio\",\"url\":\"https:\\\/\\\/agenciacarcara.com.br\\\/marketingagronegocio\\\/\",\"logo\":{\"@type\":\"ImageObject\",\"inLanguage\":\"en-US\",\"@id\":\"https:\\\/\\\/agenciacarcara.com.br\\\/marketingagronegocio\\\/#\\\/schema\\\/logo\\\/image\\\/\",\"url\":\"https:\\\/\\\/agenciacarcara.com.br\\\/marketingagronegocio\\\/wp-content\\\/uploads\\\/2024\\\/05\\\/logo-3-retina-1.png\",\"contentUrl\":\"https:\\\/\\\/agenciacarcara.com.br\\\/marketingagronegocio\\\/wp-content\\\/uploads\\\/2024\\\/05\\\/logo-3-retina-1.png\",\"width\":346,\"height\":106,\"caption\":\"Ag\u00eancia Carcar\u00e1 Marketing Agroneg\u00f3cio\"},\"image\":{\"@id\":\"https:\\\/\\\/agenciacarcara.com.br\\\/marketingagronegocio\\\/#\\\/schema\\\/logo\\\/image\\\/\"},\"sameAs\":[\"https:\\\/\\\/www.facebook.com\\\/agenciacarcarabr\",\"https:\\\/\\\/x.com\\\/agenciacarcara\",\"https:\\\/\\\/www.youtube.com\\\/channel\\\/UCTre6VaKYncncM52UEA3eEw?sub_confirmation=1\",\"https:\\\/\\\/www.linkedin.com\\\/company-beta\\\/3599884\",\"https:\\\/\\\/instagram.com\\\/agenciacarcara\"]}]}<\/script>\n<!-- \/ Yoast SEO plugin. -->","yoast_head_json":{"title":"Diagrama\u00e7\u00e3o Institucional Nutrypan F\u00e1brica de P\u00e3es Artesanais - Ag\u00eancia Carcar\u00e1 Marketing Agroneg\u00f3cio","robots":{"index":"index","follow":"follow","max-snippet":"max-snippet:-1","max-image-preview":"max-image-preview:large","max-video-preview":"max-video-preview:-1"},"canonical":"https:\/\/agenciacarcara.com.br\/marketingagronegocio\/portfolio\/diagramacao-institucional-nutrypan-fabrica-de-paes-artesanais\/","og_locale":"en_US","og_type":"article","og_title":"Diagrama\u00e7\u00e3o Institucional Nutrypan F\u00e1brica de P\u00e3es Artesanais - Ag\u00eancia Carcar\u00e1 Marketing Agroneg\u00f3cio","og_description":"Diagrama\u00e7\u00e3o de pe\u00e7as institucionais para NutryPan Cria\u00e7\u00e3o da Papelaria e Identifica\u00e7\u00e3o Institucional Visual da NutryPan A Ag\u00eancia Carcar\u00e1, com sua expertise em design e branding, foi escolhida para desenvolver a&hellip;","og_url":"https:\/\/agenciacarcara.com.br\/marketingagronegocio\/portfolio\/diagramacao-institucional-nutrypan-fabrica-de-paes-artesanais\/","og_site_name":"Ag\u00eancia Carcar\u00e1 Marketing Agroneg\u00f3cio","article_publisher":"https:\/\/www.facebook.com\/agenciacarcarabr","article_modified_time":"2024-06-19T12:17:41+00:00","og_image":[{"width":1684,"height":933,"url":"http:\/\/agenciacarcara.com.br\/marketingagronegocio\/wp-content\/uploads\/2024\/06\/Criacao-da-Papelaria-e-Identificacao-Institucional-Visual-da-NutryPan.jpg","type":"image\/jpeg"}],"twitter_card":"summary_large_image","twitter_site":"@agenciacarcara","twitter_misc":{"Est. reading time":"2 minutes"},"schema":{"@context":"https:\/\/schema.org","@graph":[{"@type":"WebPage","@id":"https:\/\/agenciacarcara.com.br\/marketingagronegocio\/portfolio\/diagramacao-institucional-nutrypan-fabrica-de-paes-artesanais\/","url":"https:\/\/agenciacarcara.com.br\/marketingagronegocio\/portfolio\/diagramacao-institucional-nutrypan-fabrica-de-paes-artesanais\/","name":"Diagrama\u00e7\u00e3o Institucional Nutrypan F\u00e1brica de P\u00e3es Artesanais - Ag\u00eancia Carcar\u00e1 Marketing Agroneg\u00f3cio","isPartOf":{"@id":"https:\/\/agenciacarcara.com.br\/marketingagronegocio\/#website"},"primaryImageOfPage":{"@id":"https:\/\/agenciacarcara.com.br\/marketingagronegocio\/portfolio\/diagramacao-institucional-nutrypan-fabrica-de-paes-artesanais\/#primaryimage"},"image":{"@id":"https:\/\/agenciacarcara.com.br\/marketingagronegocio\/portfolio\/diagramacao-institucional-nutrypan-fabrica-de-paes-artesanais\/#primaryimage"},"thumbnailUrl":"https:\/\/agenciacarcara.com.br\/marketingagronegocio\/wp-content\/uploads\/2024\/06\/Criacao-da-Papelaria-e-Identificacao-Institucional-Visual-da-NutryPan.jpg","datePublished":"2024-06-13T18:21:05+00:00","dateModified":"2024-06-19T12:17:41+00:00","breadcrumb":{"@id":"https:\/\/agenciacarcara.com.br\/marketingagronegocio\/portfolio\/diagramacao-institucional-nutrypan-fabrica-de-paes-artesanais\/#breadcrumb"},"inLanguage":"en-US","potentialAction":[{"@type":"ReadAction","target":["https:\/\/agenciacarcara.com.br\/marketingagronegocio\/portfolio\/diagramacao-institucional-nutrypan-fabrica-de-paes-artesanais\/"]}]},{"@type":"ImageObject","inLanguage":"en-US","@id":"https:\/\/agenciacarcara.com.br\/marketingagronegocio\/portfolio\/diagramacao-institucional-nutrypan-fabrica-de-paes-artesanais\/#primaryimage","url":"https:\/\/agenciacarcara.com.br\/marketingagronegocio\/wp-content\/uploads\/2024\/06\/Criacao-da-Papelaria-e-Identificacao-Institucional-Visual-da-NutryPan.jpg","contentUrl":"https:\/\/agenciacarcara.com.br\/marketingagronegocio\/wp-content\/uploads\/2024\/06\/Criacao-da-Papelaria-e-Identificacao-Institucional-Visual-da-NutryPan.jpg","width":1684,"height":933},{"@type":"BreadcrumbList","@id":"https:\/\/agenciacarcara.com.br\/marketingagronegocio\/portfolio\/diagramacao-institucional-nutrypan-fabrica-de-paes-artesanais\/#breadcrumb","itemListElement":[{"@type":"ListItem","position":1,"name":"In\u00edcio","item":"https:\/\/agenciacarcara.com.br\/marketingagronegocio\/"},{"@type":"ListItem","position":2,"name":"Portfolio","item":"https:\/\/agenciacarcara.com.br\/marketingagronegocio\/portfolio\/"},{"@type":"ListItem","position":3,"name":"Diagrama\u00e7\u00e3o Institucional Nutrypan F\u00e1brica de P\u00e3es Artesanais"}]},{"@type":"WebSite","@id":"https:\/\/agenciacarcara.com.br\/marketingagronegocio\/#website","url":"https:\/\/agenciacarcara.com.br\/marketingagronegocio\/","name":"Ag\u00eancia Carcar\u00e1 Marketing Agroneg\u00f3cio","description":"\u00c9 a parceira estrat\u00e9gica no agromarketing e no digital que impulsiona o seu neg\u00f3cio no agroneg\u00f3cio e agroind\u00fastria.","publisher":{"@id":"https:\/\/agenciacarcara.com.br\/marketingagronegocio\/#organization"},"potentialAction":[{"@type":"SearchAction","target":{"@type":"EntryPoint","urlTemplate":"https:\/\/agenciacarcara.com.br\/marketingagronegocio\/?s={search_term_string}"},"query-input":{"@type":"PropertyValueSpecification","valueRequired":true,"valueName":"search_term_string"}}],"inLanguage":"en-US"},{"@type":"Organization","@id":"https:\/\/agenciacarcara.com.br\/marketingagronegocio\/#organization","name":"Ag\u00eancia Carcar\u00e1 Marketing Agroneg\u00f3cio","url":"https:\/\/agenciacarcara.com.br\/marketingagronegocio\/","logo":{"@type":"ImageObject","inLanguage":"en-US","@id":"https:\/\/agenciacarcara.com.br\/marketingagronegocio\/#\/schema\/logo\/image\/","url":"https:\/\/agenciacarcara.com.br\/marketingagronegocio\/wp-content\/uploads\/2024\/05\/logo-3-retina-1.png","contentUrl":"https:\/\/agenciacarcara.com.br\/marketingagronegocio\/wp-content\/uploads\/2024\/05\/logo-3-retina-1.png","width":346,"height":106,"caption":"Ag\u00eancia Carcar\u00e1 Marketing Agroneg\u00f3cio"},"image":{"@id":"https:\/\/agenciacarcara.com.br\/marketingagronegocio\/#\/schema\/logo\/image\/"},"sameAs":["https:\/\/www.facebook.com\/agenciacarcarabr","https:\/\/x.com\/agenciacarcara","https:\/\/www.youtube.com\/channel\/UCTre6VaKYncncM52UEA3eEw?sub_confirmation=1","https:\/\/www.linkedin.com\/company-beta\/3599884","https:\/\/instagram.com\/agenciacarcara"]}]}},"_links":{"self":[{"href":"https:\/\/agenciacarcara.com.br\/marketingagronegocio\/wp-json\/wp\/v2\/cpt_portfolio\/23328","targetHints":{"allow":["GET"]}}],"collection":[{"href":"https:\/\/agenciacarcara.com.br\/marketingagronegocio\/wp-json\/wp\/v2\/cpt_portfolio"}],"about":[{"href":"https:\/\/agenciacarcara.com.br\/marketingagronegocio\/wp-json\/wp\/v2\/types\/cpt_portfolio"}],"author":[{"embeddable":true,"href":"https:\/\/agenciacarcara.com.br\/marketingagronegocio\/wp-json\/wp\/v2\/users\/1"}],"wp:featuredmedia":[{"embeddable":true,"href":"https:\/\/agenciacarcara.com.br\/marketingagronegocio\/wp-json\/wp\/v2\/media\/23329"}],"wp:attachment":[{"href":"https:\/\/agenciacarcara.com.br\/marketingagronegocio\/wp-json\/wp\/v2\/media?parent=23328"}],"wp:term":[{"taxonomy":"cpt_portfolio_group","embeddable":true,"href":"https:\/\/agenciacarcara.com.br\/marketingagronegocio\/wp-json\/wp\/v2\/cpt_portfolio_group?post=23328"}],"curies":[{"name":"wp","href":"https:\/\/api.w.org\/{rel}","templated":true}]}}