{"id":23439,"date":"2024-06-19T11:01:55","date_gmt":"2024-06-19T14:01:55","guid":{"rendered":"https:\/\/agenciacarcara.com.br\/marketingagronegocio\/?post_type=cpt_portfolio&#038;p=23439"},"modified":"2024-06-19T11:01:55","modified_gmt":"2024-06-19T14:01:55","slug":"modernizacao-do-site-da-mineirao-sementes-para-pastagem","status":"publish","type":"cpt_portfolio","link":"https:\/\/agenciacarcara.com.br\/marketingagronegocio\/portfolio\/modernizacao-do-site-da-mineirao-sementes-para-pastagem\/","title":{"rendered":"Moderniza\u00e7\u00e3o do site da Mineir\u00e3o Sementes para Pastagem"},"content":{"rendered":"\n<p><strong>Moderniza\u00e7\u00e3o do site da empresa de agroneg\u00f3cio Sementes Mineir\u00e3o. Um dos pilares do\u00a0<a href=\"https:\/\/agenciacarcara.com.br\/marketingagronegocio\/services\/growth-marketing-para-o-agronegocio\/\">Marketing Digital<\/a>\u00a0para o Agroneg\u00f3cio e Agroind\u00fastria. Desenvolvemos um site em portugu\u00eas e outro em espanhol<\/strong><\/p>\n\n\n\n<p>Navegar pelo novo site da Sementes Mineir\u00e3o \u00e9 uma experi\u00eancia agrad\u00e1vel e intuitiva. O design clean e responsivo se adapta perfeitamente a diferentes dispositivos, proporcionando uma \u00f3tima usabilidade tanto em desktops quanto em tablets e smartphones. A estrutura do site \u00e9 bem organizada, facilitando a busca por informa\u00e7\u00f5es relevantes e produtos espec\u00edficos.<\/p>\n\n\n\n<p><strong>Destaques do Novo Website:<\/strong><\/p>\n\n\n\n<ul class=\"wp-block-list\">\n<li><strong>Identidade Visual Renovada:<\/strong> O novo website apresenta a identidade visual reformulada da Sementes Mineir\u00e3o, transmitindo modernidade, profissionalismo e confiabilidade.<\/li>\n\n\n\n<li><strong>Portf\u00f3lio Completo de Produtos:<\/strong> Acesse informa\u00e7\u00f5es detalhadas sobre todas as sementes de pastagem oferecidas pela empresa, incluindo caracter\u00edsticas t\u00e9cnicas, benef\u00edcios e aplica\u00e7\u00f5es recomendadas.<\/li>\n\n\n\n<li><strong>Se\u00e7\u00e3o de Not\u00edcias:<\/strong> Fique por dentro das \u00faltimas novidades do setor agropecu\u00e1rio e das a\u00e7\u00f5es da Sementes Mineir\u00e3o.<\/li>\n\n\n\n<li><strong>Materiais para Download:<\/strong> Baixe cat\u00e1logos, folders, artigos t\u00e9cnicos e outros materiais informativos sobre os produtos e servi\u00e7os da empresa.<\/li>\n\n\n\n<li><strong>Contato Facilitado:<\/strong> Encontre facilmente os canais de comunica\u00e7\u00e3o da Sementes Mineir\u00e3o para tirar d\u00favidas, solicitar or\u00e7amentos ou fazer neg\u00f3cios.<\/li>\n<\/ul>\n\n\n\n<h2 class=\"wp-block-heading\">Abaixo temos algumas imagens do site que foi desenvolvido para a Mineir\u00e3o<\/h2>\n\n\n\n<h2 class=\"wp-block-heading\">Site antigo da Mineir\u00e3o<\/h2>\n\n\n\n<figure class=\"wp-block-image size-large\"><img fetchpriority=\"high\" decoding=\"async\" width=\"612\" height=\"1024\" src=\"http:\/\/agenciacarcara.com.br\/marketingagronegocio\/wp-content\/uploads\/2024\/06\/criacao-site-agronegocio-agencia-carcara-agromarketing-semenes-mineirao-3-612x1024.jpg\" alt=\"A Sementes Mineir\u00e3o, empresa tradicional no agroneg\u00f3cio brasileiro, d\u00e1 mais um passo importante em sua jornada de moderniza\u00e7\u00e3o com o lan\u00e7amento de seu novo website em portugu\u00eas e espanhol. Desenvolvido pela Ag\u00eancia Carcar\u00e1, o site representa um marco na comunica\u00e7\u00e3o da empresa e reflete seu novo posicionamento de mercado, consolidando-a como refer\u00eancia em sementes de alta qualidade para pastagens.\" class=\"wp-image-23444\" srcset=\"https:\/\/agenciacarcara.com.br\/marketingagronegocio\/wp-content\/uploads\/2024\/06\/criacao-site-agronegocio-agencia-carcara-agromarketing-semenes-mineirao-3-612x1024.jpg 612w, https:\/\/agenciacarcara.com.br\/marketingagronegocio\/wp-content\/uploads\/2024\/06\/criacao-site-agronegocio-agencia-carcara-agromarketing-semenes-mineirao-3-179x300.jpg 179w, https:\/\/agenciacarcara.com.br\/marketingagronegocio\/wp-content\/uploads\/2024\/06\/criacao-site-agronegocio-agencia-carcara-agromarketing-semenes-mineirao-3-768x1286.jpg 768w, https:\/\/agenciacarcara.com.br\/marketingagronegocio\/wp-content\/uploads\/2024\/06\/criacao-site-agronegocio-agencia-carcara-agromarketing-semenes-mineirao-3-917x1536.jpg 917w, https:\/\/agenciacarcara.com.br\/marketingagronegocio\/wp-content\/uploads\/2024\/06\/criacao-site-agronegocio-agencia-carcara-agromarketing-semenes-mineirao-3-1223x2048.jpg 1223w, https:\/\/agenciacarcara.com.br\/marketingagronegocio\/wp-content\/uploads\/2024\/06\/criacao-site-agronegocio-agencia-carcara-agromarketing-semenes-mineirao-3-370x620.jpg 370w, https:\/\/agenciacarcara.com.br\/marketingagronegocio\/wp-content\/uploads\/2024\/06\/criacao-site-agronegocio-agencia-carcara-agromarketing-semenes-mineirao-3-840x1407.jpg 840w, https:\/\/agenciacarcara.com.br\/marketingagronegocio\/wp-content\/uploads\/2024\/06\/criacao-site-agronegocio-agencia-carcara-agromarketing-semenes-mineirao-3-410x687.jpg 410w, https:\/\/agenciacarcara.com.br\/marketingagronegocio\/wp-content\/uploads\/2024\/06\/criacao-site-agronegocio-agencia-carcara-agromarketing-semenes-mineirao-3-scaled.jpg 1529w\" sizes=\"(max-width: 612px) 100vw, 612px\" \/><\/figure>\n\n\n\n<h2 class=\"wp-block-heading\">Novo Site em Portugu\u00eas da Mineir\u00e3o<\/h2>\n\n\n\n<figure class=\"wp-block-image size-large\"><img decoding=\"async\" width=\"1024\" height=\"576\" src=\"http:\/\/agenciacarcara.com.br\/marketingagronegocio\/wp-content\/uploads\/2024\/06\/marketing-digital-industria-e-agroindustria-sementes-mineirao-1024x576.jpg\" alt=\"A Sementes Mineir\u00e3o, empresa tradicional no agroneg\u00f3cio brasileiro, d\u00e1 mais um passo importante em sua jornada de moderniza\u00e7\u00e3o com o lan\u00e7amento de seu novo website em portugu\u00eas e espanhol. Desenvolvido pela Ag\u00eancia Carcar\u00e1, o site representa um marco na comunica\u00e7\u00e3o da empresa e reflete seu novo posicionamento de mercado, consolidando-a como refer\u00eancia em sementes de alta qualidade para pastagens.\" class=\"wp-image-23445\" srcset=\"https:\/\/agenciacarcara.com.br\/marketingagronegocio\/wp-content\/uploads\/2024\/06\/marketing-digital-industria-e-agroindustria-sementes-mineirao-1024x576.jpg 1024w, https:\/\/agenciacarcara.com.br\/marketingagronegocio\/wp-content\/uploads\/2024\/06\/marketing-digital-industria-e-agroindustria-sementes-mineirao-300x169.jpg 300w, https:\/\/agenciacarcara.com.br\/marketingagronegocio\/wp-content\/uploads\/2024\/06\/marketing-digital-industria-e-agroindustria-sementes-mineirao-768x432.jpg 768w, https:\/\/agenciacarcara.com.br\/marketingagronegocio\/wp-content\/uploads\/2024\/06\/marketing-digital-industria-e-agroindustria-sementes-mineirao-370x208.jpg 370w, https:\/\/agenciacarcara.com.br\/marketingagronegocio\/wp-content\/uploads\/2024\/06\/marketing-digital-industria-e-agroindustria-sementes-mineirao-1290x725.jpg 1290w, https:\/\/agenciacarcara.com.br\/marketingagronegocio\/wp-content\/uploads\/2024\/06\/marketing-digital-industria-e-agroindustria-sementes-mineirao-840x473.jpg 840w, https:\/\/agenciacarcara.com.br\/marketingagronegocio\/wp-content\/uploads\/2024\/06\/marketing-digital-industria-e-agroindustria-sementes-mineirao-410x231.jpg 410w, https:\/\/agenciacarcara.com.br\/marketingagronegocio\/wp-content\/uploads\/2024\/06\/marketing-digital-industria-e-agroindustria-sementes-mineirao-270x152.jpg 270w, https:\/\/agenciacarcara.com.br\/marketingagronegocio\/wp-content\/uploads\/2024\/06\/marketing-digital-industria-e-agroindustria-sementes-mineirao.jpg 1500w\" sizes=\"(max-width: 1024px) 100vw, 1024px\" \/><\/figure>\n\n\n\n<figure class=\"wp-block-image size-large\"><img decoding=\"async\" width=\"278\" height=\"1024\" src=\"http:\/\/agenciacarcara.com.br\/marketingagronegocio\/wp-content\/uploads\/2024\/06\/modernizacao-site-agronegocio-sementes-mineirao-agroindustria-2-278x1024.jpg\" alt=\"A Sementes Mineir\u00e3o, empresa tradicional no agroneg\u00f3cio brasileiro, d\u00e1 mais um passo importante em sua jornada de moderniza\u00e7\u00e3o com o lan\u00e7amento de seu novo website em portugu\u00eas e espanhol. Desenvolvido pela Ag\u00eancia Carcar\u00e1, o site representa um marco na comunica\u00e7\u00e3o da empresa e reflete seu novo posicionamento de mercado, consolidando-a como refer\u00eancia em sementes de alta qualidade para pastagens.\" class=\"wp-image-23443\" srcset=\"https:\/\/agenciacarcara.com.br\/marketingagronegocio\/wp-content\/uploads\/2024\/06\/modernizacao-site-agronegocio-sementes-mineirao-agroindustria-2-278x1024.jpg 278w, https:\/\/agenciacarcara.com.br\/marketingagronegocio\/wp-content\/uploads\/2024\/06\/modernizacao-site-agronegocio-sementes-mineirao-agroindustria-2-370x1361.jpg 370w, https:\/\/agenciacarcara.com.br\/marketingagronegocio\/wp-content\/uploads\/2024\/06\/modernizacao-site-agronegocio-sementes-mineirao-agroindustria-2.jpg 696w\" sizes=\"(max-width: 278px) 100vw, 278px\" \/><\/figure>\n\n\n\n<h2 class=\"wp-block-heading\">Site em Espanhol da Mineir\u00e3o<\/h2>\n\n\n\n<figure class=\"wp-block-image size-large\"><img loading=\"lazy\" decoding=\"async\" width=\"1024\" height=\"576\" src=\"http:\/\/agenciacarcara.com.br\/marketingagronegocio\/wp-content\/uploads\/2024\/06\/criacao-site-agronegocio-agencia-carcara-agromarketing-semenes-mineirao-1-1024x576.jpg\" alt=\"A Sementes Mineir\u00e3o, empresa tradicional no agroneg\u00f3cio brasileiro, d\u00e1 mais um passo importante em sua jornada de moderniza\u00e7\u00e3o com o lan\u00e7amento de seu novo website em portugu\u00eas e espanhol. Desenvolvido pela Ag\u00eancia Carcar\u00e1, o site representa um marco na comunica\u00e7\u00e3o da empresa e reflete seu novo posicionamento de mercado, consolidando-a como refer\u00eancia em sementes de alta qualidade para pastagens.\" class=\"wp-image-23442\" srcset=\"https:\/\/agenciacarcara.com.br\/marketingagronegocio\/wp-content\/uploads\/2024\/06\/criacao-site-agronegocio-agencia-carcara-agromarketing-semenes-mineirao-1-1024x576.jpg 1024w, https:\/\/agenciacarcara.com.br\/marketingagronegocio\/wp-content\/uploads\/2024\/06\/criacao-site-agronegocio-agencia-carcara-agromarketing-semenes-mineirao-1-300x169.jpg 300w, https:\/\/agenciacarcara.com.br\/marketingagronegocio\/wp-content\/uploads\/2024\/06\/criacao-site-agronegocio-agencia-carcara-agromarketing-semenes-mineirao-1-768x432.jpg 768w, https:\/\/agenciacarcara.com.br\/marketingagronegocio\/wp-content\/uploads\/2024\/06\/criacao-site-agronegocio-agencia-carcara-agromarketing-semenes-mineirao-1-370x208.jpg 370w, https:\/\/agenciacarcara.com.br\/marketingagronegocio\/wp-content\/uploads\/2024\/06\/criacao-site-agronegocio-agencia-carcara-agromarketing-semenes-mineirao-1-1290x725.jpg 1290w, https:\/\/agenciacarcara.com.br\/marketingagronegocio\/wp-content\/uploads\/2024\/06\/criacao-site-agronegocio-agencia-carcara-agromarketing-semenes-mineirao-1-840x473.jpg 840w, https:\/\/agenciacarcara.com.br\/marketingagronegocio\/wp-content\/uploads\/2024\/06\/criacao-site-agronegocio-agencia-carcara-agromarketing-semenes-mineirao-1-410x231.jpg 410w, https:\/\/agenciacarcara.com.br\/marketingagronegocio\/wp-content\/uploads\/2024\/06\/criacao-site-agronegocio-agencia-carcara-agromarketing-semenes-mineirao-1-270x152.jpg 270w, https:\/\/agenciacarcara.com.br\/marketingagronegocio\/wp-content\/uploads\/2024\/06\/criacao-site-agronegocio-agencia-carcara-agromarketing-semenes-mineirao-1.jpg 1500w\" sizes=\"(max-width: 1024px) 100vw, 1024px\" \/><\/figure>\n\n\n\n<figure class=\"wp-block-image size-large\"><img loading=\"lazy\" decoding=\"async\" width=\"280\" height=\"1024\" src=\"http:\/\/agenciacarcara.com.br\/marketingagronegocio\/wp-content\/uploads\/2024\/06\/modernizacao-site-agronegocio-sementes-mineirao-agroindustria-3-280x1024.jpg\" alt=\"A Sementes Mineir\u00e3o, empresa tradicional no agroneg\u00f3cio brasileiro, d\u00e1 mais um passo importante em sua jornada de moderniza\u00e7\u00e3o com o lan\u00e7amento de seu novo website em portugu\u00eas e espanhol. Desenvolvido pela Ag\u00eancia Carcar\u00e1, o site representa um marco na comunica\u00e7\u00e3o da empresa e reflete seu novo posicionamento de mercado, consolidando-a como refer\u00eancia em sementes de alta qualidade para pastagens.\" class=\"wp-image-23441\" srcset=\"https:\/\/agenciacarcara.com.br\/marketingagronegocio\/wp-content\/uploads\/2024\/06\/modernizacao-site-agronegocio-sementes-mineirao-agroindustria-3-280x1024.jpg 280w, https:\/\/agenciacarcara.com.br\/marketingagronegocio\/wp-content\/uploads\/2024\/06\/modernizacao-site-agronegocio-sementes-mineirao-agroindustria-3-82x300.jpg 82w, https:\/\/agenciacarcara.com.br\/marketingagronegocio\/wp-content\/uploads\/2024\/06\/modernizacao-site-agronegocio-sementes-mineirao-agroindustria-3-420x1536.jpg 420w, https:\/\/agenciacarcara.com.br\/marketingagronegocio\/wp-content\/uploads\/2024\/06\/modernizacao-site-agronegocio-sementes-mineirao-agroindustria-3-560x2048.jpg 560w, https:\/\/agenciacarcara.com.br\/marketingagronegocio\/wp-content\/uploads\/2024\/06\/modernizacao-site-agronegocio-sementes-mineirao-agroindustria-3-370x1353.jpg 370w, https:\/\/agenciacarcara.com.br\/marketingagronegocio\/wp-content\/uploads\/2024\/06\/modernizacao-site-agronegocio-sementes-mineirao-agroindustria-3-410x1499.jpg 410w, https:\/\/agenciacarcara.com.br\/marketingagronegocio\/wp-content\/uploads\/2024\/06\/modernizacao-site-agronegocio-sementes-mineirao-agroindustria-3.jpg 700w\" sizes=\"(max-width: 280px) 100vw, 280px\" \/><\/figure>\n","protected":false},"excerpt":{"rendered":"<p>Moderniza\u00e7\u00e3o do site da empresa de agroneg\u00f3cio Sementes Mineir\u00e3o. Um dos pilares do\u00a0Marketing Digital\u00a0para o Agroneg\u00f3cio e Agroind\u00fastria. Desenvolvemos um site em portugu\u00eas e outro em espanhol Navegar pelo novo&hellip;<\/p>\n","protected":false},"author":1,"featured_media":23440,"template":"","cpt_portfolio_group":[229,232],"class_list":["post-23439","cpt_portfolio","type-cpt_portfolio","status-publish","has-post-thumbnail","hentry","cpt_portfolio_group-criacao-de-site","cpt_portfolio_group-mineirao-sementes"],"yoast_head":"<!-- This site is optimized with the Yoast SEO plugin v27.4 - https:\/\/yoast.com\/product\/yoast-seo-wordpress\/ -->\n<title>Moderniza\u00e7\u00e3o do site da Mineir\u00e3o Sementes para Pastagem - Ag\u00eancia Carcar\u00e1 Marketing Agroneg\u00f3cio<\/title>\n<meta name=\"robots\" content=\"index, follow, max-snippet:-1, max-image-preview:large, max-video-preview:-1\" \/>\n<link rel=\"canonical\" href=\"https:\/\/agenciacarcara.com.br\/marketingagronegocio\/portfolio\/modernizacao-do-site-da-mineirao-sementes-para-pastagem\/\" \/>\n<meta property=\"og:locale\" content=\"en_US\" \/>\n<meta property=\"og:type\" content=\"article\" \/>\n<meta property=\"og:title\" content=\"Moderniza\u00e7\u00e3o do site da Mineir\u00e3o Sementes para Pastagem - Ag\u00eancia Carcar\u00e1 Marketing Agroneg\u00f3cio\" \/>\n<meta property=\"og:description\" content=\"Moderniza\u00e7\u00e3o do site da empresa de agroneg\u00f3cio Sementes Mineir\u00e3o. Um dos pilares do\u00a0Marketing Digital\u00a0para o Agroneg\u00f3cio e Agroind\u00fastria. Desenvolvemos um site em portugu\u00eas e outro em espanhol Navegar pelo novo&hellip;\" \/>\n<meta property=\"og:url\" content=\"https:\/\/agenciacarcara.com.br\/marketingagronegocio\/portfolio\/modernizacao-do-site-da-mineirao-sementes-para-pastagem\/\" \/>\n<meta property=\"og:site_name\" content=\"Ag\u00eancia Carcar\u00e1 Marketing Agroneg\u00f3cio\" \/>\n<meta property=\"article:publisher\" content=\"https:\/\/www.facebook.com\/agenciacarcarabr\" \/>\n<meta property=\"og:image\" content=\"http:\/\/agenciacarcara.com.br\/marketingagronegocio\/wp-content\/uploads\/2024\/06\/criacao-site-agronegocio-agencia-carcara-agromarketing-semenes-mineirao.jpg\" \/>\n\t<meta property=\"og:image:width\" content=\"1684\" \/>\n\t<meta property=\"og:image:height\" content=\"933\" \/>\n\t<meta property=\"og:image:type\" content=\"image\/jpeg\" \/>\n<meta name=\"twitter:card\" content=\"summary_large_image\" \/>\n<meta name=\"twitter:site\" content=\"@agenciacarcara\" \/>\n<meta name=\"twitter:label1\" content=\"Est. reading time\" \/>\n\t<meta name=\"twitter:data1\" content=\"3 minutes\" \/>\n<script type=\"application\/ld+json\" class=\"yoast-schema-graph\">{\"@context\":\"https:\\\/\\\/schema.org\",\"@graph\":[{\"@type\":\"WebPage\",\"@id\":\"https:\\\/\\\/agenciacarcara.com.br\\\/marketingagronegocio\\\/portfolio\\\/modernizacao-do-site-da-mineirao-sementes-para-pastagem\\\/\",\"url\":\"https:\\\/\\\/agenciacarcara.com.br\\\/marketingagronegocio\\\/portfolio\\\/modernizacao-do-site-da-mineirao-sementes-para-pastagem\\\/\",\"name\":\"Moderniza\u00e7\u00e3o do site da Mineir\u00e3o Sementes para Pastagem - Ag\u00eancia Carcar\u00e1 Marketing Agroneg\u00f3cio\",\"isPartOf\":{\"@id\":\"https:\\\/\\\/agenciacarcara.com.br\\\/marketingagronegocio\\\/#website\"},\"primaryImageOfPage\":{\"@id\":\"https:\\\/\\\/agenciacarcara.com.br\\\/marketingagronegocio\\\/portfolio\\\/modernizacao-do-site-da-mineirao-sementes-para-pastagem\\\/#primaryimage\"},\"image\":{\"@id\":\"https:\\\/\\\/agenciacarcara.com.br\\\/marketingagronegocio\\\/portfolio\\\/modernizacao-do-site-da-mineirao-sementes-para-pastagem\\\/#primaryimage\"},\"thumbnailUrl\":\"https:\\\/\\\/agenciacarcara.com.br\\\/marketingagronegocio\\\/wp-content\\\/uploads\\\/2024\\\/06\\\/criacao-site-agronegocio-agencia-carcara-agromarketing-semenes-mineirao.jpg\",\"datePublished\":\"2024-06-19T14:01:55+00:00\",\"breadcrumb\":{\"@id\":\"https:\\\/\\\/agenciacarcara.com.br\\\/marketingagronegocio\\\/portfolio\\\/modernizacao-do-site-da-mineirao-sementes-para-pastagem\\\/#breadcrumb\"},\"inLanguage\":\"en-US\",\"potentialAction\":[{\"@type\":\"ReadAction\",\"target\":[\"https:\\\/\\\/agenciacarcara.com.br\\\/marketingagronegocio\\\/portfolio\\\/modernizacao-do-site-da-mineirao-sementes-para-pastagem\\\/\"]}]},{\"@type\":\"ImageObject\",\"inLanguage\":\"en-US\",\"@id\":\"https:\\\/\\\/agenciacarcara.com.br\\\/marketingagronegocio\\\/portfolio\\\/modernizacao-do-site-da-mineirao-sementes-para-pastagem\\\/#primaryimage\",\"url\":\"https:\\\/\\\/agenciacarcara.com.br\\\/marketingagronegocio\\\/wp-content\\\/uploads\\\/2024\\\/06\\\/criacao-site-agronegocio-agencia-carcara-agromarketing-semenes-mineirao.jpg\",\"contentUrl\":\"https:\\\/\\\/agenciacarcara.com.br\\\/marketingagronegocio\\\/wp-content\\\/uploads\\\/2024\\\/06\\\/criacao-site-agronegocio-agencia-carcara-agromarketing-semenes-mineirao.jpg\",\"width\":1684,\"height\":933,\"caption\":\"A Sementes Mineir\u00e3o, empresa tradicional no agroneg\u00f3cio brasileiro, d\u00e1 mais um passo importante em sua jornada de moderniza\u00e7\u00e3o com o lan\u00e7amento de seu novo website em portugu\u00eas e espanhol. Desenvolvido pela Ag\u00eancia Carcar\u00e1, o site representa um marco na comunica\u00e7\u00e3o da empresa e reflete seu novo posicionamento de mercado, consolidando-a como refer\u00eancia em sementes de alta qualidade para pastagens.\"},{\"@type\":\"BreadcrumbList\",\"@id\":\"https:\\\/\\\/agenciacarcara.com.br\\\/marketingagronegocio\\\/portfolio\\\/modernizacao-do-site-da-mineirao-sementes-para-pastagem\\\/#breadcrumb\",\"itemListElement\":[{\"@type\":\"ListItem\",\"position\":1,\"name\":\"In\u00edcio\",\"item\":\"https:\\\/\\\/agenciacarcara.com.br\\\/marketingagronegocio\\\/\"},{\"@type\":\"ListItem\",\"position\":2,\"name\":\"Portfolio\",\"item\":\"https:\\\/\\\/agenciacarcara.com.br\\\/marketingagronegocio\\\/portfolio\\\/\"},{\"@type\":\"ListItem\",\"position\":3,\"name\":\"Moderniza\u00e7\u00e3o do site da Mineir\u00e3o Sementes para Pastagem\"}]},{\"@type\":\"WebSite\",\"@id\":\"https:\\\/\\\/agenciacarcara.com.br\\\/marketingagronegocio\\\/#website\",\"url\":\"https:\\\/\\\/agenciacarcara.com.br\\\/marketingagronegocio\\\/\",\"name\":\"Ag\u00eancia Carcar\u00e1 Marketing Agroneg\u00f3cio\",\"description\":\"\u00c9 a parceira estrat\u00e9gica no agromarketing e no digital que impulsiona o seu neg\u00f3cio no agroneg\u00f3cio e agroind\u00fastria.\",\"publisher\":{\"@id\":\"https:\\\/\\\/agenciacarcara.com.br\\\/marketingagronegocio\\\/#organization\"},\"potentialAction\":[{\"@type\":\"SearchAction\",\"target\":{\"@type\":\"EntryPoint\",\"urlTemplate\":\"https:\\\/\\\/agenciacarcara.com.br\\\/marketingagronegocio\\\/?s={search_term_string}\"},\"query-input\":{\"@type\":\"PropertyValueSpecification\",\"valueRequired\":true,\"valueName\":\"search_term_string\"}}],\"inLanguage\":\"en-US\"},{\"@type\":\"Organization\",\"@id\":\"https:\\\/\\\/agenciacarcara.com.br\\\/marketingagronegocio\\\/#organization\",\"name\":\"Ag\u00eancia Carcar\u00e1 Marketing Agroneg\u00f3cio\",\"url\":\"https:\\\/\\\/agenciacarcara.com.br\\\/marketingagronegocio\\\/\",\"logo\":{\"@type\":\"ImageObject\",\"inLanguage\":\"en-US\",\"@id\":\"https:\\\/\\\/agenciacarcara.com.br\\\/marketingagronegocio\\\/#\\\/schema\\\/logo\\\/image\\\/\",\"url\":\"https:\\\/\\\/agenciacarcara.com.br\\\/marketingagronegocio\\\/wp-content\\\/uploads\\\/2024\\\/05\\\/logo-3-retina-1.png\",\"contentUrl\":\"https:\\\/\\\/agenciacarcara.com.br\\\/marketingagronegocio\\\/wp-content\\\/uploads\\\/2024\\\/05\\\/logo-3-retina-1.png\",\"width\":346,\"height\":106,\"caption\":\"Ag\u00eancia Carcar\u00e1 Marketing Agroneg\u00f3cio\"},\"image\":{\"@id\":\"https:\\\/\\\/agenciacarcara.com.br\\\/marketingagronegocio\\\/#\\\/schema\\\/logo\\\/image\\\/\"},\"sameAs\":[\"https:\\\/\\\/www.facebook.com\\\/agenciacarcarabr\",\"https:\\\/\\\/x.com\\\/agenciacarcara\",\"https:\\\/\\\/www.youtube.com\\\/channel\\\/UCTre6VaKYncncM52UEA3eEw?sub_confirmation=1\",\"https:\\\/\\\/www.linkedin.com\\\/company-beta\\\/3599884\",\"https:\\\/\\\/instagram.com\\\/agenciacarcara\"]}]}<\/script>\n<!-- \/ Yoast SEO plugin. -->","yoast_head_json":{"title":"Moderniza\u00e7\u00e3o do site da Mineir\u00e3o Sementes para Pastagem - Ag\u00eancia Carcar\u00e1 Marketing Agroneg\u00f3cio","robots":{"index":"index","follow":"follow","max-snippet":"max-snippet:-1","max-image-preview":"max-image-preview:large","max-video-preview":"max-video-preview:-1"},"canonical":"https:\/\/agenciacarcara.com.br\/marketingagronegocio\/portfolio\/modernizacao-do-site-da-mineirao-sementes-para-pastagem\/","og_locale":"en_US","og_type":"article","og_title":"Moderniza\u00e7\u00e3o do site da Mineir\u00e3o Sementes para Pastagem - Ag\u00eancia Carcar\u00e1 Marketing Agroneg\u00f3cio","og_description":"Moderniza\u00e7\u00e3o do site da empresa de agroneg\u00f3cio Sementes Mineir\u00e3o. Um dos pilares do\u00a0Marketing Digital\u00a0para o Agroneg\u00f3cio e Agroind\u00fastria. Desenvolvemos um site em portugu\u00eas e outro em espanhol Navegar pelo novo&hellip;","og_url":"https:\/\/agenciacarcara.com.br\/marketingagronegocio\/portfolio\/modernizacao-do-site-da-mineirao-sementes-para-pastagem\/","og_site_name":"Ag\u00eancia Carcar\u00e1 Marketing Agroneg\u00f3cio","article_publisher":"https:\/\/www.facebook.com\/agenciacarcarabr","og_image":[{"width":1684,"height":933,"url":"http:\/\/agenciacarcara.com.br\/marketingagronegocio\/wp-content\/uploads\/2024\/06\/criacao-site-agronegocio-agencia-carcara-agromarketing-semenes-mineirao.jpg","type":"image\/jpeg"}],"twitter_card":"summary_large_image","twitter_site":"@agenciacarcara","twitter_misc":{"Est. reading time":"3 minutes"},"schema":{"@context":"https:\/\/schema.org","@graph":[{"@type":"WebPage","@id":"https:\/\/agenciacarcara.com.br\/marketingagronegocio\/portfolio\/modernizacao-do-site-da-mineirao-sementes-para-pastagem\/","url":"https:\/\/agenciacarcara.com.br\/marketingagronegocio\/portfolio\/modernizacao-do-site-da-mineirao-sementes-para-pastagem\/","name":"Moderniza\u00e7\u00e3o do site da Mineir\u00e3o Sementes para Pastagem - Ag\u00eancia Carcar\u00e1 Marketing Agroneg\u00f3cio","isPartOf":{"@id":"https:\/\/agenciacarcara.com.br\/marketingagronegocio\/#website"},"primaryImageOfPage":{"@id":"https:\/\/agenciacarcara.com.br\/marketingagronegocio\/portfolio\/modernizacao-do-site-da-mineirao-sementes-para-pastagem\/#primaryimage"},"image":{"@id":"https:\/\/agenciacarcara.com.br\/marketingagronegocio\/portfolio\/modernizacao-do-site-da-mineirao-sementes-para-pastagem\/#primaryimage"},"thumbnailUrl":"https:\/\/agenciacarcara.com.br\/marketingagronegocio\/wp-content\/uploads\/2024\/06\/criacao-site-agronegocio-agencia-carcara-agromarketing-semenes-mineirao.jpg","datePublished":"2024-06-19T14:01:55+00:00","breadcrumb":{"@id":"https:\/\/agenciacarcara.com.br\/marketingagronegocio\/portfolio\/modernizacao-do-site-da-mineirao-sementes-para-pastagem\/#breadcrumb"},"inLanguage":"en-US","potentialAction":[{"@type":"ReadAction","target":["https:\/\/agenciacarcara.com.br\/marketingagronegocio\/portfolio\/modernizacao-do-site-da-mineirao-sementes-para-pastagem\/"]}]},{"@type":"ImageObject","inLanguage":"en-US","@id":"https:\/\/agenciacarcara.com.br\/marketingagronegocio\/portfolio\/modernizacao-do-site-da-mineirao-sementes-para-pastagem\/#primaryimage","url":"https:\/\/agenciacarcara.com.br\/marketingagronegocio\/wp-content\/uploads\/2024\/06\/criacao-site-agronegocio-agencia-carcara-agromarketing-semenes-mineirao.jpg","contentUrl":"https:\/\/agenciacarcara.com.br\/marketingagronegocio\/wp-content\/uploads\/2024\/06\/criacao-site-agronegocio-agencia-carcara-agromarketing-semenes-mineirao.jpg","width":1684,"height":933,"caption":"A Sementes Mineir\u00e3o, empresa tradicional no agroneg\u00f3cio brasileiro, d\u00e1 mais um passo importante em sua jornada de moderniza\u00e7\u00e3o com o lan\u00e7amento de seu novo website em portugu\u00eas e espanhol. Desenvolvido pela Ag\u00eancia Carcar\u00e1, o site representa um marco na comunica\u00e7\u00e3o da empresa e reflete seu novo posicionamento de mercado, consolidando-a como refer\u00eancia em sementes de alta qualidade para pastagens."},{"@type":"BreadcrumbList","@id":"https:\/\/agenciacarcara.com.br\/marketingagronegocio\/portfolio\/modernizacao-do-site-da-mineirao-sementes-para-pastagem\/#breadcrumb","itemListElement":[{"@type":"ListItem","position":1,"name":"In\u00edcio","item":"https:\/\/agenciacarcara.com.br\/marketingagronegocio\/"},{"@type":"ListItem","position":2,"name":"Portfolio","item":"https:\/\/agenciacarcara.com.br\/marketingagronegocio\/portfolio\/"},{"@type":"ListItem","position":3,"name":"Moderniza\u00e7\u00e3o do site da Mineir\u00e3o Sementes para Pastagem"}]},{"@type":"WebSite","@id":"https:\/\/agenciacarcara.com.br\/marketingagronegocio\/#website","url":"https:\/\/agenciacarcara.com.br\/marketingagronegocio\/","name":"Ag\u00eancia Carcar\u00e1 Marketing Agroneg\u00f3cio","description":"\u00c9 a parceira estrat\u00e9gica no agromarketing e no digital que impulsiona o seu neg\u00f3cio no agroneg\u00f3cio e agroind\u00fastria.","publisher":{"@id":"https:\/\/agenciacarcara.com.br\/marketingagronegocio\/#organization"},"potentialAction":[{"@type":"SearchAction","target":{"@type":"EntryPoint","urlTemplate":"https:\/\/agenciacarcara.com.br\/marketingagronegocio\/?s={search_term_string}"},"query-input":{"@type":"PropertyValueSpecification","valueRequired":true,"valueName":"search_term_string"}}],"inLanguage":"en-US"},{"@type":"Organization","@id":"https:\/\/agenciacarcara.com.br\/marketingagronegocio\/#organization","name":"Ag\u00eancia Carcar\u00e1 Marketing Agroneg\u00f3cio","url":"https:\/\/agenciacarcara.com.br\/marketingagronegocio\/","logo":{"@type":"ImageObject","inLanguage":"en-US","@id":"https:\/\/agenciacarcara.com.br\/marketingagronegocio\/#\/schema\/logo\/image\/","url":"https:\/\/agenciacarcara.com.br\/marketingagronegocio\/wp-content\/uploads\/2024\/05\/logo-3-retina-1.png","contentUrl":"https:\/\/agenciacarcara.com.br\/marketingagronegocio\/wp-content\/uploads\/2024\/05\/logo-3-retina-1.png","width":346,"height":106,"caption":"Ag\u00eancia Carcar\u00e1 Marketing Agroneg\u00f3cio"},"image":{"@id":"https:\/\/agenciacarcara.com.br\/marketingagronegocio\/#\/schema\/logo\/image\/"},"sameAs":["https:\/\/www.facebook.com\/agenciacarcarabr","https:\/\/x.com\/agenciacarcara","https:\/\/www.youtube.com\/channel\/UCTre6VaKYncncM52UEA3eEw?sub_confirmation=1","https:\/\/www.linkedin.com\/company-beta\/3599884","https:\/\/instagram.com\/agenciacarcara"]}]}},"_links":{"self":[{"href":"https:\/\/agenciacarcara.com.br\/marketingagronegocio\/wp-json\/wp\/v2\/cpt_portfolio\/23439","targetHints":{"allow":["GET"]}}],"collection":[{"href":"https:\/\/agenciacarcara.com.br\/marketingagronegocio\/wp-json\/wp\/v2\/cpt_portfolio"}],"about":[{"href":"https:\/\/agenciacarcara.com.br\/marketingagronegocio\/wp-json\/wp\/v2\/types\/cpt_portfolio"}],"author":[{"embeddable":true,"href":"https:\/\/agenciacarcara.com.br\/marketingagronegocio\/wp-json\/wp\/v2\/users\/1"}],"wp:featuredmedia":[{"embeddable":true,"href":"https:\/\/agenciacarcara.com.br\/marketingagronegocio\/wp-json\/wp\/v2\/media\/23440"}],"wp:attachment":[{"href":"https:\/\/agenciacarcara.com.br\/marketingagronegocio\/wp-json\/wp\/v2\/media?parent=23439"}],"wp:term":[{"taxonomy":"cpt_portfolio_group","embeddable":true,"href":"https:\/\/agenciacarcara.com.br\/marketingagronegocio\/wp-json\/wp\/v2\/cpt_portfolio_group?post=23439"}],"curies":[{"name":"wp","href":"https:\/\/api.w.org\/{rel}","templated":true}]}}