{"id":23453,"date":"2024-06-19T11:34:27","date_gmt":"2024-06-19T14:34:27","guid":{"rendered":"https:\/\/agenciacarcara.com.br\/marketingagronegocio\/?post_type=cpt_portfolio&#038;p=23453"},"modified":"2024-06-19T11:34:28","modified_gmt":"2024-06-19T14:34:28","slug":"gestao-de-redes-sociais-e-trafego-pago-mineirao-sementes-para-pastagem","status":"publish","type":"cpt_portfolio","link":"https:\/\/agenciacarcara.com.br\/marketingagronegocio\/portfolio\/gestao-de-redes-sociais-e-trafego-pago-mineirao-sementes-para-pastagem\/","title":{"rendered":"Gest\u00e3o de Redes Sociais e Tr\u00e1fego Pago Mineir\u00e3o Sementes para Pastagem"},"content":{"rendered":"\n<h2 class=\"wp-block-heading\">Redes Sociais: A For\u00e7a Aliada da Mineir\u00e3o Sementes para Pastagem na Era Digital<\/h2>\n\n\n\n<p>No mundo din\u00e2mico do agroneg\u00f3cio, onde a informa\u00e7\u00e3o flui \u00e0 velocidade da luz, as <strong>redes sociais se tornaram ferramentas indispens\u00e1veis para empresas como a Mineir\u00e3o Sementes para Pastagem<\/strong>. Mais do que simples plataformas de comunica\u00e7\u00e3o, elas representam verdadeiras aliadas na conquista de novos clientes, fideliza\u00e7\u00e3o dos j\u00e1 existentes e constru\u00e7\u00e3o de uma marca forte e relevante no mercado.<\/p>\n\n\n\n<p><strong>Alcance Amplo e Segmentado:<\/strong><\/p>\n\n\n\n<p>As redes sociais permitem \u00e0 Mineir\u00e3o Sementes para Pastagem alcan\u00e7ar um p\u00fablico <strong>vasto e segmentado<\/strong>, composto por agricultores, pecuaristas, profissionais do agroneg\u00f3cio e entusiastas do setor. Atrav\u00e9s de diferentes plataformas, como Facebook, Instagram, LinkedIn e YouTube, a empresa pode direcionar suas mensagens para o p\u00fablico certo, no momento certo, aumentando a efetividade de suas a\u00e7\u00f5es de marketing.<\/p>\n\n\n\n<h2 class=\"wp-block-heading\">Tr\u00e1fego Pago para Mineir\u00e3o Sementes para Pastagem: Amplificando Resultados nas Redes Sociais<\/h2>\n\n\n\n<p>As redes sociais, como j\u00e1 vimos, s\u00e3o ferramentas essenciais para a Mineir\u00e3o Sementes para Pastagem se conectar com seu p\u00fablico-alvo, construir uma marca forte e impulsionar seus neg\u00f3cios. No entanto, para alcan\u00e7ar resultados ainda mais expressivos e maximizar o potencial das redes sociais, \u00e9 fundamental <strong>complementar a estrat\u00e9gia com campanhas de tr\u00e1fego pago<\/strong>. <\/p>\n\n\n\n<h3 class=\"wp-block-heading\">Clique abaixo e tenha acessa uma vers\u00e3o de<a href=\"https:\/\/1drv.ms\/b\/s!AncCX6KXSAkejNcCaZdJ4z9d8khjhw?e=T6m50w\" target=\"_blank\" rel=\"noreferrer noopener\"> relat\u00f3rio de an\u00e1lise<\/a> de tr\u00e1fego pago x redes sociais<\/h3>\n\n\n\n<figure class=\"wp-block-image size-full\"><a href=\"https:\/\/1drv.ms\/b\/s!AncCX6KXSAkejNcCaZdJ4z9d8khjhw?e=T6m50w\" target=\"_blank\" rel=\"noreferrer noopener\"><img fetchpriority=\"high\" decoding=\"async\" width=\"595\" height=\"842\" src=\"http:\/\/agenciacarcara.com.br\/marketingagronegocio\/wp-content\/uploads\/2024\/06\/Screenshot_99.jpg\" alt=\"\" class=\"wp-image-23469\" srcset=\"https:\/\/agenciacarcara.com.br\/marketingagronegocio\/wp-content\/uploads\/2024\/06\/Screenshot_99.jpg 595w, https:\/\/agenciacarcara.com.br\/marketingagronegocio\/wp-content\/uploads\/2024\/06\/Screenshot_99-212x300.jpg 212w, https:\/\/agenciacarcara.com.br\/marketingagronegocio\/wp-content\/uploads\/2024\/06\/Screenshot_99-370x524.jpg 370w, https:\/\/agenciacarcara.com.br\/marketingagronegocio\/wp-content\/uploads\/2024\/06\/Screenshot_99-410x580.jpg 410w\" sizes=\"(max-width: 600px) 100vw, 595px\" \/><\/a><\/figure>\n\n\n\n<h2 class=\"wp-block-heading\">Abaixo temos algumas imagens das campanhas e postagens<\/h2>\n","protected":false},"excerpt":{"rendered":"<p>Redes Sociais: A For\u00e7a Aliada da Mineir\u00e3o Sementes para Pastagem na Era Digital No mundo din\u00e2mico do agroneg\u00f3cio, onde a informa\u00e7\u00e3o flui \u00e0 velocidade da luz, as redes sociais se&hellip;<\/p>\n","protected":false},"author":1,"featured_media":23454,"template":"","cpt_portfolio_group":[233,232,234],"class_list":["post-23453","cpt_portfolio","type-cpt_portfolio","status-publish","has-post-thumbnail","hentry","cpt_portfolio_group-gestao-redes-sociais","cpt_portfolio_group-mineirao-sementes","cpt_portfolio_group-trafego-pago"],"yoast_head":"<!-- This site is optimized with the Yoast SEO plugin v27.4 - https:\/\/yoast.com\/product\/yoast-seo-wordpress\/ -->\n<title>Gest\u00e3o de Redes Sociais e Tr\u00e1fego Pago Mineir\u00e3o Sementes para Pastagem - Ag\u00eancia Carcar\u00e1 Marketing Agroneg\u00f3cio<\/title>\n<meta name=\"robots\" content=\"index, follow, max-snippet:-1, max-image-preview:large, max-video-preview:-1\" \/>\n<link rel=\"canonical\" href=\"https:\/\/agenciacarcara.com.br\/marketingagronegocio\/portfolio\/gestao-de-redes-sociais-e-trafego-pago-mineirao-sementes-para-pastagem\/\" \/>\n<meta property=\"og:locale\" content=\"en_US\" \/>\n<meta property=\"og:type\" content=\"article\" \/>\n<meta property=\"og:title\" content=\"Gest\u00e3o de Redes Sociais e Tr\u00e1fego Pago Mineir\u00e3o Sementes para Pastagem - Ag\u00eancia Carcar\u00e1 Marketing Agroneg\u00f3cio\" \/>\n<meta property=\"og:description\" content=\"Redes Sociais: A For\u00e7a Aliada da Mineir\u00e3o Sementes para Pastagem na Era Digital No mundo din\u00e2mico do agroneg\u00f3cio, onde a informa\u00e7\u00e3o flui \u00e0 velocidade da luz, as redes sociais se&hellip;\" \/>\n<meta property=\"og:url\" content=\"https:\/\/agenciacarcara.com.br\/marketingagronegocio\/portfolio\/gestao-de-redes-sociais-e-trafego-pago-mineirao-sementes-para-pastagem\/\" \/>\n<meta property=\"og:site_name\" content=\"Ag\u00eancia Carcar\u00e1 Marketing Agroneg\u00f3cio\" \/>\n<meta property=\"article:publisher\" content=\"https:\/\/www.facebook.com\/agenciacarcarabr\" \/>\n<meta property=\"article:modified_time\" content=\"2024-06-19T14:34:28+00:00\" \/>\n<meta property=\"og:image\" content=\"http:\/\/agenciacarcara.com.br\/marketingagronegocio\/wp-content\/uploads\/2024\/06\/redes-sociais-agronegocio-agencia-carcara-agromarketing.jpg\" \/>\n\t<meta property=\"og:image:width\" content=\"1684\" \/>\n\t<meta property=\"og:image:height\" content=\"933\" \/>\n\t<meta property=\"og:image:type\" content=\"image\/jpeg\" \/>\n<meta name=\"twitter:card\" content=\"summary_large_image\" \/>\n<meta name=\"twitter:site\" content=\"@agenciacarcara\" \/>\n<meta name=\"twitter:label1\" content=\"Est. reading time\" \/>\n\t<meta name=\"twitter:data1\" content=\"2 minutes\" \/>\n<script type=\"application\/ld+json\" class=\"yoast-schema-graph\">{\"@context\":\"https:\\\/\\\/schema.org\",\"@graph\":[{\"@type\":\"WebPage\",\"@id\":\"https:\\\/\\\/agenciacarcara.com.br\\\/marketingagronegocio\\\/portfolio\\\/gestao-de-redes-sociais-e-trafego-pago-mineirao-sementes-para-pastagem\\\/\",\"url\":\"https:\\\/\\\/agenciacarcara.com.br\\\/marketingagronegocio\\\/portfolio\\\/gestao-de-redes-sociais-e-trafego-pago-mineirao-sementes-para-pastagem\\\/\",\"name\":\"Gest\u00e3o de Redes Sociais e Tr\u00e1fego Pago Mineir\u00e3o Sementes para Pastagem - Ag\u00eancia Carcar\u00e1 Marketing Agroneg\u00f3cio\",\"isPartOf\":{\"@id\":\"https:\\\/\\\/agenciacarcara.com.br\\\/marketingagronegocio\\\/#website\"},\"primaryImageOfPage\":{\"@id\":\"https:\\\/\\\/agenciacarcara.com.br\\\/marketingagronegocio\\\/portfolio\\\/gestao-de-redes-sociais-e-trafego-pago-mineirao-sementes-para-pastagem\\\/#primaryimage\"},\"image\":{\"@id\":\"https:\\\/\\\/agenciacarcara.com.br\\\/marketingagronegocio\\\/portfolio\\\/gestao-de-redes-sociais-e-trafego-pago-mineirao-sementes-para-pastagem\\\/#primaryimage\"},\"thumbnailUrl\":\"https:\\\/\\\/agenciacarcara.com.br\\\/marketingagronegocio\\\/wp-content\\\/uploads\\\/2024\\\/06\\\/redes-sociais-agronegocio-agencia-carcara-agromarketing.jpg\",\"datePublished\":\"2024-06-19T14:34:27+00:00\",\"dateModified\":\"2024-06-19T14:34:28+00:00\",\"breadcrumb\":{\"@id\":\"https:\\\/\\\/agenciacarcara.com.br\\\/marketingagronegocio\\\/portfolio\\\/gestao-de-redes-sociais-e-trafego-pago-mineirao-sementes-para-pastagem\\\/#breadcrumb\"},\"inLanguage\":\"en-US\",\"potentialAction\":[{\"@type\":\"ReadAction\",\"target\":[\"https:\\\/\\\/agenciacarcara.com.br\\\/marketingagronegocio\\\/portfolio\\\/gestao-de-redes-sociais-e-trafego-pago-mineirao-sementes-para-pastagem\\\/\"]}]},{\"@type\":\"ImageObject\",\"inLanguage\":\"en-US\",\"@id\":\"https:\\\/\\\/agenciacarcara.com.br\\\/marketingagronegocio\\\/portfolio\\\/gestao-de-redes-sociais-e-trafego-pago-mineirao-sementes-para-pastagem\\\/#primaryimage\",\"url\":\"https:\\\/\\\/agenciacarcara.com.br\\\/marketingagronegocio\\\/wp-content\\\/uploads\\\/2024\\\/06\\\/redes-sociais-agronegocio-agencia-carcara-agromarketing.jpg\",\"contentUrl\":\"https:\\\/\\\/agenciacarcara.com.br\\\/marketingagronegocio\\\/wp-content\\\/uploads\\\/2024\\\/06\\\/redes-sociais-agronegocio-agencia-carcara-agromarketing.jpg\",\"width\":1684,\"height\":933,\"caption\":\"As redes sociais e o trafego pago permitem \u00e0 Mineir\u00e3o Sementes para Pastagem alcan\u00e7ar um p\u00fablico vasto e segmentado, composto por agricultores, pecuaristas, profissionais do agroneg\u00f3cio e entusiastas do setor. Atrav\u00e9s de diferentes plataformas, como Facebook, Instagram, LinkedIn e YouTube,\"},{\"@type\":\"BreadcrumbList\",\"@id\":\"https:\\\/\\\/agenciacarcara.com.br\\\/marketingagronegocio\\\/portfolio\\\/gestao-de-redes-sociais-e-trafego-pago-mineirao-sementes-para-pastagem\\\/#breadcrumb\",\"itemListElement\":[{\"@type\":\"ListItem\",\"position\":1,\"name\":\"In\u00edcio\",\"item\":\"https:\\\/\\\/agenciacarcara.com.br\\\/marketingagronegocio\\\/\"},{\"@type\":\"ListItem\",\"position\":2,\"name\":\"Portfolio\",\"item\":\"https:\\\/\\\/agenciacarcara.com.br\\\/marketingagronegocio\\\/portfolio\\\/\"},{\"@type\":\"ListItem\",\"position\":3,\"name\":\"Gest\u00e3o de Redes Sociais e Tr\u00e1fego Pago Mineir\u00e3o Sementes para Pastagem\"}]},{\"@type\":\"WebSite\",\"@id\":\"https:\\\/\\\/agenciacarcara.com.br\\\/marketingagronegocio\\\/#website\",\"url\":\"https:\\\/\\\/agenciacarcara.com.br\\\/marketingagronegocio\\\/\",\"name\":\"Ag\u00eancia Carcar\u00e1 Marketing Agroneg\u00f3cio\",\"description\":\"\u00c9 a parceira estrat\u00e9gica no agromarketing e no digital que impulsiona o seu neg\u00f3cio no agroneg\u00f3cio e agroind\u00fastria.\",\"publisher\":{\"@id\":\"https:\\\/\\\/agenciacarcara.com.br\\\/marketingagronegocio\\\/#organization\"},\"potentialAction\":[{\"@type\":\"SearchAction\",\"target\":{\"@type\":\"EntryPoint\",\"urlTemplate\":\"https:\\\/\\\/agenciacarcara.com.br\\\/marketingagronegocio\\\/?s={search_term_string}\"},\"query-input\":{\"@type\":\"PropertyValueSpecification\",\"valueRequired\":true,\"valueName\":\"search_term_string\"}}],\"inLanguage\":\"en-US\"},{\"@type\":\"Organization\",\"@id\":\"https:\\\/\\\/agenciacarcara.com.br\\\/marketingagronegocio\\\/#organization\",\"name\":\"Ag\u00eancia Carcar\u00e1 Marketing Agroneg\u00f3cio\",\"url\":\"https:\\\/\\\/agenciacarcara.com.br\\\/marketingagronegocio\\\/\",\"logo\":{\"@type\":\"ImageObject\",\"inLanguage\":\"en-US\",\"@id\":\"https:\\\/\\\/agenciacarcara.com.br\\\/marketingagronegocio\\\/#\\\/schema\\\/logo\\\/image\\\/\",\"url\":\"https:\\\/\\\/agenciacarcara.com.br\\\/marketingagronegocio\\\/wp-content\\\/uploads\\\/2024\\\/05\\\/logo-3-retina-1.png\",\"contentUrl\":\"https:\\\/\\\/agenciacarcara.com.br\\\/marketingagronegocio\\\/wp-content\\\/uploads\\\/2024\\\/05\\\/logo-3-retina-1.png\",\"width\":346,\"height\":106,\"caption\":\"Ag\u00eancia Carcar\u00e1 Marketing Agroneg\u00f3cio\"},\"image\":{\"@id\":\"https:\\\/\\\/agenciacarcara.com.br\\\/marketingagronegocio\\\/#\\\/schema\\\/logo\\\/image\\\/\"},\"sameAs\":[\"https:\\\/\\\/www.facebook.com\\\/agenciacarcarabr\",\"https:\\\/\\\/x.com\\\/agenciacarcara\",\"https:\\\/\\\/www.youtube.com\\\/channel\\\/UCTre6VaKYncncM52UEA3eEw?sub_confirmation=1\",\"https:\\\/\\\/www.linkedin.com\\\/company-beta\\\/3599884\",\"https:\\\/\\\/instagram.com\\\/agenciacarcara\"]}]}<\/script>\n<!-- \/ Yoast SEO plugin. -->","yoast_head_json":{"title":"Gest\u00e3o de Redes Sociais e Tr\u00e1fego Pago Mineir\u00e3o Sementes para Pastagem - Ag\u00eancia Carcar\u00e1 Marketing Agroneg\u00f3cio","robots":{"index":"index","follow":"follow","max-snippet":"max-snippet:-1","max-image-preview":"max-image-preview:large","max-video-preview":"max-video-preview:-1"},"canonical":"https:\/\/agenciacarcara.com.br\/marketingagronegocio\/portfolio\/gestao-de-redes-sociais-e-trafego-pago-mineirao-sementes-para-pastagem\/","og_locale":"en_US","og_type":"article","og_title":"Gest\u00e3o de Redes Sociais e Tr\u00e1fego Pago Mineir\u00e3o Sementes para Pastagem - Ag\u00eancia Carcar\u00e1 Marketing Agroneg\u00f3cio","og_description":"Redes Sociais: A For\u00e7a Aliada da Mineir\u00e3o Sementes para Pastagem na Era Digital No mundo din\u00e2mico do agroneg\u00f3cio, onde a informa\u00e7\u00e3o flui \u00e0 velocidade da luz, as redes sociais se&hellip;","og_url":"https:\/\/agenciacarcara.com.br\/marketingagronegocio\/portfolio\/gestao-de-redes-sociais-e-trafego-pago-mineirao-sementes-para-pastagem\/","og_site_name":"Ag\u00eancia Carcar\u00e1 Marketing Agroneg\u00f3cio","article_publisher":"https:\/\/www.facebook.com\/agenciacarcarabr","article_modified_time":"2024-06-19T14:34:28+00:00","og_image":[{"width":1684,"height":933,"url":"http:\/\/agenciacarcara.com.br\/marketingagronegocio\/wp-content\/uploads\/2024\/06\/redes-sociais-agronegocio-agencia-carcara-agromarketing.jpg","type":"image\/jpeg"}],"twitter_card":"summary_large_image","twitter_site":"@agenciacarcara","twitter_misc":{"Est. reading time":"2 minutes"},"schema":{"@context":"https:\/\/schema.org","@graph":[{"@type":"WebPage","@id":"https:\/\/agenciacarcara.com.br\/marketingagronegocio\/portfolio\/gestao-de-redes-sociais-e-trafego-pago-mineirao-sementes-para-pastagem\/","url":"https:\/\/agenciacarcara.com.br\/marketingagronegocio\/portfolio\/gestao-de-redes-sociais-e-trafego-pago-mineirao-sementes-para-pastagem\/","name":"Gest\u00e3o de Redes Sociais e Tr\u00e1fego Pago Mineir\u00e3o Sementes para Pastagem - Ag\u00eancia Carcar\u00e1 Marketing Agroneg\u00f3cio","isPartOf":{"@id":"https:\/\/agenciacarcara.com.br\/marketingagronegocio\/#website"},"primaryImageOfPage":{"@id":"https:\/\/agenciacarcara.com.br\/marketingagronegocio\/portfolio\/gestao-de-redes-sociais-e-trafego-pago-mineirao-sementes-para-pastagem\/#primaryimage"},"image":{"@id":"https:\/\/agenciacarcara.com.br\/marketingagronegocio\/portfolio\/gestao-de-redes-sociais-e-trafego-pago-mineirao-sementes-para-pastagem\/#primaryimage"},"thumbnailUrl":"https:\/\/agenciacarcara.com.br\/marketingagronegocio\/wp-content\/uploads\/2024\/06\/redes-sociais-agronegocio-agencia-carcara-agromarketing.jpg","datePublished":"2024-06-19T14:34:27+00:00","dateModified":"2024-06-19T14:34:28+00:00","breadcrumb":{"@id":"https:\/\/agenciacarcara.com.br\/marketingagronegocio\/portfolio\/gestao-de-redes-sociais-e-trafego-pago-mineirao-sementes-para-pastagem\/#breadcrumb"},"inLanguage":"en-US","potentialAction":[{"@type":"ReadAction","target":["https:\/\/agenciacarcara.com.br\/marketingagronegocio\/portfolio\/gestao-de-redes-sociais-e-trafego-pago-mineirao-sementes-para-pastagem\/"]}]},{"@type":"ImageObject","inLanguage":"en-US","@id":"https:\/\/agenciacarcara.com.br\/marketingagronegocio\/portfolio\/gestao-de-redes-sociais-e-trafego-pago-mineirao-sementes-para-pastagem\/#primaryimage","url":"https:\/\/agenciacarcara.com.br\/marketingagronegocio\/wp-content\/uploads\/2024\/06\/redes-sociais-agronegocio-agencia-carcara-agromarketing.jpg","contentUrl":"https:\/\/agenciacarcara.com.br\/marketingagronegocio\/wp-content\/uploads\/2024\/06\/redes-sociais-agronegocio-agencia-carcara-agromarketing.jpg","width":1684,"height":933,"caption":"As redes sociais e o trafego pago permitem \u00e0 Mineir\u00e3o Sementes para Pastagem alcan\u00e7ar um p\u00fablico vasto e segmentado, composto por agricultores, pecuaristas, profissionais do agroneg\u00f3cio e entusiastas do setor. Atrav\u00e9s de diferentes plataformas, como Facebook, Instagram, LinkedIn e YouTube,"},{"@type":"BreadcrumbList","@id":"https:\/\/agenciacarcara.com.br\/marketingagronegocio\/portfolio\/gestao-de-redes-sociais-e-trafego-pago-mineirao-sementes-para-pastagem\/#breadcrumb","itemListElement":[{"@type":"ListItem","position":1,"name":"In\u00edcio","item":"https:\/\/agenciacarcara.com.br\/marketingagronegocio\/"},{"@type":"ListItem","position":2,"name":"Portfolio","item":"https:\/\/agenciacarcara.com.br\/marketingagronegocio\/portfolio\/"},{"@type":"ListItem","position":3,"name":"Gest\u00e3o de Redes Sociais e Tr\u00e1fego Pago Mineir\u00e3o Sementes para Pastagem"}]},{"@type":"WebSite","@id":"https:\/\/agenciacarcara.com.br\/marketingagronegocio\/#website","url":"https:\/\/agenciacarcara.com.br\/marketingagronegocio\/","name":"Ag\u00eancia Carcar\u00e1 Marketing Agroneg\u00f3cio","description":"\u00c9 a parceira estrat\u00e9gica no agromarketing e no digital que impulsiona o seu neg\u00f3cio no agroneg\u00f3cio e agroind\u00fastria.","publisher":{"@id":"https:\/\/agenciacarcara.com.br\/marketingagronegocio\/#organization"},"potentialAction":[{"@type":"SearchAction","target":{"@type":"EntryPoint","urlTemplate":"https:\/\/agenciacarcara.com.br\/marketingagronegocio\/?s={search_term_string}"},"query-input":{"@type":"PropertyValueSpecification","valueRequired":true,"valueName":"search_term_string"}}],"inLanguage":"en-US"},{"@type":"Organization","@id":"https:\/\/agenciacarcara.com.br\/marketingagronegocio\/#organization","name":"Ag\u00eancia Carcar\u00e1 Marketing Agroneg\u00f3cio","url":"https:\/\/agenciacarcara.com.br\/marketingagronegocio\/","logo":{"@type":"ImageObject","inLanguage":"en-US","@id":"https:\/\/agenciacarcara.com.br\/marketingagronegocio\/#\/schema\/logo\/image\/","url":"https:\/\/agenciacarcara.com.br\/marketingagronegocio\/wp-content\/uploads\/2024\/05\/logo-3-retina-1.png","contentUrl":"https:\/\/agenciacarcara.com.br\/marketingagronegocio\/wp-content\/uploads\/2024\/05\/logo-3-retina-1.png","width":346,"height":106,"caption":"Ag\u00eancia Carcar\u00e1 Marketing Agroneg\u00f3cio"},"image":{"@id":"https:\/\/agenciacarcara.com.br\/marketingagronegocio\/#\/schema\/logo\/image\/"},"sameAs":["https:\/\/www.facebook.com\/agenciacarcarabr","https:\/\/x.com\/agenciacarcara","https:\/\/www.youtube.com\/channel\/UCTre6VaKYncncM52UEA3eEw?sub_confirmation=1","https:\/\/www.linkedin.com\/company-beta\/3599884","https:\/\/instagram.com\/agenciacarcara"]}]}},"_links":{"self":[{"href":"https:\/\/agenciacarcara.com.br\/marketingagronegocio\/wp-json\/wp\/v2\/cpt_portfolio\/23453","targetHints":{"allow":["GET"]}}],"collection":[{"href":"https:\/\/agenciacarcara.com.br\/marketingagronegocio\/wp-json\/wp\/v2\/cpt_portfolio"}],"about":[{"href":"https:\/\/agenciacarcara.com.br\/marketingagronegocio\/wp-json\/wp\/v2\/types\/cpt_portfolio"}],"author":[{"embeddable":true,"href":"https:\/\/agenciacarcara.com.br\/marketingagronegocio\/wp-json\/wp\/v2\/users\/1"}],"wp:featuredmedia":[{"embeddable":true,"href":"https:\/\/agenciacarcara.com.br\/marketingagronegocio\/wp-json\/wp\/v2\/media\/23454"}],"wp:attachment":[{"href":"https:\/\/agenciacarcara.com.br\/marketingagronegocio\/wp-json\/wp\/v2\/media?parent=23453"}],"wp:term":[{"taxonomy":"cpt_portfolio_group","embeddable":true,"href":"https:\/\/agenciacarcara.com.br\/marketingagronegocio\/wp-json\/wp\/v2\/cpt_portfolio_group?post=23453"}],"curies":[{"name":"wp","href":"https:\/\/api.w.org\/{rel}","templated":true}]}}