{"id":24023,"date":"2025-07-08T12:07:55","date_gmt":"2025-07-08T15:07:55","guid":{"rendered":"https:\/\/agenciacarcara.com.br\/marketingagronegocio\/?post_type=cpt_portfolio&#038;p=24023"},"modified":"2025-07-08T12:07:56","modified_gmt":"2025-07-08T15:07:56","slug":"na-trilha-das-cachoeiras-midia-kit-e-branding-para-projeto","status":"publish","type":"cpt_portfolio","link":"https:\/\/agenciacarcara.com.br\/marketingagronegocio\/portfolio\/na-trilha-das-cachoeiras-midia-kit-e-branding-para-projeto\/","title":{"rendered":"Na Trilha das Cachoeiras M\u00eddia Kit e branding para projeto"},"content":{"rendered":"\n<h2 class=\"wp-block-heading\">Projeto de comunica\u00e7\u00e3o publicit\u00e1ria para apresentar o programa Na Trilha das Cachoeiras, com o intuito de capta\u00e7\u00e3o de recurso e patroc\u00ednio, para produ\u00e7\u00e3o de toda a temporada.<\/h2>\n\n\n\n<p><strong>OBJETIVO<\/strong><\/p>\n\n\n\n<p>Na Trilha das Cachoeiras vai viajar pelas 5 regi\u00f5es brasileiras, num ve\u00edculo 4X4, percorrendo estradas e trilhas, desbravando caminhos na busca das mais belas cachoeiras do Brasil.<\/p>\n\n\n\n<p><strong>P\u00daBLICO ALVO<\/strong><\/p>\n\n\n\n<p>Todos aqueles que buscam a harmonia com a natureza<\/p>\n\n\n\n<p>Adeptos da pr\u00e1tica esportes de aventura \u2013 trekking, o rapel em cachoeiras, boia-cross, tirolesas, o 4\u00d74, cavalgadas, dentre outros.<\/p>\n\n\n\n<p>S\u00e3o pessoas de diversas \u201ctribos\u201d, com idades, necessidades e interesses, o que sinaliza uma incessante busca da harmonia com a natureza e do bem-estar proporcionado por esse contato.<\/p>\n\n\n\n<p><strong>TURISMO<\/strong><\/p>\n\n\n\n<p>O segmento do Turismo de Aventura cresce paralelamente, proporcionando ao indiv\u00edduo a pr\u00e1tica de uma gama de atividades junto \u00e0 natureza, como rapel, o trekking, os passeios de bikes, 4X4e muitos outros.<\/p>\n\n\n\n<p><strong>TURISMO NO BRASIL<\/strong><\/p>\n\n\n\n<p>O Brasil \u00e9 apontado, dentre 140 pa\u00edses, como o primeiro do ranking em belezas naturais.<\/p>\n\n\n\n<p>O turismo \u00e9 o 5\u00ba produto de exporta\u00e7\u00e3o brasileiro.<\/p>\n\n\n\n<p>\u00c9 crescente o n\u00famero de brasileiros interessados em conhecer as belezas e desfrutar um contato mais pr\u00f3ximo com a natureza do pr\u00f3prio Pais. Quanto?<\/p>\n\n\n\n<p>Mais de 5,5 milh\u00f5es de turistas visitam o Brasil em busca de adrenalina. Isso coloca o Pa\u00eds no 3\u00ba lugar em n\u00fameros de adeptos do Turismo de Aventura, atr\u00e1s, apenas, dos EUA e Argentina (Associa\u00e7\u00e3o Brasileira de Empresas de Turismo de Aventura\/2011).<\/p>\n\n\n\n<p>O Brasil \u00e9 o pa\u00eds ideal para pr\u00e1tica de aventura&nbsp;e um dos melhores destinos tur\u00edsticos do mundo, segundo uma pesquisa elaborada pelo portal americano US News &amp; World Report, a consultoria BAV e a escola de neg\u00f3cios Wharton, da Universidade da Pensilv\u00e2nia. Pesquisa em mais de 60 pa\u00edses. Entre os atributos que levaram o Brasil a ser o n\u00famero 1 no ranking aventura est\u00e3o: divers\u00e3o, cen\u00e1rio e clima agrad\u00e1vel, itens avaliados com notas acima de 8,5. O estudo foi apresentado durante o F\u00f3rum Econ\u00f4mico de Davos, na Su\u00ed\u00e7a.<\/p>\n\n\n\n<figure class=\"wp-block-image\"><img decoding=\"async\" src=\"https:\/\/agenciacarcara.com.br\/wp-content\/uploads\/2025\/03\/img_youtube_CAPA-2048x1152-1.jpg\" alt=\"\" class=\"wp-image-23513\"\/><\/figure>\n\n\n\n<figure class=\"wp-block-image\"><img decoding=\"async\" src=\"https:\/\/agenciacarcara.com.br\/wp-content\/uploads\/2025\/03\/Screenshot_352.png\" alt=\"\" class=\"wp-image-23512\"\/><\/figure>\n\n\n\n<figure class=\"wp-block-image\"><img decoding=\"async\" src=\"https:\/\/agenciacarcara.com.br\/wp-content\/uploads\/2025\/03\/Screenshot_353.png\" alt=\"\" class=\"wp-image-23511\"\/><\/figure>\n\n\n\n<figure class=\"wp-block-image\"><img decoding=\"async\" src=\"https:\/\/agenciacarcara.com.br\/wp-content\/uploads\/2025\/03\/Screenshot_354.png\" alt=\"\" class=\"wp-image-23510\"\/><\/figure>\n\n\n\n<figure class=\"wp-block-image\"><img decoding=\"async\" src=\"https:\/\/agenciacarcara.com.br\/wp-content\/uploads\/2025\/03\/Screenshot_355.png\" alt=\"\" class=\"wp-image-23509\"\/><\/figure>\n\n\n\n<figure class=\"wp-block-image\"><img decoding=\"async\" src=\"https:\/\/agenciacarcara.com.br\/wp-content\/uploads\/2025\/03\/Screenshot_356.png\" alt=\"\" class=\"wp-image-23508\"\/><\/figure>\n\n\n\n<figure class=\"wp-block-image\"><img decoding=\"async\" src=\"https:\/\/agenciacarcara.com.br\/wp-content\/uploads\/2025\/03\/Screenshot_357.png\" alt=\"\" class=\"wp-image-23507\"\/><\/figure>\n\n\n\n<figure class=\"wp-block-embed is-type-video is-provider-youtube wp-block-embed-youtube wp-embed-aspect-16-9 wp-has-aspect-ratio\"><div class=\"wp-block-embed__wrapper\">\n<iframe title=\"Na Trilha das Cachoeiras\" width=\"1290\" height=\"726\" src=\"https:\/\/www.youtube.com\/embed\/1GgvoA_epvM?feature=oembed\" frameborder=\"0\" allow=\"accelerometer; autoplay; clipboard-write; encrypted-media; gyroscope; picture-in-picture; web-share\" referrerpolicy=\"strict-origin-when-cross-origin\" allowfullscreen><\/iframe>\n<\/div><\/figure>\n","protected":false},"excerpt":{"rendered":"<p>Projeto de comunica\u00e7\u00e3o publicit\u00e1ria para apresentar o programa Na Trilha das Cachoeiras, com o intuito de capta\u00e7\u00e3o de recurso e patroc\u00ednio, para produ\u00e7\u00e3o de toda a temporada. OBJETIVO Na Trilha&hellip;<\/p>\n","protected":false},"author":1,"featured_media":24024,"template":"","cpt_portfolio_group":[227],"class_list":["post-24023","cpt_portfolio","type-cpt_portfolio","status-publish","has-post-thumbnail","hentry","cpt_portfolio_group-diagramacao-de-publicacao"],"yoast_head":"<!-- This site is optimized with the Yoast SEO plugin v27.4 - https:\/\/yoast.com\/product\/yoast-seo-wordpress\/ -->\n<title>Na Trilha das Cachoeiras M\u00eddia Kit e branding para projeto - Ag\u00eancia Carcar\u00e1 Marketing Agroneg\u00f3cio<\/title>\n<meta name=\"robots\" content=\"index, follow, max-snippet:-1, max-image-preview:large, max-video-preview:-1\" \/>\n<link rel=\"canonical\" href=\"https:\/\/agenciacarcara.com.br\/marketingagronegocio\/portfolio\/na-trilha-das-cachoeiras-midia-kit-e-branding-para-projeto\/\" \/>\n<meta property=\"og:locale\" content=\"en_US\" \/>\n<meta property=\"og:type\" content=\"article\" \/>\n<meta property=\"og:title\" content=\"Na Trilha das Cachoeiras M\u00eddia Kit e branding para projeto - Ag\u00eancia Carcar\u00e1 Marketing Agroneg\u00f3cio\" \/>\n<meta property=\"og:description\" content=\"Projeto de comunica\u00e7\u00e3o publicit\u00e1ria para apresentar o programa Na Trilha das Cachoeiras, com o intuito de capta\u00e7\u00e3o de recurso e patroc\u00ednio, para produ\u00e7\u00e3o de toda a temporada. OBJETIVO Na Trilha&hellip;\" \/>\n<meta property=\"og:url\" content=\"https:\/\/agenciacarcara.com.br\/marketingagronegocio\/portfolio\/na-trilha-das-cachoeiras-midia-kit-e-branding-para-projeto\/\" \/>\n<meta property=\"og:site_name\" content=\"Ag\u00eancia Carcar\u00e1 Marketing Agroneg\u00f3cio\" \/>\n<meta property=\"article:publisher\" content=\"https:\/\/www.facebook.com\/agenciacarcarabr\" \/>\n<meta property=\"article:modified_time\" content=\"2025-07-08T15:07:56+00:00\" \/>\n<meta property=\"og:image\" content=\"http:\/\/agenciacarcara.com.br\/marketingagronegocio\/wp-content\/uploads\/2025\/07\/trilha-das-cachoeiras.jpg\" \/>\n\t<meta property=\"og:image:width\" content=\"850\" \/>\n\t<meta property=\"og:image:height\" content=\"478\" \/>\n\t<meta property=\"og:image:type\" content=\"image\/jpeg\" \/>\n<meta name=\"twitter:card\" content=\"summary_large_image\" \/>\n<meta name=\"twitter:site\" content=\"@agenciacarcara\" \/>\n<meta name=\"twitter:label1\" content=\"Est. reading time\" \/>\n\t<meta name=\"twitter:data1\" content=\"4 minutes\" \/>\n<script type=\"application\/ld+json\" class=\"yoast-schema-graph\">{\"@context\":\"https:\\\/\\\/schema.org\",\"@graph\":[{\"@type\":\"WebPage\",\"@id\":\"https:\\\/\\\/agenciacarcara.com.br\\\/marketingagronegocio\\\/portfolio\\\/na-trilha-das-cachoeiras-midia-kit-e-branding-para-projeto\\\/\",\"url\":\"https:\\\/\\\/agenciacarcara.com.br\\\/marketingagronegocio\\\/portfolio\\\/na-trilha-das-cachoeiras-midia-kit-e-branding-para-projeto\\\/\",\"name\":\"Na Trilha das Cachoeiras M\u00eddia Kit e branding para projeto - Ag\u00eancia Carcar\u00e1 Marketing Agroneg\u00f3cio\",\"isPartOf\":{\"@id\":\"https:\\\/\\\/agenciacarcara.com.br\\\/marketingagronegocio\\\/#website\"},\"primaryImageOfPage\":{\"@id\":\"https:\\\/\\\/agenciacarcara.com.br\\\/marketingagronegocio\\\/portfolio\\\/na-trilha-das-cachoeiras-midia-kit-e-branding-para-projeto\\\/#primaryimage\"},\"image\":{\"@id\":\"https:\\\/\\\/agenciacarcara.com.br\\\/marketingagronegocio\\\/portfolio\\\/na-trilha-das-cachoeiras-midia-kit-e-branding-para-projeto\\\/#primaryimage\"},\"thumbnailUrl\":\"https:\\\/\\\/agenciacarcara.com.br\\\/marketingagronegocio\\\/wp-content\\\/uploads\\\/2025\\\/07\\\/trilha-das-cachoeiras.jpg\",\"datePublished\":\"2025-07-08T15:07:55+00:00\",\"dateModified\":\"2025-07-08T15:07:56+00:00\",\"breadcrumb\":{\"@id\":\"https:\\\/\\\/agenciacarcara.com.br\\\/marketingagronegocio\\\/portfolio\\\/na-trilha-das-cachoeiras-midia-kit-e-branding-para-projeto\\\/#breadcrumb\"},\"inLanguage\":\"en-US\",\"potentialAction\":[{\"@type\":\"ReadAction\",\"target\":[\"https:\\\/\\\/agenciacarcara.com.br\\\/marketingagronegocio\\\/portfolio\\\/na-trilha-das-cachoeiras-midia-kit-e-branding-para-projeto\\\/\"]}]},{\"@type\":\"ImageObject\",\"inLanguage\":\"en-US\",\"@id\":\"https:\\\/\\\/agenciacarcara.com.br\\\/marketingagronegocio\\\/portfolio\\\/na-trilha-das-cachoeiras-midia-kit-e-branding-para-projeto\\\/#primaryimage\",\"url\":\"https:\\\/\\\/agenciacarcara.com.br\\\/marketingagronegocio\\\/wp-content\\\/uploads\\\/2025\\\/07\\\/trilha-das-cachoeiras.jpg\",\"contentUrl\":\"https:\\\/\\\/agenciacarcara.com.br\\\/marketingagronegocio\\\/wp-content\\\/uploads\\\/2025\\\/07\\\/trilha-das-cachoeiras.jpg\",\"width\":850,\"height\":478},{\"@type\":\"BreadcrumbList\",\"@id\":\"https:\\\/\\\/agenciacarcara.com.br\\\/marketingagronegocio\\\/portfolio\\\/na-trilha-das-cachoeiras-midia-kit-e-branding-para-projeto\\\/#breadcrumb\",\"itemListElement\":[{\"@type\":\"ListItem\",\"position\":1,\"name\":\"In\u00edcio\",\"item\":\"https:\\\/\\\/agenciacarcara.com.br\\\/marketingagronegocio\\\/\"},{\"@type\":\"ListItem\",\"position\":2,\"name\":\"Portfolio\",\"item\":\"https:\\\/\\\/agenciacarcara.com.br\\\/marketingagronegocio\\\/portfolio\\\/\"},{\"@type\":\"ListItem\",\"position\":3,\"name\":\"Na Trilha das Cachoeiras M\u00eddia Kit e branding para projeto\"}]},{\"@type\":\"WebSite\",\"@id\":\"https:\\\/\\\/agenciacarcara.com.br\\\/marketingagronegocio\\\/#website\",\"url\":\"https:\\\/\\\/agenciacarcara.com.br\\\/marketingagronegocio\\\/\",\"name\":\"Ag\u00eancia Carcar\u00e1 Marketing Agroneg\u00f3cio\",\"description\":\"\u00c9 a parceira estrat\u00e9gica no agromarketing e no digital que impulsiona o seu neg\u00f3cio no agroneg\u00f3cio e agroind\u00fastria.\",\"publisher\":{\"@id\":\"https:\\\/\\\/agenciacarcara.com.br\\\/marketingagronegocio\\\/#organization\"},\"potentialAction\":[{\"@type\":\"SearchAction\",\"target\":{\"@type\":\"EntryPoint\",\"urlTemplate\":\"https:\\\/\\\/agenciacarcara.com.br\\\/marketingagronegocio\\\/?s={search_term_string}\"},\"query-input\":{\"@type\":\"PropertyValueSpecification\",\"valueRequired\":true,\"valueName\":\"search_term_string\"}}],\"inLanguage\":\"en-US\"},{\"@type\":\"Organization\",\"@id\":\"https:\\\/\\\/agenciacarcara.com.br\\\/marketingagronegocio\\\/#organization\",\"name\":\"Ag\u00eancia Carcar\u00e1 Marketing Agroneg\u00f3cio\",\"url\":\"https:\\\/\\\/agenciacarcara.com.br\\\/marketingagronegocio\\\/\",\"logo\":{\"@type\":\"ImageObject\",\"inLanguage\":\"en-US\",\"@id\":\"https:\\\/\\\/agenciacarcara.com.br\\\/marketingagronegocio\\\/#\\\/schema\\\/logo\\\/image\\\/\",\"url\":\"https:\\\/\\\/agenciacarcara.com.br\\\/marketingagronegocio\\\/wp-content\\\/uploads\\\/2024\\\/05\\\/logo-3-retina-1.png\",\"contentUrl\":\"https:\\\/\\\/agenciacarcara.com.br\\\/marketingagronegocio\\\/wp-content\\\/uploads\\\/2024\\\/05\\\/logo-3-retina-1.png\",\"width\":346,\"height\":106,\"caption\":\"Ag\u00eancia Carcar\u00e1 Marketing Agroneg\u00f3cio\"},\"image\":{\"@id\":\"https:\\\/\\\/agenciacarcara.com.br\\\/marketingagronegocio\\\/#\\\/schema\\\/logo\\\/image\\\/\"},\"sameAs\":[\"https:\\\/\\\/www.facebook.com\\\/agenciacarcarabr\",\"https:\\\/\\\/x.com\\\/agenciacarcara\",\"https:\\\/\\\/www.youtube.com\\\/channel\\\/UCTre6VaKYncncM52UEA3eEw?sub_confirmation=1\",\"https:\\\/\\\/www.linkedin.com\\\/company-beta\\\/3599884\",\"https:\\\/\\\/instagram.com\\\/agenciacarcara\"]}]}<\/script>\n<!-- \/ Yoast SEO plugin. -->","yoast_head_json":{"title":"Na Trilha das Cachoeiras M\u00eddia Kit e branding para projeto - Ag\u00eancia Carcar\u00e1 Marketing Agroneg\u00f3cio","robots":{"index":"index","follow":"follow","max-snippet":"max-snippet:-1","max-image-preview":"max-image-preview:large","max-video-preview":"max-video-preview:-1"},"canonical":"https:\/\/agenciacarcara.com.br\/marketingagronegocio\/portfolio\/na-trilha-das-cachoeiras-midia-kit-e-branding-para-projeto\/","og_locale":"en_US","og_type":"article","og_title":"Na Trilha das Cachoeiras M\u00eddia Kit e branding para projeto - Ag\u00eancia Carcar\u00e1 Marketing Agroneg\u00f3cio","og_description":"Projeto de comunica\u00e7\u00e3o publicit\u00e1ria para apresentar o programa Na Trilha das Cachoeiras, com o intuito de capta\u00e7\u00e3o de recurso e patroc\u00ednio, para produ\u00e7\u00e3o de toda a temporada. OBJETIVO Na Trilha&hellip;","og_url":"https:\/\/agenciacarcara.com.br\/marketingagronegocio\/portfolio\/na-trilha-das-cachoeiras-midia-kit-e-branding-para-projeto\/","og_site_name":"Ag\u00eancia Carcar\u00e1 Marketing Agroneg\u00f3cio","article_publisher":"https:\/\/www.facebook.com\/agenciacarcarabr","article_modified_time":"2025-07-08T15:07:56+00:00","og_image":[{"width":850,"height":478,"url":"http:\/\/agenciacarcara.com.br\/marketingagronegocio\/wp-content\/uploads\/2025\/07\/trilha-das-cachoeiras.jpg","type":"image\/jpeg"}],"twitter_card":"summary_large_image","twitter_site":"@agenciacarcara","twitter_misc":{"Est. reading time":"4 minutes"},"schema":{"@context":"https:\/\/schema.org","@graph":[{"@type":"WebPage","@id":"https:\/\/agenciacarcara.com.br\/marketingagronegocio\/portfolio\/na-trilha-das-cachoeiras-midia-kit-e-branding-para-projeto\/","url":"https:\/\/agenciacarcara.com.br\/marketingagronegocio\/portfolio\/na-trilha-das-cachoeiras-midia-kit-e-branding-para-projeto\/","name":"Na Trilha das Cachoeiras M\u00eddia Kit e branding para projeto - Ag\u00eancia Carcar\u00e1 Marketing Agroneg\u00f3cio","isPartOf":{"@id":"https:\/\/agenciacarcara.com.br\/marketingagronegocio\/#website"},"primaryImageOfPage":{"@id":"https:\/\/agenciacarcara.com.br\/marketingagronegocio\/portfolio\/na-trilha-das-cachoeiras-midia-kit-e-branding-para-projeto\/#primaryimage"},"image":{"@id":"https:\/\/agenciacarcara.com.br\/marketingagronegocio\/portfolio\/na-trilha-das-cachoeiras-midia-kit-e-branding-para-projeto\/#primaryimage"},"thumbnailUrl":"https:\/\/agenciacarcara.com.br\/marketingagronegocio\/wp-content\/uploads\/2025\/07\/trilha-das-cachoeiras.jpg","datePublished":"2025-07-08T15:07:55+00:00","dateModified":"2025-07-08T15:07:56+00:00","breadcrumb":{"@id":"https:\/\/agenciacarcara.com.br\/marketingagronegocio\/portfolio\/na-trilha-das-cachoeiras-midia-kit-e-branding-para-projeto\/#breadcrumb"},"inLanguage":"en-US","potentialAction":[{"@type":"ReadAction","target":["https:\/\/agenciacarcara.com.br\/marketingagronegocio\/portfolio\/na-trilha-das-cachoeiras-midia-kit-e-branding-para-projeto\/"]}]},{"@type":"ImageObject","inLanguage":"en-US","@id":"https:\/\/agenciacarcara.com.br\/marketingagronegocio\/portfolio\/na-trilha-das-cachoeiras-midia-kit-e-branding-para-projeto\/#primaryimage","url":"https:\/\/agenciacarcara.com.br\/marketingagronegocio\/wp-content\/uploads\/2025\/07\/trilha-das-cachoeiras.jpg","contentUrl":"https:\/\/agenciacarcara.com.br\/marketingagronegocio\/wp-content\/uploads\/2025\/07\/trilha-das-cachoeiras.jpg","width":850,"height":478},{"@type":"BreadcrumbList","@id":"https:\/\/agenciacarcara.com.br\/marketingagronegocio\/portfolio\/na-trilha-das-cachoeiras-midia-kit-e-branding-para-projeto\/#breadcrumb","itemListElement":[{"@type":"ListItem","position":1,"name":"In\u00edcio","item":"https:\/\/agenciacarcara.com.br\/marketingagronegocio\/"},{"@type":"ListItem","position":2,"name":"Portfolio","item":"https:\/\/agenciacarcara.com.br\/marketingagronegocio\/portfolio\/"},{"@type":"ListItem","position":3,"name":"Na Trilha das Cachoeiras M\u00eddia Kit e branding para projeto"}]},{"@type":"WebSite","@id":"https:\/\/agenciacarcara.com.br\/marketingagronegocio\/#website","url":"https:\/\/agenciacarcara.com.br\/marketingagronegocio\/","name":"Ag\u00eancia Carcar\u00e1 Marketing Agroneg\u00f3cio","description":"\u00c9 a parceira estrat\u00e9gica no agromarketing e no digital que impulsiona o seu neg\u00f3cio no agroneg\u00f3cio e agroind\u00fastria.","publisher":{"@id":"https:\/\/agenciacarcara.com.br\/marketingagronegocio\/#organization"},"potentialAction":[{"@type":"SearchAction","target":{"@type":"EntryPoint","urlTemplate":"https:\/\/agenciacarcara.com.br\/marketingagronegocio\/?s={search_term_string}"},"query-input":{"@type":"PropertyValueSpecification","valueRequired":true,"valueName":"search_term_string"}}],"inLanguage":"en-US"},{"@type":"Organization","@id":"https:\/\/agenciacarcara.com.br\/marketingagronegocio\/#organization","name":"Ag\u00eancia Carcar\u00e1 Marketing Agroneg\u00f3cio","url":"https:\/\/agenciacarcara.com.br\/marketingagronegocio\/","logo":{"@type":"ImageObject","inLanguage":"en-US","@id":"https:\/\/agenciacarcara.com.br\/marketingagronegocio\/#\/schema\/logo\/image\/","url":"https:\/\/agenciacarcara.com.br\/marketingagronegocio\/wp-content\/uploads\/2024\/05\/logo-3-retina-1.png","contentUrl":"https:\/\/agenciacarcara.com.br\/marketingagronegocio\/wp-content\/uploads\/2024\/05\/logo-3-retina-1.png","width":346,"height":106,"caption":"Ag\u00eancia Carcar\u00e1 Marketing Agroneg\u00f3cio"},"image":{"@id":"https:\/\/agenciacarcara.com.br\/marketingagronegocio\/#\/schema\/logo\/image\/"},"sameAs":["https:\/\/www.facebook.com\/agenciacarcarabr","https:\/\/x.com\/agenciacarcara","https:\/\/www.youtube.com\/channel\/UCTre6VaKYncncM52UEA3eEw?sub_confirmation=1","https:\/\/www.linkedin.com\/company-beta\/3599884","https:\/\/instagram.com\/agenciacarcara"]}]}},"_links":{"self":[{"href":"https:\/\/agenciacarcara.com.br\/marketingagronegocio\/wp-json\/wp\/v2\/cpt_portfolio\/24023","targetHints":{"allow":["GET"]}}],"collection":[{"href":"https:\/\/agenciacarcara.com.br\/marketingagronegocio\/wp-json\/wp\/v2\/cpt_portfolio"}],"about":[{"href":"https:\/\/agenciacarcara.com.br\/marketingagronegocio\/wp-json\/wp\/v2\/types\/cpt_portfolio"}],"author":[{"embeddable":true,"href":"https:\/\/agenciacarcara.com.br\/marketingagronegocio\/wp-json\/wp\/v2\/users\/1"}],"wp:featuredmedia":[{"embeddable":true,"href":"https:\/\/agenciacarcara.com.br\/marketingagronegocio\/wp-json\/wp\/v2\/media\/24024"}],"wp:attachment":[{"href":"https:\/\/agenciacarcara.com.br\/marketingagronegocio\/wp-json\/wp\/v2\/media?parent=24023"}],"wp:term":[{"taxonomy":"cpt_portfolio_group","embeddable":true,"href":"https:\/\/agenciacarcara.com.br\/marketingagronegocio\/wp-json\/wp\/v2\/cpt_portfolio_group?post=24023"}],"curies":[{"name":"wp","href":"https:\/\/api.w.org\/{rel}","templated":true}]}}