{"id":24038,"date":"2025-07-08T12:30:19","date_gmt":"2025-07-08T15:30:19","guid":{"rendered":"https:\/\/agenciacarcara.com.br\/marketingagronegocio\/?post_type=cpt_portfolio&#038;p=24038"},"modified":"2025-07-08T12:30:19","modified_gmt":"2025-07-08T15:30:19","slug":"criacao-apresentacao-de-alto-impacto-para-a-otca-ora-e-pric","status":"publish","type":"cpt_portfolio","link":"https:\/\/agenciacarcara.com.br\/marketingagronegocio\/portfolio\/criacao-apresentacao-de-alto-impacto-para-a-otca-ora-e-pric\/","title":{"rendered":"Cria\u00e7\u00e3o Apresenta\u00e7\u00e3o de alto impacto para a OTCA, ORA e PRIC"},"content":{"rendered":"\n<p>A Ag\u00eancia Carcar\u00e1 desenvolveu uma s\u00e9rie de apresenta\u00e7\u00f5es de alto impacto para a Organiza\u00e7\u00e3o do Tratado de Coopera\u00e7\u00e3o Amaz\u00f4nica (OTCA), focando em comunicar a import\u00e2ncia de suas iniciativas-chave: o Observat\u00f3rio Regional Amaz\u00f4nico (ORA) e o Programa Regional de Infraestrutura de Conectividade (PRIC). O objetivo foi criar materiais visuais din\u00e2micos e persuasivos, capazes de engajar audi\u00eancias diversas, desde governos e parceiros internacionais at\u00e9 a comunidade cient\u00edfica e a sociedade civil.<\/p>\n\n\n\n<p>A OTCA, como o \u00fanico bloco socioambiental da Am\u00e9rica Latina, trabalha para criar sinergias entre os oito pa\u00edses amaz\u00f4nicos, promovendo a coopera\u00e7\u00e3o nas dimens\u00f5es pol\u00edtico-diplom\u00e1tica, estrat\u00e9gica e t\u00e9cnica, no \u00e2mbito da implementa\u00e7\u00e3o do Tratado de Coopera\u00e7\u00e3o Amaz\u00f4nica (TCA). As apresenta\u00e7\u00f5es criadas pela Ag\u00eancia Carcar\u00e1 s\u00e3o ferramentas essenciais para a dissemina\u00e7\u00e3o e o apoio a esses esfor\u00e7os.<\/p>\n\n\n\n<p>O trabalho de cria\u00e7\u00e3o das apresenta\u00e7\u00f5es incluiu:<\/p>\n\n\n\n<ul class=\"wp-block-list\">\n<li><strong>Design Visual Impactante e Profissional:<\/strong> As apresenta\u00e7\u00f5es utilizam um design moderno, com fundos que remetem \u00e0 natureza exuberante da Amaz\u00f4nia ou a elementos gr\u00e1ficos que simbolizam conectividade e dados, criando uma atmosfera visualmente rica e relevante. A paleta de cores \u00e9 institucional, com destaque para tons de azul e verde, que evocam confian\u00e7a e sustentabilidade.<\/li>\n\n\n\n<li><strong>Comunica\u00e7\u00e3o Clara de Projetos Complexos:<\/strong> O desafio foi traduzir a complexidade de iniciativas como o ORA e o PRIC em mensagens claras e diretas.\n<ul class=\"wp-block-list\">\n<li><strong>Observat\u00f3rio Regional Amaz\u00f4nico (ORA):<\/strong> A apresenta\u00e7\u00e3o do ORA destaca-o como uma plataforma essencial para a gest\u00e3o e dissemina\u00e7\u00e3o de dados e informa\u00e7\u00f5es sobre a Amaz\u00f4nia. Slides podem focar nos tipos de dados dispon\u00edveis, sua relev\u00e2ncia para a tomada de decis\u00f5es e o impacto na coopera\u00e7\u00e3o regional.<\/li>\n\n\n\n<li><strong>Programa Regional de Infraestrutura de Conectividade (PRIC):<\/strong> A apresenta\u00e7\u00e3o do PRIC aborda a import\u00e2ncia da infraestrutura para a conectividade na regi\u00e3o, focando nos benef\u00edcios do programa para o desenvolvimento sustent\u00e1vel, integra\u00e7\u00e3o regional e qualidade de vida das popula\u00e7\u00f5es amaz\u00f4nicas.<\/li>\n<\/ul>\n<\/li>\n\n\n\n<li><strong>Narrativa Persuasiva e Orientada a Resultados:<\/strong> As apresenta\u00e7\u00f5es s\u00e3o estruturadas para contar uma hist\u00f3ria, partindo da vis\u00e3o geral da OTCA, passando pelos problemas a serem resolvidos (ex: falta de conectividade, necessidade de dados integrados) e apresentando o ORA e o PRIC como solu\u00e7\u00f5es estrat\u00e9gicas. O foco \u00e9 nos resultados e no impacto gerado pelas iniciativas.<\/li>\n\n\n\n<li><strong>Uso Estrat\u00e9gico de Elementos Visuais:<\/strong> Gr\u00e1ficos, mapas da Amaz\u00f4nia (destacando os pa\u00edses membros da OTCA), \u00edcones e fotografias de alta qualidade s\u00e3o empregados para ilustrar conceitos, dados e o escopo das opera\u00e7\u00f5es. Isso torna a apresenta\u00e7\u00e3o mais din\u00e2mica, did\u00e1tica e memor\u00e1vel.<\/li>\n\n\n\n<li><strong>Consist\u00eancia da Marca OTCA:<\/strong> Em todos os slides, a identidade visual da OTCA \u00e9 mantida rigorosamente, refor\u00e7ando a credibilidade e o reconhecimento da organiza\u00e7\u00e3o. A presen\u00e7a do logotipo e a consist\u00eancia no estilo garantem um material coeso e profissional.<\/li>\n<\/ul>\n\n\n\n<p>Este projeto demonstra a expertise da Ag\u00eancia Carcar\u00e1 em desenvolver apresenta\u00e7\u00f5es corporativas de alto impacto para organiza\u00e7\u00f5es multilaterais, transformando informa\u00e7\u00f5es complexas em narrativas visuais envolventes e persuasivas, essenciais para o sucesso da miss\u00e3o da OTCA na Amaz\u00f4nia.<\/p>\n\n\n\n<figure class=\"wp-block-image\"><img decoding=\"async\" src=\"https:\/\/agenciacarcara.com.br\/wp-content\/uploads\/2025\/03\/Apresentacao-de-alto-impacto-para-a-OTCA-ORA-e-PRIC-1.png\" alt=\"\" class=\"wp-image-23557\"\/><\/figure>\n\n\n\n<figure class=\"wp-block-image\"><img decoding=\"async\" src=\"https:\/\/agenciacarcara.com.br\/wp-content\/uploads\/2025\/03\/Apresentacao-de-alto-impacto-para-a-OTCA-ORA-e-PRIC-3.png\" alt=\"\" class=\"wp-image-23556\"\/><\/figure>\n\n\n\n<figure class=\"wp-block-image\"><img decoding=\"async\" src=\"https:\/\/agenciacarcara.com.br\/wp-content\/uploads\/2025\/03\/Apresentacao-de-alto-impacto-para-a-OTCA-ORA-e-PRIC-5.png\" alt=\"\" class=\"wp-image-23555\"\/><\/figure>\n\n\n\n<figure class=\"wp-block-image\"><img decoding=\"async\" src=\"https:\/\/agenciacarcara.com.br\/wp-content\/uploads\/2025\/03\/Apresentacao-de-alto-impacto-para-a-OTCA-ORA-e-PRIC-6.png\" alt=\"\" class=\"wp-image-23554\"\/><\/figure>\n\n\n\n<figure class=\"wp-block-image\"><img decoding=\"async\" src=\"https:\/\/agenciacarcara.com.br\/wp-content\/uploads\/2025\/03\/Apresentacao-de-alto-impacto-para-a-OTCA-ORA-e-PRIC-7.png\" alt=\"\" class=\"wp-image-23553\"\/><\/figure>\n\n\n\n<figure class=\"wp-block-image\"><img decoding=\"async\" src=\"https:\/\/agenciacarcara.com.br\/wp-content\/uploads\/2025\/03\/Apresentacao-de-alto-impacto-para-a-OTCA-ORA-e-PRIC-8.png\" alt=\"\" class=\"wp-image-23552\"\/><\/figure>\n\n\n\n<h2 class=\"wp-block-heading\">Apresenta\u00e7\u00e3o antiga da OTCA<\/h2>\n\n\n\n<figure class=\"wp-block-image\"><img decoding=\"async\" src=\"https:\/\/agenciacarcara.com.br\/wp-content\/uploads\/2025\/03\/Apresentacao-de-alto-impacto-para-a-OTCA-ORA-e-PRIC-10.png\" alt=\"\" class=\"wp-image-23551\"\/><\/figure>\n\n\n\n<figure class=\"wp-block-image\"><img decoding=\"async\" src=\"https:\/\/agenciacarcara.com.br\/wp-content\/uploads\/2025\/03\/Apresentacao-de-alto-impacto-para-a-OTCA-ORA-e-PRIC-11.png\" alt=\"\" class=\"wp-image-23550\"\/><\/figure>\n\n\n\n<figure class=\"wp-block-image\"><img decoding=\"async\" src=\"https:\/\/agenciacarcara.com.br\/wp-content\/uploads\/2025\/03\/Apresentacao-de-alto-impacto-para-a-OTCA-ORA-e-PRIC-12.png\" alt=\"\" class=\"wp-image-23549\"\/><\/figure>\n\n\n\n<figure class=\"wp-block-image\"><img decoding=\"async\" src=\"https:\/\/agenciacarcara.com.br\/wp-content\/uploads\/2025\/03\/Apresentacao-de-alto-impacto-para-a-OTCA-ORA-e-PRIC-13.png\" alt=\"\" class=\"wp-image-23548\"\/><\/figure>\n\n\n\n<figure class=\"wp-block-image\"><img decoding=\"async\" src=\"https:\/\/agenciacarcara.com.br\/wp-content\/uploads\/2025\/03\/Apresentacao-de-alto-impacto-para-a-OTCA-ORA-e-PRIC-14.png\" alt=\"\" class=\"wp-image-23547\"\/><\/figure>\n","protected":false},"excerpt":{"rendered":"<p>A Ag\u00eancia Carcar\u00e1 desenvolveu uma s\u00e9rie de apresenta\u00e7\u00f5es de alto impacto para a Organiza\u00e7\u00e3o do Tratado de Coopera\u00e7\u00e3o Amaz\u00f4nica (OTCA), focando em comunicar a import\u00e2ncia de suas iniciativas-chave: o Observat\u00f3rio&hellip;<\/p>\n","protected":false},"author":1,"featured_media":24039,"template":"","cpt_portfolio_group":[227],"class_list":["post-24038","cpt_portfolio","type-cpt_portfolio","status-publish","has-post-thumbnail","hentry","cpt_portfolio_group-diagramacao-de-publicacao"],"yoast_head":"<!-- This site is optimized with the Yoast SEO plugin v27.4 - https:\/\/yoast.com\/product\/yoast-seo-wordpress\/ -->\n<title>Cria\u00e7\u00e3o Apresenta\u00e7\u00e3o de alto impacto para a OTCA, ORA e PRIC - Ag\u00eancia Carcar\u00e1 Marketing Agroneg\u00f3cio<\/title>\n<meta name=\"robots\" content=\"index, follow, max-snippet:-1, max-image-preview:large, max-video-preview:-1\" \/>\n<link rel=\"canonical\" href=\"https:\/\/agenciacarcara.com.br\/marketingagronegocio\/portfolio\/criacao-apresentacao-de-alto-impacto-para-a-otca-ora-e-pric\/\" \/>\n<meta property=\"og:locale\" content=\"en_US\" \/>\n<meta property=\"og:type\" content=\"article\" \/>\n<meta property=\"og:title\" content=\"Cria\u00e7\u00e3o Apresenta\u00e7\u00e3o de alto impacto para a OTCA, ORA e PRIC - Ag\u00eancia Carcar\u00e1 Marketing Agroneg\u00f3cio\" \/>\n<meta property=\"og:description\" content=\"A Ag\u00eancia Carcar\u00e1 desenvolveu uma s\u00e9rie de apresenta\u00e7\u00f5es de alto impacto para a Organiza\u00e7\u00e3o do Tratado de Coopera\u00e7\u00e3o Amaz\u00f4nica (OTCA), focando em comunicar a import\u00e2ncia de suas iniciativas-chave: o Observat\u00f3rio&hellip;\" \/>\n<meta property=\"og:url\" content=\"https:\/\/agenciacarcara.com.br\/marketingagronegocio\/portfolio\/criacao-apresentacao-de-alto-impacto-para-a-otca-ora-e-pric\/\" \/>\n<meta property=\"og:site_name\" content=\"Ag\u00eancia Carcar\u00e1 Marketing Agroneg\u00f3cio\" \/>\n<meta property=\"article:publisher\" content=\"https:\/\/www.facebook.com\/agenciacarcarabr\" \/>\n<meta property=\"og:image\" content=\"http:\/\/agenciacarcara.com.br\/marketingagronegocio\/wp-content\/uploads\/2025\/07\/Apresentacao-de-alto-impacto-para-a-OTCA-ORA-e-PRIC.png\" \/>\n\t<meta property=\"og:image:width\" content=\"1098\" \/>\n\t<meta property=\"og:image:height\" content=\"619\" \/>\n\t<meta property=\"og:image:type\" content=\"image\/png\" \/>\n<meta name=\"twitter:card\" content=\"summary_large_image\" \/>\n<meta name=\"twitter:site\" content=\"@agenciacarcara\" \/>\n<meta name=\"twitter:label1\" content=\"Est. reading time\" \/>\n\t<meta name=\"twitter:data1\" content=\"6 minutes\" \/>\n<script type=\"application\/ld+json\" class=\"yoast-schema-graph\">{\"@context\":\"https:\\\/\\\/schema.org\",\"@graph\":[{\"@type\":\"WebPage\",\"@id\":\"https:\\\/\\\/agenciacarcara.com.br\\\/marketingagronegocio\\\/portfolio\\\/criacao-apresentacao-de-alto-impacto-para-a-otca-ora-e-pric\\\/\",\"url\":\"https:\\\/\\\/agenciacarcara.com.br\\\/marketingagronegocio\\\/portfolio\\\/criacao-apresentacao-de-alto-impacto-para-a-otca-ora-e-pric\\\/\",\"name\":\"Cria\u00e7\u00e3o Apresenta\u00e7\u00e3o de alto impacto para a OTCA, ORA e PRIC - Ag\u00eancia Carcar\u00e1 Marketing Agroneg\u00f3cio\",\"isPartOf\":{\"@id\":\"https:\\\/\\\/agenciacarcara.com.br\\\/marketingagronegocio\\\/#website\"},\"primaryImageOfPage\":{\"@id\":\"https:\\\/\\\/agenciacarcara.com.br\\\/marketingagronegocio\\\/portfolio\\\/criacao-apresentacao-de-alto-impacto-para-a-otca-ora-e-pric\\\/#primaryimage\"},\"image\":{\"@id\":\"https:\\\/\\\/agenciacarcara.com.br\\\/marketingagronegocio\\\/portfolio\\\/criacao-apresentacao-de-alto-impacto-para-a-otca-ora-e-pric\\\/#primaryimage\"},\"thumbnailUrl\":\"https:\\\/\\\/agenciacarcara.com.br\\\/marketingagronegocio\\\/wp-content\\\/uploads\\\/2025\\\/07\\\/Apresentacao-de-alto-impacto-para-a-OTCA-ORA-e-PRIC.png\",\"datePublished\":\"2025-07-08T15:30:19+00:00\",\"breadcrumb\":{\"@id\":\"https:\\\/\\\/agenciacarcara.com.br\\\/marketingagronegocio\\\/portfolio\\\/criacao-apresentacao-de-alto-impacto-para-a-otca-ora-e-pric\\\/#breadcrumb\"},\"inLanguage\":\"en-US\",\"potentialAction\":[{\"@type\":\"ReadAction\",\"target\":[\"https:\\\/\\\/agenciacarcara.com.br\\\/marketingagronegocio\\\/portfolio\\\/criacao-apresentacao-de-alto-impacto-para-a-otca-ora-e-pric\\\/\"]}]},{\"@type\":\"ImageObject\",\"inLanguage\":\"en-US\",\"@id\":\"https:\\\/\\\/agenciacarcara.com.br\\\/marketingagronegocio\\\/portfolio\\\/criacao-apresentacao-de-alto-impacto-para-a-otca-ora-e-pric\\\/#primaryimage\",\"url\":\"https:\\\/\\\/agenciacarcara.com.br\\\/marketingagronegocio\\\/wp-content\\\/uploads\\\/2025\\\/07\\\/Apresentacao-de-alto-impacto-para-a-OTCA-ORA-e-PRIC.png\",\"contentUrl\":\"https:\\\/\\\/agenciacarcara.com.br\\\/marketingagronegocio\\\/wp-content\\\/uploads\\\/2025\\\/07\\\/Apresentacao-de-alto-impacto-para-a-OTCA-ORA-e-PRIC.png\",\"width\":1098,\"height\":619},{\"@type\":\"BreadcrumbList\",\"@id\":\"https:\\\/\\\/agenciacarcara.com.br\\\/marketingagronegocio\\\/portfolio\\\/criacao-apresentacao-de-alto-impacto-para-a-otca-ora-e-pric\\\/#breadcrumb\",\"itemListElement\":[{\"@type\":\"ListItem\",\"position\":1,\"name\":\"In\u00edcio\",\"item\":\"https:\\\/\\\/agenciacarcara.com.br\\\/marketingagronegocio\\\/\"},{\"@type\":\"ListItem\",\"position\":2,\"name\":\"Portfolio\",\"item\":\"https:\\\/\\\/agenciacarcara.com.br\\\/marketingagronegocio\\\/portfolio\\\/\"},{\"@type\":\"ListItem\",\"position\":3,\"name\":\"Cria\u00e7\u00e3o Apresenta\u00e7\u00e3o de alto impacto para a OTCA, ORA e PRIC\"}]},{\"@type\":\"WebSite\",\"@id\":\"https:\\\/\\\/agenciacarcara.com.br\\\/marketingagronegocio\\\/#website\",\"url\":\"https:\\\/\\\/agenciacarcara.com.br\\\/marketingagronegocio\\\/\",\"name\":\"Ag\u00eancia Carcar\u00e1 Marketing Agroneg\u00f3cio\",\"description\":\"\u00c9 a parceira estrat\u00e9gica no agromarketing e no digital que impulsiona o seu neg\u00f3cio no agroneg\u00f3cio e agroind\u00fastria.\",\"publisher\":{\"@id\":\"https:\\\/\\\/agenciacarcara.com.br\\\/marketingagronegocio\\\/#organization\"},\"potentialAction\":[{\"@type\":\"SearchAction\",\"target\":{\"@type\":\"EntryPoint\",\"urlTemplate\":\"https:\\\/\\\/agenciacarcara.com.br\\\/marketingagronegocio\\\/?s={search_term_string}\"},\"query-input\":{\"@type\":\"PropertyValueSpecification\",\"valueRequired\":true,\"valueName\":\"search_term_string\"}}],\"inLanguage\":\"en-US\"},{\"@type\":\"Organization\",\"@id\":\"https:\\\/\\\/agenciacarcara.com.br\\\/marketingagronegocio\\\/#organization\",\"name\":\"Ag\u00eancia Carcar\u00e1 Marketing Agroneg\u00f3cio\",\"url\":\"https:\\\/\\\/agenciacarcara.com.br\\\/marketingagronegocio\\\/\",\"logo\":{\"@type\":\"ImageObject\",\"inLanguage\":\"en-US\",\"@id\":\"https:\\\/\\\/agenciacarcara.com.br\\\/marketingagronegocio\\\/#\\\/schema\\\/logo\\\/image\\\/\",\"url\":\"https:\\\/\\\/agenciacarcara.com.br\\\/marketingagronegocio\\\/wp-content\\\/uploads\\\/2024\\\/05\\\/logo-3-retina-1.png\",\"contentUrl\":\"https:\\\/\\\/agenciacarcara.com.br\\\/marketingagronegocio\\\/wp-content\\\/uploads\\\/2024\\\/05\\\/logo-3-retina-1.png\",\"width\":346,\"height\":106,\"caption\":\"Ag\u00eancia Carcar\u00e1 Marketing Agroneg\u00f3cio\"},\"image\":{\"@id\":\"https:\\\/\\\/agenciacarcara.com.br\\\/marketingagronegocio\\\/#\\\/schema\\\/logo\\\/image\\\/\"},\"sameAs\":[\"https:\\\/\\\/www.facebook.com\\\/agenciacarcarabr\",\"https:\\\/\\\/x.com\\\/agenciacarcara\",\"https:\\\/\\\/www.youtube.com\\\/channel\\\/UCTre6VaKYncncM52UEA3eEw?sub_confirmation=1\",\"https:\\\/\\\/www.linkedin.com\\\/company-beta\\\/3599884\",\"https:\\\/\\\/instagram.com\\\/agenciacarcara\"]}]}<\/script>\n<!-- \/ Yoast SEO plugin. -->","yoast_head_json":{"title":"Cria\u00e7\u00e3o Apresenta\u00e7\u00e3o de alto impacto para a OTCA, ORA e PRIC - Ag\u00eancia Carcar\u00e1 Marketing Agroneg\u00f3cio","robots":{"index":"index","follow":"follow","max-snippet":"max-snippet:-1","max-image-preview":"max-image-preview:large","max-video-preview":"max-video-preview:-1"},"canonical":"https:\/\/agenciacarcara.com.br\/marketingagronegocio\/portfolio\/criacao-apresentacao-de-alto-impacto-para-a-otca-ora-e-pric\/","og_locale":"en_US","og_type":"article","og_title":"Cria\u00e7\u00e3o Apresenta\u00e7\u00e3o de alto impacto para a OTCA, ORA e PRIC - Ag\u00eancia Carcar\u00e1 Marketing Agroneg\u00f3cio","og_description":"A Ag\u00eancia Carcar\u00e1 desenvolveu uma s\u00e9rie de apresenta\u00e7\u00f5es de alto impacto para a Organiza\u00e7\u00e3o do Tratado de Coopera\u00e7\u00e3o Amaz\u00f4nica (OTCA), focando em comunicar a import\u00e2ncia de suas iniciativas-chave: o Observat\u00f3rio&hellip;","og_url":"https:\/\/agenciacarcara.com.br\/marketingagronegocio\/portfolio\/criacao-apresentacao-de-alto-impacto-para-a-otca-ora-e-pric\/","og_site_name":"Ag\u00eancia Carcar\u00e1 Marketing Agroneg\u00f3cio","article_publisher":"https:\/\/www.facebook.com\/agenciacarcarabr","og_image":[{"width":1098,"height":619,"url":"http:\/\/agenciacarcara.com.br\/marketingagronegocio\/wp-content\/uploads\/2025\/07\/Apresentacao-de-alto-impacto-para-a-OTCA-ORA-e-PRIC.png","type":"image\/png"}],"twitter_card":"summary_large_image","twitter_site":"@agenciacarcara","twitter_misc":{"Est. reading time":"6 minutes"},"schema":{"@context":"https:\/\/schema.org","@graph":[{"@type":"WebPage","@id":"https:\/\/agenciacarcara.com.br\/marketingagronegocio\/portfolio\/criacao-apresentacao-de-alto-impacto-para-a-otca-ora-e-pric\/","url":"https:\/\/agenciacarcara.com.br\/marketingagronegocio\/portfolio\/criacao-apresentacao-de-alto-impacto-para-a-otca-ora-e-pric\/","name":"Cria\u00e7\u00e3o Apresenta\u00e7\u00e3o de alto impacto para a OTCA, ORA e PRIC - Ag\u00eancia Carcar\u00e1 Marketing Agroneg\u00f3cio","isPartOf":{"@id":"https:\/\/agenciacarcara.com.br\/marketingagronegocio\/#website"},"primaryImageOfPage":{"@id":"https:\/\/agenciacarcara.com.br\/marketingagronegocio\/portfolio\/criacao-apresentacao-de-alto-impacto-para-a-otca-ora-e-pric\/#primaryimage"},"image":{"@id":"https:\/\/agenciacarcara.com.br\/marketingagronegocio\/portfolio\/criacao-apresentacao-de-alto-impacto-para-a-otca-ora-e-pric\/#primaryimage"},"thumbnailUrl":"https:\/\/agenciacarcara.com.br\/marketingagronegocio\/wp-content\/uploads\/2025\/07\/Apresentacao-de-alto-impacto-para-a-OTCA-ORA-e-PRIC.png","datePublished":"2025-07-08T15:30:19+00:00","breadcrumb":{"@id":"https:\/\/agenciacarcara.com.br\/marketingagronegocio\/portfolio\/criacao-apresentacao-de-alto-impacto-para-a-otca-ora-e-pric\/#breadcrumb"},"inLanguage":"en-US","potentialAction":[{"@type":"ReadAction","target":["https:\/\/agenciacarcara.com.br\/marketingagronegocio\/portfolio\/criacao-apresentacao-de-alto-impacto-para-a-otca-ora-e-pric\/"]}]},{"@type":"ImageObject","inLanguage":"en-US","@id":"https:\/\/agenciacarcara.com.br\/marketingagronegocio\/portfolio\/criacao-apresentacao-de-alto-impacto-para-a-otca-ora-e-pric\/#primaryimage","url":"https:\/\/agenciacarcara.com.br\/marketingagronegocio\/wp-content\/uploads\/2025\/07\/Apresentacao-de-alto-impacto-para-a-OTCA-ORA-e-PRIC.png","contentUrl":"https:\/\/agenciacarcara.com.br\/marketingagronegocio\/wp-content\/uploads\/2025\/07\/Apresentacao-de-alto-impacto-para-a-OTCA-ORA-e-PRIC.png","width":1098,"height":619},{"@type":"BreadcrumbList","@id":"https:\/\/agenciacarcara.com.br\/marketingagronegocio\/portfolio\/criacao-apresentacao-de-alto-impacto-para-a-otca-ora-e-pric\/#breadcrumb","itemListElement":[{"@type":"ListItem","position":1,"name":"In\u00edcio","item":"https:\/\/agenciacarcara.com.br\/marketingagronegocio\/"},{"@type":"ListItem","position":2,"name":"Portfolio","item":"https:\/\/agenciacarcara.com.br\/marketingagronegocio\/portfolio\/"},{"@type":"ListItem","position":3,"name":"Cria\u00e7\u00e3o Apresenta\u00e7\u00e3o de alto impacto para a OTCA, ORA e PRIC"}]},{"@type":"WebSite","@id":"https:\/\/agenciacarcara.com.br\/marketingagronegocio\/#website","url":"https:\/\/agenciacarcara.com.br\/marketingagronegocio\/","name":"Ag\u00eancia Carcar\u00e1 Marketing Agroneg\u00f3cio","description":"\u00c9 a parceira estrat\u00e9gica no agromarketing e no digital que impulsiona o seu neg\u00f3cio no agroneg\u00f3cio e agroind\u00fastria.","publisher":{"@id":"https:\/\/agenciacarcara.com.br\/marketingagronegocio\/#organization"},"potentialAction":[{"@type":"SearchAction","target":{"@type":"EntryPoint","urlTemplate":"https:\/\/agenciacarcara.com.br\/marketingagronegocio\/?s={search_term_string}"},"query-input":{"@type":"PropertyValueSpecification","valueRequired":true,"valueName":"search_term_string"}}],"inLanguage":"en-US"},{"@type":"Organization","@id":"https:\/\/agenciacarcara.com.br\/marketingagronegocio\/#organization","name":"Ag\u00eancia Carcar\u00e1 Marketing Agroneg\u00f3cio","url":"https:\/\/agenciacarcara.com.br\/marketingagronegocio\/","logo":{"@type":"ImageObject","inLanguage":"en-US","@id":"https:\/\/agenciacarcara.com.br\/marketingagronegocio\/#\/schema\/logo\/image\/","url":"https:\/\/agenciacarcara.com.br\/marketingagronegocio\/wp-content\/uploads\/2024\/05\/logo-3-retina-1.png","contentUrl":"https:\/\/agenciacarcara.com.br\/marketingagronegocio\/wp-content\/uploads\/2024\/05\/logo-3-retina-1.png","width":346,"height":106,"caption":"Ag\u00eancia Carcar\u00e1 Marketing Agroneg\u00f3cio"},"image":{"@id":"https:\/\/agenciacarcara.com.br\/marketingagronegocio\/#\/schema\/logo\/image\/"},"sameAs":["https:\/\/www.facebook.com\/agenciacarcarabr","https:\/\/x.com\/agenciacarcara","https:\/\/www.youtube.com\/channel\/UCTre6VaKYncncM52UEA3eEw?sub_confirmation=1","https:\/\/www.linkedin.com\/company-beta\/3599884","https:\/\/instagram.com\/agenciacarcara"]}]}},"_links":{"self":[{"href":"https:\/\/agenciacarcara.com.br\/marketingagronegocio\/wp-json\/wp\/v2\/cpt_portfolio\/24038","targetHints":{"allow":["GET"]}}],"collection":[{"href":"https:\/\/agenciacarcara.com.br\/marketingagronegocio\/wp-json\/wp\/v2\/cpt_portfolio"}],"about":[{"href":"https:\/\/agenciacarcara.com.br\/marketingagronegocio\/wp-json\/wp\/v2\/types\/cpt_portfolio"}],"author":[{"embeddable":true,"href":"https:\/\/agenciacarcara.com.br\/marketingagronegocio\/wp-json\/wp\/v2\/users\/1"}],"wp:featuredmedia":[{"embeddable":true,"href":"https:\/\/agenciacarcara.com.br\/marketingagronegocio\/wp-json\/wp\/v2\/media\/24039"}],"wp:attachment":[{"href":"https:\/\/agenciacarcara.com.br\/marketingagronegocio\/wp-json\/wp\/v2\/media?parent=24038"}],"wp:term":[{"taxonomy":"cpt_portfolio_group","embeddable":true,"href":"https:\/\/agenciacarcara.com.br\/marketingagronegocio\/wp-json\/wp\/v2\/cpt_portfolio_group?post=24038"}],"curies":[{"name":"wp","href":"https:\/\/api.w.org\/{rel}","templated":true}]}}