{"id":24040,"date":"2025-07-08T12:32:18","date_gmt":"2025-07-08T15:32:18","guid":{"rendered":"https:\/\/agenciacarcara.com.br\/marketingagronegocio\/?post_type=cpt_portfolio&#038;p=24040"},"modified":"2025-07-08T12:32:19","modified_gmt":"2025-07-08T15:32:19","slug":"gestao-de-rede-social-otca","status":"publish","type":"cpt_portfolio","link":"https:\/\/agenciacarcara.com.br\/marketingagronegocio\/portfolio\/gestao-de-rede-social-otca\/","title":{"rendered":"Gest\u00e3o de rede social OTCA"},"content":{"rendered":"\n<p>A Organiza\u00e7\u00e3o do Tratado de Coopera\u00e7\u00e3o Amaz\u00f4nica (OTCA)&nbsp;<mark>\u00e9 uma organiza\u00e7\u00e3o intergovernamental que visa promover o desenvolvimento sustent\u00e1vel da Amaz\u00f4nia<\/mark>.&nbsp;\u00c9 formada por oito pa\u00edses amaz\u00f4nicos: Bol\u00edvia, Brasil, Col\u00f4mbia, Equador, Guiana, Peru, Suriname e Venezuela.&nbsp;<\/p>\n\n\n\n<p>A OTCA tem como objetivos:&nbsp;<\/p>\n\n\n\n<ul class=\"wp-block-list\">\n<li>Fortalecer os direitos dos povos ind\u00edgenas, comunidades locais e tribais<\/li>\n\n\n\n<li>Empoderar as mulheres na regi\u00e3o amaz\u00f4nica<\/li>\n\n\n\n<li>Promover a gest\u00e3o do conhecimento<\/li>\n\n\n\n<li>Desenvolver um plano de conting\u00eancia de doen\u00e7as tropicais e da covid-19 para a prote\u00e7\u00e3o de povos ind\u00edgenas<\/li>\n\n\n\n<li>Monitorar o volume de \u00e1gua dos rios, fluxo e pluviometria<\/li>\n<\/ul>\n\n\n\n<p>A OTCA \u00e9 o \u00fanico bloco socioambiental da Am\u00e9rica Latina.&nbsp;<\/p>\n\n\n\n<p>A OTCA tem uma rede de monitoramento h\u00eddrico com esta\u00e7\u00f5es espalhadas nos cinco pa\u00edses que comp\u00f5em a bacia amaz\u00f4nica.&nbsp;A cada 15 minutos, uma atualiza\u00e7\u00e3o aponta o volume de \u00e1gua dos rios.&nbsp;<\/p>\n\n\n\n<p>O Minist\u00e9rio da Integra\u00e7\u00e3o e Desenvolvimento Regional (MIDR) estabeleceu uma aproxima\u00e7\u00e3o para uma futura parceria de coopera\u00e7\u00e3o t\u00e9cnica com a OTCA<\/p>\n\n\n\n<figure class=\"wp-block-image\"><img decoding=\"async\" src=\"https:\/\/agenciacarcara.com.br\/wp-content\/uploads\/2025\/03\/gestao-rede-social-OTCA.png\" alt=\"\" class=\"wp-image-23598\"\/><\/figure>\n\n\n\n<figure class=\"wp-block-image\"><img decoding=\"async\" src=\"https:\/\/agenciacarcara.com.br\/wp-content\/uploads\/2025\/03\/POST_17-1024x1024.png\" alt=\"\" class=\"wp-image-24542\"\/><\/figure>\n\n\n\n<figure class=\"wp-block-image\"><img decoding=\"async\" src=\"https:\/\/agenciacarcara.com.br\/wp-content\/uploads\/2025\/03\/POST_27-1024x1024.png\" alt=\"\" class=\"wp-image-24543\"\/><\/figure>\n\n\n\n<figure class=\"wp-block-image\"><img decoding=\"async\" src=\"https:\/\/agenciacarcara.com.br\/wp-content\/uploads\/2025\/03\/POST_20-1024x1024.png\" alt=\"\" class=\"wp-image-24545\"\/><\/figure>\n\n\n\n<figure class=\"wp-block-image\"><img decoding=\"async\" src=\"https:\/\/agenciacarcara.com.br\/wp-content\/uploads\/2025\/03\/POST_15-1024x1024.png\" alt=\"\" class=\"wp-image-24546\"\/><\/figure>\n\n\n\n<figure class=\"wp-block-image\"><img decoding=\"async\" src=\"https:\/\/agenciacarcara.com.br\/wp-content\/uploads\/2025\/03\/POST_14_C-1024x1024.png\" alt=\"\" class=\"wp-image-24547\"\/><\/figure>\n\n\n\n<figure class=\"wp-block-image\"><img decoding=\"async\" src=\"https:\/\/agenciacarcara.com.br\/wp-content\/uploads\/2025\/03\/POST_14_A-1024x1024.png\" alt=\"\" class=\"wp-image-24548\"\/><\/figure>\n\n\n\n<figure class=\"wp-block-image\"><img decoding=\"async\" src=\"https:\/\/agenciacarcara.com.br\/wp-content\/uploads\/2025\/03\/POST_2-1024x1024.png\" alt=\"\" class=\"wp-image-24551\"\/><\/figure>\n\n\n\n<figure class=\"wp-block-image\"><img decoding=\"async\" src=\"https:\/\/agenciacarcara.com.br\/wp-content\/uploads\/2025\/03\/POST_1-1024x1024.png\" alt=\"\" class=\"wp-image-24552\"\/><\/figure>\n\n\n\n<figure class=\"wp-block-image\"><img decoding=\"async\" src=\"https:\/\/agenciacarcara.com.br\/wp-content\/uploads\/2025\/03\/Screenshot_176-1024x441.png\" alt=\"\" class=\"wp-image-24550\"\/><\/figure>\n\n\n\n<figure class=\"wp-block-image\"><img decoding=\"async\" src=\"https:\/\/agenciacarcara.com.br\/wp-content\/uploads\/2025\/03\/Screenshot_175-1024x350.png\" alt=\"\" class=\"wp-image-24553\"\/><\/figure>\n","protected":false},"excerpt":{"rendered":"<p>A Organiza\u00e7\u00e3o do Tratado de Coopera\u00e7\u00e3o Amaz\u00f4nica (OTCA)&nbsp;\u00e9 uma organiza\u00e7\u00e3o intergovernamental que visa promover o desenvolvimento sustent\u00e1vel da Amaz\u00f4nia.&nbsp;\u00c9 formada por oito pa\u00edses amaz\u00f4nicos: Bol\u00edvia, Brasil, Col\u00f4mbia, Equador, Guiana, Peru,&hellip;<\/p>\n","protected":false},"author":1,"featured_media":24041,"template":"","cpt_portfolio_group":[236,233],"class_list":["post-24040","cpt_portfolio","type-cpt_portfolio","status-publish","has-post-thumbnail","hentry","cpt_portfolio_group-campanha-publicitaria","cpt_portfolio_group-gestao-redes-sociais"],"yoast_head":"<!-- This site is optimized with the Yoast SEO plugin v27.4 - https:\/\/yoast.com\/product\/yoast-seo-wordpress\/ -->\n<title>Gest\u00e3o de rede social OTCA - Ag\u00eancia Carcar\u00e1 Marketing Agroneg\u00f3cio<\/title>\n<meta name=\"robots\" content=\"index, follow, max-snippet:-1, max-image-preview:large, max-video-preview:-1\" \/>\n<link rel=\"canonical\" href=\"https:\/\/agenciacarcara.com.br\/marketingagronegocio\/portfolio\/gestao-de-rede-social-otca\/\" \/>\n<meta property=\"og:locale\" content=\"en_US\" \/>\n<meta property=\"og:type\" content=\"article\" \/>\n<meta property=\"og:title\" content=\"Gest\u00e3o de rede social OTCA - Ag\u00eancia Carcar\u00e1 Marketing Agroneg\u00f3cio\" \/>\n<meta property=\"og:description\" content=\"A Organiza\u00e7\u00e3o do Tratado de Coopera\u00e7\u00e3o Amaz\u00f4nica (OTCA)&nbsp;\u00e9 uma organiza\u00e7\u00e3o intergovernamental que visa promover o desenvolvimento sustent\u00e1vel da Amaz\u00f4nia.&nbsp;\u00c9 formada por oito pa\u00edses amaz\u00f4nicos: Bol\u00edvia, Brasil, Col\u00f4mbia, Equador, Guiana, Peru,&hellip;\" \/>\n<meta property=\"og:url\" content=\"https:\/\/agenciacarcara.com.br\/marketingagronegocio\/portfolio\/gestao-de-rede-social-otca\/\" \/>\n<meta property=\"og:site_name\" content=\"Ag\u00eancia Carcar\u00e1 Marketing Agroneg\u00f3cio\" \/>\n<meta property=\"article:publisher\" content=\"https:\/\/www.facebook.com\/agenciacarcarabr\" \/>\n<meta property=\"article:modified_time\" content=\"2025-07-08T15:32:19+00:00\" \/>\n<meta property=\"og:image\" content=\"http:\/\/agenciacarcara.com.br\/marketingagronegocio\/wp-content\/uploads\/2025\/07\/CARD_TWITTER.png\" \/>\n\t<meta property=\"og:image:width\" content=\"1024\" \/>\n\t<meta property=\"og:image:height\" content=\"512\" \/>\n\t<meta property=\"og:image:type\" content=\"image\/png\" \/>\n<meta name=\"twitter:card\" content=\"summary_large_image\" \/>\n<meta name=\"twitter:site\" content=\"@agenciacarcara\" \/>\n<meta name=\"twitter:label1\" content=\"Est. reading time\" \/>\n\t<meta name=\"twitter:data1\" content=\"4 minutes\" \/>\n<script type=\"application\/ld+json\" class=\"yoast-schema-graph\">{\"@context\":\"https:\\\/\\\/schema.org\",\"@graph\":[{\"@type\":\"WebPage\",\"@id\":\"https:\\\/\\\/agenciacarcara.com.br\\\/marketingagronegocio\\\/portfolio\\\/gestao-de-rede-social-otca\\\/\",\"url\":\"https:\\\/\\\/agenciacarcara.com.br\\\/marketingagronegocio\\\/portfolio\\\/gestao-de-rede-social-otca\\\/\",\"name\":\"Gest\u00e3o de rede social OTCA - Ag\u00eancia Carcar\u00e1 Marketing Agroneg\u00f3cio\",\"isPartOf\":{\"@id\":\"https:\\\/\\\/agenciacarcara.com.br\\\/marketingagronegocio\\\/#website\"},\"primaryImageOfPage\":{\"@id\":\"https:\\\/\\\/agenciacarcara.com.br\\\/marketingagronegocio\\\/portfolio\\\/gestao-de-rede-social-otca\\\/#primaryimage\"},\"image\":{\"@id\":\"https:\\\/\\\/agenciacarcara.com.br\\\/marketingagronegocio\\\/portfolio\\\/gestao-de-rede-social-otca\\\/#primaryimage\"},\"thumbnailUrl\":\"https:\\\/\\\/agenciacarcara.com.br\\\/marketingagronegocio\\\/wp-content\\\/uploads\\\/2025\\\/07\\\/CARD_TWITTER.png\",\"datePublished\":\"2025-07-08T15:32:18+00:00\",\"dateModified\":\"2025-07-08T15:32:19+00:00\",\"breadcrumb\":{\"@id\":\"https:\\\/\\\/agenciacarcara.com.br\\\/marketingagronegocio\\\/portfolio\\\/gestao-de-rede-social-otca\\\/#breadcrumb\"},\"inLanguage\":\"en-US\",\"potentialAction\":[{\"@type\":\"ReadAction\",\"target\":[\"https:\\\/\\\/agenciacarcara.com.br\\\/marketingagronegocio\\\/portfolio\\\/gestao-de-rede-social-otca\\\/\"]}]},{\"@type\":\"ImageObject\",\"inLanguage\":\"en-US\",\"@id\":\"https:\\\/\\\/agenciacarcara.com.br\\\/marketingagronegocio\\\/portfolio\\\/gestao-de-rede-social-otca\\\/#primaryimage\",\"url\":\"https:\\\/\\\/agenciacarcara.com.br\\\/marketingagronegocio\\\/wp-content\\\/uploads\\\/2025\\\/07\\\/CARD_TWITTER.png\",\"contentUrl\":\"https:\\\/\\\/agenciacarcara.com.br\\\/marketingagronegocio\\\/wp-content\\\/uploads\\\/2025\\\/07\\\/CARD_TWITTER.png\",\"width\":1024,\"height\":512},{\"@type\":\"BreadcrumbList\",\"@id\":\"https:\\\/\\\/agenciacarcara.com.br\\\/marketingagronegocio\\\/portfolio\\\/gestao-de-rede-social-otca\\\/#breadcrumb\",\"itemListElement\":[{\"@type\":\"ListItem\",\"position\":1,\"name\":\"In\u00edcio\",\"item\":\"https:\\\/\\\/agenciacarcara.com.br\\\/marketingagronegocio\\\/\"},{\"@type\":\"ListItem\",\"position\":2,\"name\":\"Portfolio\",\"item\":\"https:\\\/\\\/agenciacarcara.com.br\\\/marketingagronegocio\\\/portfolio\\\/\"},{\"@type\":\"ListItem\",\"position\":3,\"name\":\"Gest\u00e3o de rede social OTCA\"}]},{\"@type\":\"WebSite\",\"@id\":\"https:\\\/\\\/agenciacarcara.com.br\\\/marketingagronegocio\\\/#website\",\"url\":\"https:\\\/\\\/agenciacarcara.com.br\\\/marketingagronegocio\\\/\",\"name\":\"Ag\u00eancia Carcar\u00e1 Marketing Agroneg\u00f3cio\",\"description\":\"\u00c9 a parceira estrat\u00e9gica no agromarketing e no digital que impulsiona o seu neg\u00f3cio no agroneg\u00f3cio e agroind\u00fastria.\",\"publisher\":{\"@id\":\"https:\\\/\\\/agenciacarcara.com.br\\\/marketingagronegocio\\\/#organization\"},\"potentialAction\":[{\"@type\":\"SearchAction\",\"target\":{\"@type\":\"EntryPoint\",\"urlTemplate\":\"https:\\\/\\\/agenciacarcara.com.br\\\/marketingagronegocio\\\/?s={search_term_string}\"},\"query-input\":{\"@type\":\"PropertyValueSpecification\",\"valueRequired\":true,\"valueName\":\"search_term_string\"}}],\"inLanguage\":\"en-US\"},{\"@type\":\"Organization\",\"@id\":\"https:\\\/\\\/agenciacarcara.com.br\\\/marketingagronegocio\\\/#organization\",\"name\":\"Ag\u00eancia Carcar\u00e1 Marketing Agroneg\u00f3cio\",\"url\":\"https:\\\/\\\/agenciacarcara.com.br\\\/marketingagronegocio\\\/\",\"logo\":{\"@type\":\"ImageObject\",\"inLanguage\":\"en-US\",\"@id\":\"https:\\\/\\\/agenciacarcara.com.br\\\/marketingagronegocio\\\/#\\\/schema\\\/logo\\\/image\\\/\",\"url\":\"https:\\\/\\\/agenciacarcara.com.br\\\/marketingagronegocio\\\/wp-content\\\/uploads\\\/2024\\\/05\\\/logo-3-retina-1.png\",\"contentUrl\":\"https:\\\/\\\/agenciacarcara.com.br\\\/marketingagronegocio\\\/wp-content\\\/uploads\\\/2024\\\/05\\\/logo-3-retina-1.png\",\"width\":346,\"height\":106,\"caption\":\"Ag\u00eancia Carcar\u00e1 Marketing Agroneg\u00f3cio\"},\"image\":{\"@id\":\"https:\\\/\\\/agenciacarcara.com.br\\\/marketingagronegocio\\\/#\\\/schema\\\/logo\\\/image\\\/\"},\"sameAs\":[\"https:\\\/\\\/www.facebook.com\\\/agenciacarcarabr\",\"https:\\\/\\\/x.com\\\/agenciacarcara\",\"https:\\\/\\\/www.youtube.com\\\/channel\\\/UCTre6VaKYncncM52UEA3eEw?sub_confirmation=1\",\"https:\\\/\\\/www.linkedin.com\\\/company-beta\\\/3599884\",\"https:\\\/\\\/instagram.com\\\/agenciacarcara\"]}]}<\/script>\n<!-- \/ Yoast SEO plugin. -->","yoast_head_json":{"title":"Gest\u00e3o de rede social OTCA - Ag\u00eancia Carcar\u00e1 Marketing Agroneg\u00f3cio","robots":{"index":"index","follow":"follow","max-snippet":"max-snippet:-1","max-image-preview":"max-image-preview:large","max-video-preview":"max-video-preview:-1"},"canonical":"https:\/\/agenciacarcara.com.br\/marketingagronegocio\/portfolio\/gestao-de-rede-social-otca\/","og_locale":"en_US","og_type":"article","og_title":"Gest\u00e3o de rede social OTCA - Ag\u00eancia Carcar\u00e1 Marketing Agroneg\u00f3cio","og_description":"A Organiza\u00e7\u00e3o do Tratado de Coopera\u00e7\u00e3o Amaz\u00f4nica (OTCA)&nbsp;\u00e9 uma organiza\u00e7\u00e3o intergovernamental que visa promover o desenvolvimento sustent\u00e1vel da Amaz\u00f4nia.&nbsp;\u00c9 formada por oito pa\u00edses amaz\u00f4nicos: Bol\u00edvia, Brasil, Col\u00f4mbia, Equador, Guiana, Peru,&hellip;","og_url":"https:\/\/agenciacarcara.com.br\/marketingagronegocio\/portfolio\/gestao-de-rede-social-otca\/","og_site_name":"Ag\u00eancia Carcar\u00e1 Marketing Agroneg\u00f3cio","article_publisher":"https:\/\/www.facebook.com\/agenciacarcarabr","article_modified_time":"2025-07-08T15:32:19+00:00","og_image":[{"width":1024,"height":512,"url":"http:\/\/agenciacarcara.com.br\/marketingagronegocio\/wp-content\/uploads\/2025\/07\/CARD_TWITTER.png","type":"image\/png"}],"twitter_card":"summary_large_image","twitter_site":"@agenciacarcara","twitter_misc":{"Est. reading time":"4 minutes"},"schema":{"@context":"https:\/\/schema.org","@graph":[{"@type":"WebPage","@id":"https:\/\/agenciacarcara.com.br\/marketingagronegocio\/portfolio\/gestao-de-rede-social-otca\/","url":"https:\/\/agenciacarcara.com.br\/marketingagronegocio\/portfolio\/gestao-de-rede-social-otca\/","name":"Gest\u00e3o de rede social OTCA - Ag\u00eancia Carcar\u00e1 Marketing Agroneg\u00f3cio","isPartOf":{"@id":"https:\/\/agenciacarcara.com.br\/marketingagronegocio\/#website"},"primaryImageOfPage":{"@id":"https:\/\/agenciacarcara.com.br\/marketingagronegocio\/portfolio\/gestao-de-rede-social-otca\/#primaryimage"},"image":{"@id":"https:\/\/agenciacarcara.com.br\/marketingagronegocio\/portfolio\/gestao-de-rede-social-otca\/#primaryimage"},"thumbnailUrl":"https:\/\/agenciacarcara.com.br\/marketingagronegocio\/wp-content\/uploads\/2025\/07\/CARD_TWITTER.png","datePublished":"2025-07-08T15:32:18+00:00","dateModified":"2025-07-08T15:32:19+00:00","breadcrumb":{"@id":"https:\/\/agenciacarcara.com.br\/marketingagronegocio\/portfolio\/gestao-de-rede-social-otca\/#breadcrumb"},"inLanguage":"en-US","potentialAction":[{"@type":"ReadAction","target":["https:\/\/agenciacarcara.com.br\/marketingagronegocio\/portfolio\/gestao-de-rede-social-otca\/"]}]},{"@type":"ImageObject","inLanguage":"en-US","@id":"https:\/\/agenciacarcara.com.br\/marketingagronegocio\/portfolio\/gestao-de-rede-social-otca\/#primaryimage","url":"https:\/\/agenciacarcara.com.br\/marketingagronegocio\/wp-content\/uploads\/2025\/07\/CARD_TWITTER.png","contentUrl":"https:\/\/agenciacarcara.com.br\/marketingagronegocio\/wp-content\/uploads\/2025\/07\/CARD_TWITTER.png","width":1024,"height":512},{"@type":"BreadcrumbList","@id":"https:\/\/agenciacarcara.com.br\/marketingagronegocio\/portfolio\/gestao-de-rede-social-otca\/#breadcrumb","itemListElement":[{"@type":"ListItem","position":1,"name":"In\u00edcio","item":"https:\/\/agenciacarcara.com.br\/marketingagronegocio\/"},{"@type":"ListItem","position":2,"name":"Portfolio","item":"https:\/\/agenciacarcara.com.br\/marketingagronegocio\/portfolio\/"},{"@type":"ListItem","position":3,"name":"Gest\u00e3o de rede social OTCA"}]},{"@type":"WebSite","@id":"https:\/\/agenciacarcara.com.br\/marketingagronegocio\/#website","url":"https:\/\/agenciacarcara.com.br\/marketingagronegocio\/","name":"Ag\u00eancia Carcar\u00e1 Marketing Agroneg\u00f3cio","description":"\u00c9 a parceira estrat\u00e9gica no agromarketing e no digital que impulsiona o seu neg\u00f3cio no agroneg\u00f3cio e agroind\u00fastria.","publisher":{"@id":"https:\/\/agenciacarcara.com.br\/marketingagronegocio\/#organization"},"potentialAction":[{"@type":"SearchAction","target":{"@type":"EntryPoint","urlTemplate":"https:\/\/agenciacarcara.com.br\/marketingagronegocio\/?s={search_term_string}"},"query-input":{"@type":"PropertyValueSpecification","valueRequired":true,"valueName":"search_term_string"}}],"inLanguage":"en-US"},{"@type":"Organization","@id":"https:\/\/agenciacarcara.com.br\/marketingagronegocio\/#organization","name":"Ag\u00eancia Carcar\u00e1 Marketing Agroneg\u00f3cio","url":"https:\/\/agenciacarcara.com.br\/marketingagronegocio\/","logo":{"@type":"ImageObject","inLanguage":"en-US","@id":"https:\/\/agenciacarcara.com.br\/marketingagronegocio\/#\/schema\/logo\/image\/","url":"https:\/\/agenciacarcara.com.br\/marketingagronegocio\/wp-content\/uploads\/2024\/05\/logo-3-retina-1.png","contentUrl":"https:\/\/agenciacarcara.com.br\/marketingagronegocio\/wp-content\/uploads\/2024\/05\/logo-3-retina-1.png","width":346,"height":106,"caption":"Ag\u00eancia Carcar\u00e1 Marketing Agroneg\u00f3cio"},"image":{"@id":"https:\/\/agenciacarcara.com.br\/marketingagronegocio\/#\/schema\/logo\/image\/"},"sameAs":["https:\/\/www.facebook.com\/agenciacarcarabr","https:\/\/x.com\/agenciacarcara","https:\/\/www.youtube.com\/channel\/UCTre6VaKYncncM52UEA3eEw?sub_confirmation=1","https:\/\/www.linkedin.com\/company-beta\/3599884","https:\/\/instagram.com\/agenciacarcara"]}]}},"_links":{"self":[{"href":"https:\/\/agenciacarcara.com.br\/marketingagronegocio\/wp-json\/wp\/v2\/cpt_portfolio\/24040","targetHints":{"allow":["GET"]}}],"collection":[{"href":"https:\/\/agenciacarcara.com.br\/marketingagronegocio\/wp-json\/wp\/v2\/cpt_portfolio"}],"about":[{"href":"https:\/\/agenciacarcara.com.br\/marketingagronegocio\/wp-json\/wp\/v2\/types\/cpt_portfolio"}],"author":[{"embeddable":true,"href":"https:\/\/agenciacarcara.com.br\/marketingagronegocio\/wp-json\/wp\/v2\/users\/1"}],"wp:featuredmedia":[{"embeddable":true,"href":"https:\/\/agenciacarcara.com.br\/marketingagronegocio\/wp-json\/wp\/v2\/media\/24041"}],"wp:attachment":[{"href":"https:\/\/agenciacarcara.com.br\/marketingagronegocio\/wp-json\/wp\/v2\/media?parent=24040"}],"wp:term":[{"taxonomy":"cpt_portfolio_group","embeddable":true,"href":"https:\/\/agenciacarcara.com.br\/marketingagronegocio\/wp-json\/wp\/v2\/cpt_portfolio_group?post=24040"}],"curies":[{"name":"wp","href":"https:\/\/api.w.org\/{rel}","templated":true}]}}